{"id":4346,"date":"2024-11-26T11:07:54","date_gmt":"2024-11-26T11:07:54","guid":{"rendered":"https:\/\/societyofthemostholyredeemer.org\/?page_id=4346"},"modified":"2026-01-01T04:31:39","modified_gmt":"2026-01-01T04:31:39","slug":"daily-meditations","status":"publish","type":"page","link":"https:\/\/societyofthemostholyredeemer.org\/es\/daily-meditations\/","title":{"rendered":"MEDITACIONES Y LECTURAS PARA CADA D\u00cdA DEL A\u00d1O"},"content":{"rendered":"<div data-elementor-type=\"wp-page\" data-elementor-id=\"4346\" class=\"elementor elementor-4346\" data-elementor-post-type=\"page\">\n\t\t\t\t<div class=\"elementor-element elementor-element-c023d08 e-grid e-con-boxed e-con e-parent\" data-id=\"c023d08\" data-element_type=\"container\" data-e-type=\"container\">\n\t\t\t\t\t<div class=\"e-con-inner\">\n\t\t\t\t<div class=\"elementor-element elementor-element-f852df7 elementor-widget elementor-widget-image\" data-id=\"f852df7\" data-element_type=\"widget\" data-e-type=\"widget\" data-widget_type=\"image.default\">\n\t\t\t\t<div class=\"elementor-widget-container\">\n\t\t\t\t\t\t\t\t\t\t\t\t\t\t\t<img fetchpriority=\"high\" decoding=\"async\" width=\"182\" height=\"300\" src=\"https:\/\/societyofthemostholyredeemer.org\/wp-content\/uploads\/2024\/12\/Book-cover-182x300.jpg\" class=\"attachment-medium size-medium wp-image-4873\" alt=\"\" srcset=\"https:\/\/societyofthemostholyredeemer.org\/wp-content\/uploads\/2024\/12\/Book-cover-182x300.jpg 182w, https:\/\/societyofthemostholyredeemer.org\/wp-content\/uploads\/2024\/12\/Book-cover-621x1024.jpg 621w, https:\/\/societyofthemostholyredeemer.org\/wp-content\/uploads\/2024\/12\/Book-cover-768x1266.jpg 768w, https:\/\/societyofthemostholyredeemer.org\/wp-content\/uploads\/2024\/12\/Book-cover-7x12.jpg 7w, https:\/\/societyofthemostholyredeemer.org\/wp-content\/uploads\/2024\/12\/Book-cover.jpg 866w\" sizes=\"(max-width: 182px) 100vw, 182px\" \/>\t\t\t\t\t\t\t\t\t\t\t\t\t\t\t<\/div>\n\t\t\t\t<\/div>\n\t\t\t\t<div class=\"elementor-element elementor-element-018a1bb elementor-widget__width-inherit elementor-widget elementor-widget-text-editor\" data-id=\"018a1bb\" data-element_type=\"widget\" data-e-type=\"widget\" data-widget_type=\"text-editor.default\">\n\t\t\t\t<div class=\"elementor-widget-container\">\n\t\t\t\t\t\t\t\t\t<p style=\"text-align: left;\">&nbsp; &nbsp; &nbsp;Nos complace ofrecerles estos&nbsp;&nbsp;<em>Meditaciones y lecturas para cada d\u00eda del a\u00f1o: Selecciones de los Escritos Espirituales de San Alfonso. <\/em>Los contenidos fueron seleccionados y organizados por el Rev. P. John Baptist Coyle, C.Ss.R.<\/p>\n<p style=\"text-align: left;\">Estos vol\u00famenes fueron publicados por Talbot Press\/Phoenix Publishing Company, Ltd., Dubl\u00edn, Irlanda, 1923 - 1930.<\/p>\n<p>[N.B. La presentaci\u00f3n de este material es un proyecto en curso; se a\u00f1adir\u00e1n nuevas meditaciones diariamente hasta que est\u00e9 completo].<\/p>\t\t\t\t\t\t\t\t<\/div>\n\t\t\t\t<\/div>\n\t\t\t\t\t<\/div>\n\t\t\t\t<\/div>\n\t\t<div class=\"elementor-element elementor-element-befd6fc e-flex e-con-boxed e-con e-parent\" data-id=\"befd6fc\" data-element_type=\"container\" data-e-type=\"container\">\n\t\t\t\t\t<div class=\"e-con-inner\">\n\t\t\t\t<div class=\"elementor-element elementor-element-d2cc6b7 elementor-widget-divider--view-line elementor-widget elementor-widget-divider\" data-id=\"d2cc6b7\" data-element_type=\"widget\" data-e-type=\"widget\" data-widget_type=\"divider.default\">\n\t\t\t\t<div class=\"elementor-widget-container\">\n\t\t\t\t\t\t\t<div class=\"elementor-divider\">\n\t\t\t<span class=\"elementor-divider-separator\">\n\t\t\t\t\t\t<\/span>\n\t\t<\/div>\n\t\t\t\t\t\t<\/div>\n\t\t\t\t<\/div>\n\t\t\t\t\t<\/div>\n\t\t\t\t<\/div>\n\t\t<div class=\"elementor-element elementor-element-06eb0eb e-flex e-con-boxed e-con e-parent\" data-id=\"06eb0eb\" data-element_type=\"container\" data-e-type=\"container\">\n\t\t\t\t\t<div class=\"e-con-inner\">\n\t\t\t\t<div class=\"elementor-element elementor-element-5acd7aa elementor-widget elementor-widget-accordion\" data-id=\"5acd7aa\" data-element_type=\"widget\" data-e-type=\"widget\" data-widget_type=\"accordion.default\">\n\t\t\t\t<div class=\"elementor-widget-container\">\n\t\t\t\t\t\t\t<div class=\"elementor-accordion\">\n\t\t\t\t\t\t\t<div class=\"elementor-accordion-item\">\n\t\t\t\t\t<div id=\"elementor-tab-title-9521\" class=\"elementor-tab-title\" data-tab=\"1\" role=\"button\" aria-controls=\"elementor-tab-content-9521\" aria-expanded=\"false\">\n\t\t\t\t\t\t\t\t\t\t\t\t\t<span class=\"elementor-accordion-icon elementor-accordion-icon-left\" aria-hidden=\"true\">\n\t\t\t\t\t\t\t\t\t\t\t\t\t\t\t<span class=\"elementor-accordion-icon-closed\"><i class=\"fas fa-plus\"><\/i><\/span>\n\t\t\t\t\t\t\t\t<span class=\"elementor-accordion-icon-opened\"><i class=\"fas fa-minus\"><\/i><\/span>\n\t\t\t\t\t\t\t\t\t\t\t\t\t\t<\/span>\n\t\t\t\t\t\t\t\t\t\t\t\t<a class=\"elementor-accordion-title\" tabindex=\"0\">\u00cdNDICE<\/a>\n\t\t\t\t\t<\/div>\n\t\t\t\t\t<div id=\"elementor-tab-content-9521\" class=\"elementor-tab-content elementor-clearfix\" data-tab=\"1\" role=\"region\" aria-labelledby=\"elementor-tab-title-9521\"><\/div>\n\t\t\t\t<\/div>\n\t\t\t\t\t\t\t<div class=\"elementor-accordion-item\">\n\t\t\t\t\t<div id=\"elementor-tab-title-9522\" class=\"elementor-tab-title\" data-tab=\"2\" role=\"button\" aria-controls=\"elementor-tab-content-9522\" aria-expanded=\"false\">\n\t\t\t\t\t\t\t\t\t\t\t\t\t<span class=\"elementor-accordion-icon elementor-accordion-icon-left\" aria-hidden=\"true\">\n\t\t\t\t\t\t\t\t\t\t\t\t\t\t\t<span class=\"elementor-accordion-icon-closed\"><i class=\"fas fa-plus\"><\/i><\/span>\n\t\t\t\t\t\t\t\t<span class=\"elementor-accordion-icon-opened\"><i class=\"fas fa-minus\"><\/i><\/span>\n\t\t\t\t\t\t\t\t\t\t\t\t\t\t<\/span>\n\t\t\t\t\t\t\t\t\t\t\t\t<a class=\"elementor-accordion-title\" tabindex=\"0\">VOLUMEN UNO, PARTE I: DEL ADVENIMIENTO A LA EPIFAN\u00cdA<\/a>\n\t\t\t\t\t<\/div>\n\t\t\t\t\t<div id=\"elementor-tab-content-9522\" class=\"elementor-tab-content elementor-clearfix\" data-tab=\"2\" role=\"region\" aria-labelledby=\"elementor-tab-title-9522\"><p>- <a href=\"https:\/\/societyofthemostholyredeemer.org\/es\/daily-meditations-first-week-of-advent\/\">Primera semana de Adviento<\/a>incluido el primer viernes de diciembre<\/p><p>- <a href=\"https:\/\/societyofthemostholyredeemer.org\/es\/daily-meditations-second-week-of-advent\/\">Segunda semana de Adviento<\/a>incluyendo la Fiesta de la Inmaculada Concepci\u00f3n<\/p><p>- <a href=\"https:\/\/societyofthemostholyredeemer.org\/es\/daily-meditations-third-week-of-advent\/\">Tercera semana de Adviento<\/a><\/p><p>- <a href=\"https:\/\/societyofthemostholyredeemer.org\/es\/daily-meditations-fourth-week-of-advent\/\">Cuarta semana de Adviento<\/a>\u00a0<\/p><p>- <a href=\"https:\/\/societyofthemostholyredeemer.org\/es\/daily-meditations-christmas-week\/\">Semana de Navidad<\/a>incluida Nochebuena\u00a0<\/p><p>- <a href=\"https:\/\/societyofthemostholyredeemer.org\/es\/daily-meditations-first-week-in-january\/\">Primera semana de enero<\/a>, including the Feast of the Epiphany<\/p><p>- <a href=\"https:\/\/societyofthemostholyredeemer.org\/es\/daily-meditations-octave-of-the-epiphany\/\">Octava de la Epifan\u00eda<\/a>incluida la Fiesta de la Sagrada Familia de Nazaret<\/p><\/div>\n\t\t\t\t<\/div>\n\t\t\t\t\t\t\t<div class=\"elementor-accordion-item\">\n\t\t\t\t\t<div id=\"elementor-tab-title-9523\" class=\"elementor-tab-title\" data-tab=\"3\" role=\"button\" aria-controls=\"elementor-tab-content-9523\" aria-expanded=\"false\">\n\t\t\t\t\t\t\t\t\t\t\t\t\t<span class=\"elementor-accordion-icon elementor-accordion-icon-left\" aria-hidden=\"true\">\n\t\t\t\t\t\t\t\t\t\t\t\t\t\t\t<span class=\"elementor-accordion-icon-closed\"><i class=\"fas fa-plus\"><\/i><\/span>\n\t\t\t\t\t\t\t\t<span class=\"elementor-accordion-icon-opened\"><i class=\"fas fa-minus\"><\/i><\/span>\n\t\t\t\t\t\t\t\t\t\t\t\t\t\t<\/span>\n\t\t\t\t\t\t\t\t\t\t\t\t<a class=\"elementor-accordion-title\" tabindex=\"0\">VOLUMEN UNO, PARTE II: DE EPIFAN\u00cdA A SEPTUAG\u00c9SIMA<\/a>\n\t\t\t\t\t<\/div>\n\t\t\t\t\t<div id=\"elementor-tab-content-9523\" class=\"elementor-tab-content elementor-clearfix\" data-tab=\"3\" role=\"region\" aria-labelledby=\"elementor-tab-title-9523\"><p>- <a href=\"https:\/\/societyofthemostholyredeemer.org\/es\/first-week-after-epiphany\/\">Primera semana despu\u00e9s de Epifan\u00eda<\/a><\/p><p>- <a href=\"https:\/\/societyofthemostholyredeemer.org\/es\/daily-meditations-second-week-after-epiphany\/\">Segunda semana despu\u00e9s de Epifan\u00eda<\/a><\/p><p>- <a href=\"https:\/\/societyofthemostholyredeemer.org\/es\/daily-meditations-third-week-after-epiphany\/\">Tercera semana despu\u00e9s de Epifan\u00eda<\/a><\/p><p>- <a href=\"https:\/\/societyofthemostholyredeemer.org\/es\/daily-meditations-fourth-week-after-epiphany\/\">Cuarta semana despu\u00e9s de Epifan\u00eda<\/a><\/p><p>- <a href=\"https:\/\/societyofthemostholyredeemer.org\/es\/daily-meditations-fifth-week-after-epiphany\/\">Quinta semana despu\u00e9s de Epifan\u00eda<\/a><\/p><p>- <a href=\"https:\/\/societyofthemostholyredeemer.org\/es\/daily-meditations-sixth-week-after-epiphany\/\">Sexta semana despu\u00e9s de Epifan\u00eda<\/a><\/p><p>- <a href=\"https:\/\/societyofthemostholyredeemer.org\/es\/daily-meditations-septuagesima-week\/\">Semana Septuagesima<\/a><\/p><\/div>\n\t\t\t\t<\/div>\n\t\t\t\t\t\t\t<div class=\"elementor-accordion-item\">\n\t\t\t\t\t<div id=\"elementor-tab-title-9524\" class=\"elementor-tab-title\" data-tab=\"4\" role=\"button\" aria-controls=\"elementor-tab-content-9524\" aria-expanded=\"false\">\n\t\t\t\t\t\t\t\t\t\t\t\t\t<span class=\"elementor-accordion-icon elementor-accordion-icon-left\" aria-hidden=\"true\">\n\t\t\t\t\t\t\t\t\t\t\t\t\t\t\t<span class=\"elementor-accordion-icon-closed\"><i class=\"fas fa-plus\"><\/i><\/span>\n\t\t\t\t\t\t\t\t<span class=\"elementor-accordion-icon-opened\"><i class=\"fas fa-minus\"><\/i><\/span>\n\t\t\t\t\t\t\t\t\t\t\t\t\t\t<\/span>\n\t\t\t\t\t\t\t\t\t\t\t\t<a class=\"elementor-accordion-title\" tabindex=\"0\">VOLUMEN II, PARTE I: DE LA SEXAG\u00c9SIMA AL S\u00c1BADO SANTO<\/a>\n\t\t\t\t\t<\/div>\n\t\t\t\t\t<div id=\"elementor-tab-content-9524\" class=\"elementor-tab-content elementor-clearfix\" data-tab=\"4\" role=\"region\" aria-labelledby=\"elementor-tab-title-9524\"><p>- <a href=\"https:\/\/societyofthemostholyredeemer.org\/es\/daily-meditations-sexagesima-week\/\">Semana Sexagesima<\/a><\/p><p>- <a href=\"https:\/\/societyofthemostholyredeemer.org\/es\/daily-meditations-quinquagesima-week\/\">Semana Quinquagesima<\/a><\/p><p>- <a href=\"https:\/\/societyofthemostholyredeemer.org\/es\/daily-meditations-first-week-of-lent\/\">Primera semana de Cuaresma<\/a><\/p><p>- <a href=\"https:\/\/societyofthemostholyredeemer.org\/es\/daily-meditations-second-week-of-lent\/\">Segunda semana de Cuaresma<\/a><\/p><p>- <a href=\"https:\/\/societyofthemostholyredeemer.org\/es\/daily-meditations-third-week-of-lent\/\">Tercera semana de Cuaresma<\/a><\/p><p>- <a href=\"https:\/\/societyofthemostholyredeemer.org\/es\/daily-meditations-fourth-week-of-lent\/\">Cuarta semana de Cuaresma<\/a><\/p><p>- <a href=\"https:\/\/societyofthemostholyredeemer.org\/es\/daily-meditations-passion-week\/\">Semana de la Pasi\u00f3n<\/a><\/p><p>- <a href=\"https:\/\/societyofthemostholyredeemer.org\/es\/daily-meditations-holy-week\/\">Semana Santa<\/a><\/p><\/div>\n\t\t\t\t<\/div>\n\t\t\t\t\t\t\t<div class=\"elementor-accordion-item\">\n\t\t\t\t\t<div id=\"elementor-tab-title-9525\" class=\"elementor-tab-title\" data-tab=\"5\" role=\"button\" aria-controls=\"elementor-tab-content-9525\" aria-expanded=\"false\">\n\t\t\t\t\t\t\t\t\t\t\t\t\t<span class=\"elementor-accordion-icon elementor-accordion-icon-left\" aria-hidden=\"true\">\n\t\t\t\t\t\t\t\t\t\t\t\t\t\t\t<span class=\"elementor-accordion-icon-closed\"><i class=\"fas fa-plus\"><\/i><\/span>\n\t\t\t\t\t\t\t\t<span class=\"elementor-accordion-icon-opened\"><i class=\"fas fa-minus\"><\/i><\/span>\n\t\t\t\t\t\t\t\t\t\t\t\t\t\t<\/span>\n\t\t\t\t\t\t\t\t\t\t\t\t<a class=\"elementor-accordion-title\" tabindex=\"0\">VOLUMEN DOS, PARTE II: DE PASCUA A LA ASCENSI\u00d3N<\/a>\n\t\t\t\t\t<\/div>\n\t\t\t\t\t<div id=\"elementor-tab-content-9525\" class=\"elementor-tab-content elementor-clearfix\" data-tab=\"5\" role=\"region\" aria-labelledby=\"elementor-tab-title-9525\"><p>- <a href=\"https:\/\/societyofthemostholyredeemer.org\/es\/daily-meditations-easter-week\/\">Semana Santa<\/a><\/p><p>- <a href=\"https:\/\/societyofthemostholyredeemer.org\/es\/daily-meditations-first-week-after-easter\/\">Primera semana despu\u00e9s de Pascua<\/a><\/p><p>- <a href=\"https:\/\/societyofthemostholyredeemer.org\/es\/daily-meditations-second-week-after-easter\/\">Segunda semana despu\u00e9s de Pascua<\/a><\/p><p>- <a href=\"https:\/\/societyofthemostholyredeemer.org\/es\/daily-meditations-third-week-after-easter\/\">Tercera semana despu\u00e9s de Pascua<\/a><\/p><p>- <a href=\"https:\/\/societyofthemostholyredeemer.org\/es\/daily-meditations-fourth-week-after-easter\/\">Cuarta semana despu\u00e9s de Pascua<\/a><\/p><p>- <a href=\"https:\/\/societyofthemostholyredeemer.org\/es\/daily-meditations-fifth-week-after-easter\/\">Quinta semana despu\u00e9s de Pascua, <\/a>incluida la Fiesta de la Ascensi\u00f3n<\/p><\/div>\n\t\t\t\t<\/div>\n\t\t\t\t\t\t\t<div class=\"elementor-accordion-item\">\n\t\t\t\t\t<div id=\"elementor-tab-title-9526\" class=\"elementor-tab-title\" data-tab=\"6\" role=\"button\" aria-controls=\"elementor-tab-content-9526\" aria-expanded=\"false\">\n\t\t\t\t\t\t\t\t\t\t\t\t\t<span class=\"elementor-accordion-icon elementor-accordion-icon-left\" aria-hidden=\"true\">\n\t\t\t\t\t\t\t\t\t\t\t\t\t\t\t<span class=\"elementor-accordion-icon-closed\"><i class=\"fas fa-plus\"><\/i><\/span>\n\t\t\t\t\t\t\t\t<span class=\"elementor-accordion-icon-opened\"><i class=\"fas fa-minus\"><\/i><\/span>\n\t\t\t\t\t\t\t\t\t\t\t\t\t\t<\/span>\n\t\t\t\t\t\t\t\t\t\t\t\t<a class=\"elementor-accordion-title\" tabindex=\"0\">VOLUMEN TRES, PARTE I: OCTAVA DE LA ASCENSI\u00d3N AL TIEMPO DESPU\u00c9S DE PENTECOST\u00c9S (Semanas I-IV)<\/a>\n\t\t\t\t\t<\/div>\n\t\t\t\t\t<div id=\"elementor-tab-content-9526\" class=\"elementor-tab-content elementor-clearfix\" data-tab=\"6\" role=\"region\" aria-labelledby=\"elementor-tab-title-9526\"><p><a href=\"https:\/\/societyofthemostholyredeemer.org\/es\/daily-meditations-octave-of-the-ascension\/\">- Octava de la Ascensi\u00f3n<\/a><\/p><p><a href=\"https:\/\/societyofthemostholyredeemer.org\/es\/daily-meditations-pentecost-week\/\">- Semana de Pentecost\u00e9s<\/a><\/p><p><a href=\"https:\/\/societyofthemostholyredeemer.org\/es\/daily-meditations-first-week-after-pentecost\/\">- Primera semana despu\u00e9s de Pentecost\u00e9s<\/a><\/p><p><a href=\"https:\/\/societyofthemostholyredeemer.org\/es\/daily-meditations-second-week-after-pentecost\/\">- Segunda semana despu\u00e9s de Pentecost\u00e9s<\/a><\/p><p><a href=\"https:\/\/societyofthemostholyredeemer.org\/es\/daily-meditations-third-week-after-pentecost\/\">- Tercera semana despu\u00e9s de Pentecost\u00e9s<\/a><\/p><p><a href=\"https:\/\/societyofthemostholyredeemer.org\/es\/daily-meditations-fourth-week-after-pentecost\/\">- Cuarta semana despu\u00e9s de Pentecost\u00e9s<\/a><\/p><\/div>\n\t\t\t\t<\/div>\n\t\t\t\t\t\t\t<div class=\"elementor-accordion-item\">\n\t\t\t\t\t<div id=\"elementor-tab-title-9527\" class=\"elementor-tab-title\" data-tab=\"7\" role=\"button\" aria-controls=\"elementor-tab-content-9527\" aria-expanded=\"false\">\n\t\t\t\t\t\t\t\t\t\t\t\t\t<span class=\"elementor-accordion-icon elementor-accordion-icon-left\" aria-hidden=\"true\">\n\t\t\t\t\t\t\t\t\t\t\t\t\t\t\t<span class=\"elementor-accordion-icon-closed\"><i class=\"fas fa-plus\"><\/i><\/span>\n\t\t\t\t\t\t\t\t<span class=\"elementor-accordion-icon-opened\"><i class=\"fas fa-minus\"><\/i><\/span>\n\t\t\t\t\t\t\t\t\t\t\t\t\t\t<\/span>\n\t\t\t\t\t\t\t\t\t\t\t\t<a class=\"elementor-accordion-title\" tabindex=\"0\">VOLUMEN TRES, PARTE II: EL TIEMPO DESPU\u00c9S DE PENTECOST\u00c9S (Semanas V-X)<\/a>\n\t\t\t\t\t<\/div>\n\t\t\t\t\t<div id=\"elementor-tab-content-9527\" class=\"elementor-tab-content elementor-clearfix\" data-tab=\"7\" role=\"region\" aria-labelledby=\"elementor-tab-title-9527\"><p><a href=\"https:\/\/societyofthemostholyredeemer.org\/es\/daily-meditations-fifth-week-after-pentecost\/\">- Quinta semana despu\u00e9s de Pentecost\u00e9s<\/a><\/p><p><a href=\"https:\/\/societyofthemostholyredeemer.org\/es\/daily-meditations-sixth-week-after-pentecost\/\">- Sexta semana despu\u00e9s de Pentecost\u00e9s<\/a><\/p><p><a href=\"https:\/\/societyofthemostholyredeemer.org\/es\/daily-meditations-seventh-week-after-pentecost\/\">- S\u00e9ptima semana despu\u00e9s de Pentecost\u00e9s<\/a><\/p><p><a href=\"https:\/\/societyofthemostholyredeemer.org\/es\/daily-meditations-eighth-week-after-pentecost\/\">- Octava semana despu\u00e9s de Pentecost\u00e9s<\/a><\/p><p><a href=\"https:\/\/societyofthemostholyredeemer.org\/es\/daily-meditations-ninth-week-after-pentecost\/\">- Novena semana despu\u00e9s de Pentecost\u00e9s<\/a><\/p><p><a href=\"https:\/\/societyofthemostholyredeemer.org\/es\/daily-meditations-tenth-week-after-pentecost\/\">- D\u00e9cima semana despu\u00e9s de Pentecost\u00e9s<\/a><\/p><\/div>\n\t\t\t\t<\/div>\n\t\t\t\t\t\t\t<div class=\"elementor-accordion-item\">\n\t\t\t\t\t<div id=\"elementor-tab-title-9528\" class=\"elementor-tab-title\" data-tab=\"8\" role=\"button\" aria-controls=\"elementor-tab-content-9528\" aria-expanded=\"false\">\n\t\t\t\t\t\t\t\t\t\t\t\t\t<span class=\"elementor-accordion-icon elementor-accordion-icon-left\" aria-hidden=\"true\">\n\t\t\t\t\t\t\t\t\t\t\t\t\t\t\t<span class=\"elementor-accordion-icon-closed\"><i class=\"fas fa-plus\"><\/i><\/span>\n\t\t\t\t\t\t\t\t<span class=\"elementor-accordion-icon-opened\"><i class=\"fas fa-minus\"><\/i><\/span>\n\t\t\t\t\t\t\t\t\t\t\t\t\t\t<\/span>\n\t\t\t\t\t\t\t\t\t\t\t\t<a class=\"elementor-accordion-title\" tabindex=\"0\">VOLUMEN CUATRO, PARTE I: EL TIEMPO DESPU\u00c9S DE PENTECOST\u00c9S (Semanas XI-XVII)<\/a>\n\t\t\t\t\t<\/div>\n\t\t\t\t\t<div id=\"elementor-tab-content-9528\" class=\"elementor-tab-content elementor-clearfix\" data-tab=\"8\" role=\"region\" aria-labelledby=\"elementor-tab-title-9528\"><p><a href=\"https:\/\/societyofthemostholyredeemer.org\/es\/daily-meditations-eleventh-week-after-pentecost\/\">- Und\u00e9cima semana despu\u00e9s de Pentecost\u00e9s<\/a><\/p><p><a href=\"https:\/\/societyofthemostholyredeemer.org\/es\/daily-meditations-twelfth-week-after-pentecost\/\">- Duod\u00e9cima semana despu\u00e9s de Pentecost\u00e9s<\/a><\/p><p><a href=\"https:\/\/societyofthemostholyredeemer.org\/es\/daily-meditations-thirteenth-week-after-pentecost\/\">- Decimotercera semana despu\u00e9s de Pentecost\u00e9s<\/a><\/p><p><a href=\"https:\/\/societyofthemostholyredeemer.org\/es\/daily-meditations-fourteenth-week-after-pentecost\/\">- Decimocuarta semana despu\u00e9s de Pentecost\u00e9s<\/a><\/p><p><a href=\"https:\/\/societyofthemostholyredeemer.org\/es\/daily-meditations-fifteenth-week-after-pentecost\/\">- Decimoquinta semana despu\u00e9s de Pentecost\u00e9s<\/a><\/p><p><a href=\"https:\/\/societyofthemostholyredeemer.org\/es\/daily-meditations-sixteenth-week-after-pentecost\/\">- Decimosexta semana despu\u00e9s de Pentecost\u00e9s<\/a><\/p><p><a href=\"https:\/\/societyofthemostholyredeemer.org\/es\/daily-meditations-seventeenth-week-after-pentecost\/\">- Decimos\u00e9ptima semana despu\u00e9s de Pentecost\u00e9s<\/a><\/p><\/div>\n\t\t\t\t<\/div>\n\t\t\t\t\t\t\t<div class=\"elementor-accordion-item\">\n\t\t\t\t\t<div id=\"elementor-tab-title-9529\" class=\"elementor-tab-title\" data-tab=\"9\" role=\"button\" aria-controls=\"elementor-tab-content-9529\" aria-expanded=\"false\">\n\t\t\t\t\t\t\t\t\t\t\t\t\t<span class=\"elementor-accordion-icon elementor-accordion-icon-left\" aria-hidden=\"true\">\n\t\t\t\t\t\t\t\t\t\t\t\t\t\t\t<span class=\"elementor-accordion-icon-closed\"><i class=\"fas fa-plus\"><\/i><\/span>\n\t\t\t\t\t\t\t\t<span class=\"elementor-accordion-icon-opened\"><i class=\"fas fa-minus\"><\/i><\/span>\n\t\t\t\t\t\t\t\t\t\t\t\t\t\t<\/span>\n\t\t\t\t\t\t\t\t\t\t\t\t<a class=\"elementor-accordion-title\" tabindex=\"0\">VOLUMEN CUATRO, PARTE II: EL TIEMPO DESPU\u00c9S DE PENTECOST\u00c9S (Semanas XVIII-XXIV)<\/a>\n\t\t\t\t\t<\/div>\n\t\t\t\t\t<div id=\"elementor-tab-content-9529\" class=\"elementor-tab-content elementor-clearfix\" data-tab=\"9\" role=\"region\" aria-labelledby=\"elementor-tab-title-9529\"><p><a href=\"https:\/\/societyofthemostholyredeemer.org\/es\/daily-meditations-eighteenth-week-after-pentecost\/\">- Decimoctava semana despu\u00e9s de Pentecost\u00e9s<\/a><\/p><p><a href=\"https:\/\/societyofthemostholyredeemer.org\/es\/daily-meditations-nineteenth-week-after-pentecost\/\">- Decimonovena semana despu\u00e9s de Pentecost\u00e9s<\/a><\/p><p><a href=\"https:\/\/societyofthemostholyredeemer.org\/es\/daily-meditations-twentieth-week-after-pentecost\/\">- Vig\u00e9sima semana despu\u00e9s de Pentecost\u00e9s<\/a><\/p><p><a href=\"https:\/\/societyofthemostholyredeemer.org\/es\/daily-meditations-twenty-first-week-after-pentecost\/\">- Vigesimoprimera semana despu\u00e9s de Pentecost\u00e9s<\/a><\/p><p><a href=\"https:\/\/societyofthemostholyredeemer.org\/es\/daily-meditations-twenty-second-week-after-pentecost\/\">- Vigesimosegunda semana despu\u00e9s de Pentecost\u00e9s<\/a><\/p><p><a href=\"https:\/\/societyofthemostholyredeemer.org\/es\/daily-meditations-twenty-third-week-after-pentecost\/\">- Vigesimotercera semana despu\u00e9s de Pentecost\u00e9s<\/a><\/p><p><a href=\"https:\/\/societyofthemostholyredeemer.org\/es\/daily-meditations-twenty-fourth-week-after-pentecost\/\">- Vigesimocuarta semana despu\u00e9s de Pentecost\u00e9s<\/a><\/p><\/div>\n\t\t\t\t<\/div>\n\t\t\t\t\t\t\t\t<\/div>\n\t\t\t\t\t\t<\/div>\n\t\t\t\t<\/div>\n\t\t\t\t\t<\/div>\n\t\t\t\t<\/div>\n\t\t\t\t<\/div>","protected":false},"excerpt":{"rendered":"<p>&nbsp; &nbsp; &nbsp;We are pleased to provide these&nbsp;&nbsp;Meditations and Readings for Every Day of the Year: Selections from the Spiritual Writings of St. Alphonsus. The contents were chosen and arranged by Rev. Fr. John Baptist Coyle, C.Ss.R. These volumes were &hellip; <a class=\"continue_reading\" href=\"https:\/\/societyofthemostholyredeemer.org\/es\/daily-meditations\/\">Seguir leyendo <span class=\"meta-nav\"><i class=\"fa fa-caret-right\" aria-hidden=\"true\"><\/i><\/span><\/a><\/p>","protected":false},"author":2,"featured_media":0,"parent":0,"menu_order":35,"comment_status":"closed","ping_status":"closed","template":"","meta":{"_acf_changed":false,"footnotes":""},"class_list":["post-4346","page","type-page","status-publish","hentry"],"acf":[],"_links":{"self":[{"href":"https:\/\/societyofthemostholyredeemer.org\/es\/wp-json\/wp\/v2\/pages\/4346","targetHints":{"allow":["GET"]}}],"collection":[{"href":"https:\/\/societyofthemostholyredeemer.org\/es\/wp-json\/wp\/v2\/pages"}],"about":[{"href":"https:\/\/societyofthemostholyredeemer.org\/es\/wp-json\/wp\/v2\/types\/page"}],"author":[{"embeddable":true,"href":"https:\/\/societyofthemostholyredeemer.org\/es\/wp-json\/wp\/v2\/users\/2"}],"replies":[{"embeddable":true,"href":"https:\/\/societyofthemostholyredeemer.org\/es\/wp-json\/wp\/v2\/comments?post=4346"}],"version-history":[{"count":118,"href":"https:\/\/societyofthemostholyredeemer.org\/es\/wp-json\/wp\/v2\/pages\/4346\/revisions"}],"predecessor-version":[{"id":12153,"href":"https:\/\/societyofthemostholyredeemer.org\/es\/wp-json\/wp\/v2\/pages\/4346\/revisions\/12153"}],"wp:attachment":[{"href":"https:\/\/societyofthemostholyredeemer.org\/es\/wp-json\/wp\/v2\/media?parent=4346"}],"curies":[{"name":"wp","href":"https:\/\/api.w.org\/{rel}","templated":true}]}}