{"id":6303,"date":"2025-01-24T19:02:58","date_gmt":"2025-01-24T19:02:58","guid":{"rendered":"https:\/\/societyofthemostholyredeemer.org\/?page_id=6303"},"modified":"2026-01-13T20:06:05","modified_gmt":"2026-01-13T20:06:05","slug":"daily-meditations-sixth-week-after-epiphany","status":"publish","type":"page","link":"https:\/\/societyofthemostholyredeemer.org\/es\/daily-meditations-sixth-week-after-epiphany\/","title":{"rendered":"MEDITACIONES DIARIAS: SEXTA SEMANA DESPU\u00c9S DE EPIFAN\u00cdA"},"content":{"rendered":"<div data-elementor-type=\"wp-page\" data-elementor-id=\"6303\" class=\"elementor elementor-6303\" data-elementor-post-type=\"page\">\n\t\t\t\t<div class=\"elementor-element elementor-element-72f6c05 e-flex e-con-boxed e-con e-parent\" data-id=\"72f6c05\" data-element_type=\"container\" data-e-type=\"container\">\n\t\t\t\t\t<div class=\"e-con-inner\">\n\t\t\t\t<div class=\"elementor-element elementor-element-53a2dfe elementor-widget elementor-widget-accordion\" data-id=\"53a2dfe\" data-element_type=\"widget\" data-e-type=\"widget\" data-widget_type=\"accordion.default\">\n\t\t\t\t<div class=\"elementor-widget-container\">\n\t\t\t\t\t\t\t<div class=\"elementor-accordion\">\n\t\t\t\t\t\t\t<div class=\"elementor-accordion-item\">\n\t\t\t\t\t<div id=\"elementor-tab-title-8761\" class=\"elementor-tab-title\" data-tab=\"1\" role=\"button\" aria-controls=\"elementor-tab-content-8761\" aria-expanded=\"false\">\n\t\t\t\t\t\t\t\t\t\t\t\t\t<span class=\"elementor-accordion-icon elementor-accordion-icon-left\" aria-hidden=\"true\">\n\t\t\t\t\t\t\t\t\t\t\t\t\t\t\t<span class=\"elementor-accordion-icon-closed\"><i class=\"fas fa-plus\"><\/i><\/span>\n\t\t\t\t\t\t\t\t<span class=\"elementor-accordion-icon-opened\"><i class=\"fas fa-minus\"><\/i><\/span>\n\t\t\t\t\t\t\t\t\t\t\t\t\t\t<\/span>\n\t\t\t\t\t\t\t\t\t\t\t\t<a class=\"elementor-accordion-title\" tabindex=\"0\">VOLUME ONE - PART II, pp. 272-330<\/a>\n\t\t\t\t\t<\/div>\n\t\t\t\t\t<div id=\"elementor-tab-content-8761\" class=\"elementor-tab-content elementor-clearfix\" data-tab=\"1\" role=\"region\" aria-labelledby=\"elementor-tab-title-8761\"><\/div>\n\t\t\t\t<\/div>\n\t\t\t\t\t\t\t<div class=\"elementor-accordion-item\">\n\t\t\t\t\t<div id=\"elementor-tab-title-8762\" class=\"elementor-tab-title\" data-tab=\"2\" role=\"button\" aria-controls=\"elementor-tab-content-8762\" aria-expanded=\"false\">\n\t\t\t\t\t\t\t\t\t\t\t\t\t<span class=\"elementor-accordion-icon elementor-accordion-icon-left\" aria-hidden=\"true\">\n\t\t\t\t\t\t\t\t\t\t\t\t\t\t\t<span class=\"elementor-accordion-icon-closed\"><i class=\"fas fa-plus\"><\/i><\/span>\n\t\t\t\t\t\t\t\t<span class=\"elementor-accordion-icon-opened\"><i class=\"fas fa-minus\"><\/i><\/span>\n\t\t\t\t\t\t\t\t\t\t\t\t\t\t<\/span>\n\t\t\t\t\t\t\t\t\t\t\t\t<a class=\"elementor-accordion-title\" tabindex=\"0\">SEXTO DOMINGO DESPU\u00c9S DE EPIFAN\u00cdA<\/a>\n\t\t\t\t\t<\/div>\n\t\t\t\t\t<div id=\"elementor-tab-content-8762\" class=\"elementor-tab-content elementor-clearfix\" data-tab=\"2\" role=\"region\" aria-labelledby=\"elementor-tab-title-8762\"><p><b>Meditaci\u00f3n matutina:\u00a0 <em>\"EN GRAN TRIBULACI\u00d3N CON GOZO DEL ESP\u00cdRITU SANTO<\/em><em>&#8220;<\/em><\/b> - (Ep\u00edstola del domingo. 1 Tes. i., 2-10)<\/p><p>\u00a0 \u00a0 \u00a0\"La Cruz de Cristo\", dice San Juan Cris\u00f3stomo, \"es la llave del Para\u00edso\".\u00a0 <em>Crux Christi clavis Paradisi<\/em>.  Pero es necesario, dice el Santo, soportar las tribulaciones en paz.  Si queremos salvarnos debemos someternos a las pruebas.  A trav\u00e9s de muchas tribulaciones debemos entrar en el reino de Dios. - (Hechos xiv., 21)<\/p><p><b>Meditaci\u00f3n I:<br \/><\/b>\u00a0 \u00a0 Es necesario, dice San Juan Cris\u00f3stomo, soportar las tribulaciones en paz; porque si las aceptas con resignaci\u00f3n ganar\u00e1s grandes m\u00e9ritos; pero si con desgana, aumentar\u00e1s en vez de disminuir tu miseria.  Si queremos salvarnos debemos someternos a las pruebas.  Para las almas santas, las aflicciones m\u00e1s graves son las tentaciones con que el demonio las impulsa a ofender a Dios; pero quienes soportan estas tentaciones con paciencia, y las destierran acudiendo a Dios en busca de ayuda, adquirir\u00e1n gran m\u00e9rito.\u00a0 <em>Y<\/em>dice San Pablo, <em>Fiel es Dios, que no os dejar\u00e1 ser tentados m\u00e1s de lo que pod\u00e9is resistir, sino que har\u00e1 tambi\u00e9n con la tentaci\u00f3n lo necesario para que pod\u00e1is soportar<\/em>. - (1 Cor. x., 13).  Dios permite que seamos molestados por las tentaciones, para que, desterr\u00e1ndolas, ganemos mayores m\u00e9ritos.\u00a0 <em>Bendito<\/em>dice el Se\u00f1or, <em>los que lloran ser\u00e1n consolados<\/em>. - (Mt. v., 5).  Son bienaventurados, porque, seg\u00fan el Ap\u00f3stol, nuestras tribulaciones son moment\u00e1neas y muy ligeras comparadas con la grandeza de la gloria eterna, que nos obtendr\u00e1n en el Cielo.\u00a0 <em>Porque lo que al presente es moment\u00e1neo y leve de nuestra tribulaci\u00f3n, nos obra sobremanera un eterno peso de gloria<\/em>. - (2 Cor. iv., 17).  Un gran siervo de Dios sol\u00eda decir que el Para\u00edso es el hogar de los pobres, de los perseguidos, de los humildes y afligidos.  De ah\u00ed que San Pablo diga: <em>Te es necesaria la paciencia, para que, haciendo la voluntad de Dios, recibas la promesa<\/em>. - (Heb. x., 36).  Hablando de las tribulaciones de los Santos, San Cipriano pregunta: \"\u00bfQu\u00e9 son para los siervos de Dios, a quienes invita el Para\u00edso?\".  \u00bfEs mucho para ti, a quien se prometen los bienes eternos del Cielo, abrazar las cortas aflicciones de esta vida?<\/p><p><strong>Meditaci\u00f3n II:<br \/>\u00a0 \u00a0 \u00a0<\/strong><\/p><hr \/><p><strong>Lectura espiritual:\u00a0 <em>C\u00d3MO SUFRIR TRIBULACIONES CON M\u00c9RITO PARA LA ETERNIDAD<\/em><\/strong><\/p><hr \/><p><strong>Meditaci\u00f3n vespertina:\u00a0 <em>REZAR POR LOS DEM\u00c1S, ESPECIALMENTE POR LOS POBRES PECADORES<\/em><\/strong><\/p><p><strong>Meditaci\u00f3n I:<\/strong>\u00a0\u00a0 \u00a0 \u00a0<\/p><p><strong>Meditaci\u00f3n II:<\/strong>\u00a0\u00a0 \u00a0 \u00a0<\/p><\/div>\n\t\t\t\t<\/div>\n\t\t\t\t\t\t\t<div class=\"elementor-accordion-item\">\n\t\t\t\t\t<div id=\"elementor-tab-title-8763\" class=\"elementor-tab-title\" data-tab=\"3\" role=\"button\" aria-controls=\"elementor-tab-content-8763\" aria-expanded=\"false\">\n\t\t\t\t\t\t\t\t\t\t\t\t\t<span class=\"elementor-accordion-icon elementor-accordion-icon-left\" aria-hidden=\"true\">\n\t\t\t\t\t\t\t\t\t\t\t\t\t\t\t<span class=\"elementor-accordion-icon-closed\"><i class=\"fas fa-plus\"><\/i><\/span>\n\t\t\t\t\t\t\t\t<span class=\"elementor-accordion-icon-opened\"><i class=\"fas fa-minus\"><\/i><\/span>\n\t\t\t\t\t\t\t\t\t\t\t\t\t\t<\/span>\n\t\t\t\t\t\t\t\t\t\t\t\t<a class=\"elementor-accordion-title\" tabindex=\"0\">LUNES DE LA SEXTA SEMANA DESPU\u00c9S DE EPIFAN\u00cdA<\/a>\n\t\t\t\t\t<\/div>\n\t\t\t\t\t<div id=\"elementor-tab-content-8763\" class=\"elementor-tab-content elementor-clearfix\" data-tab=\"3\" role=\"region\" aria-labelledby=\"elementor-tab-title-8763\"><p><b>Meditaci\u00f3n matutina:\u00a0 <\/b><strong><em>VANITAS VANITATUM:\u00a0<\/em><\/strong> I. LOS BIENES DE ESTE MUNDO NO VALEN NADA<\/p><p>\u00a0 \u00a0 No podemos llamar a las cosas de esta vida <em>nuestro<\/em> porque no podemos llevarlos con nosotros a la eternidad.  \u00bfD\u00f3nde est\u00e1 el rico que alguna vez llev\u00f3 consigo un pedazo de dinero?  \u00bfQu\u00e9 rey ha llevado consigo alguna vez una pizca de su p\u00farpura?  \u00bfDe qu\u00e9 nos sirve, pues, ganar el mundo entero si al morir lo perdemos todo al perder nuestra alma?<\/p><p><b>Meditaci\u00f3n I:<br \/><\/b>\u00a0 \u00a0 <em>\u00a0\u00bfDe qu\u00e9 le sirve al hombre ganar el mundo entero si sufre la p\u00e9rdida de su propia alma?<\/em> - (Mat. xvi., 26).<br \/>\u00a0 \u00a0 \u00a0Un antiguo fil\u00f3sofo llamado Aristipo naufrag\u00f3 una vez y perdi\u00f3 todos sus bienes.  Cuando lleg\u00f3 a la orilla, la gente, por respeto a su gran erudici\u00f3n, le regal\u00f3 un equivalente de todo lo que hab\u00eda perdido.  Escribi\u00f3 a sus amigos, exhort\u00e1ndoles a imitar su ejemplo y a buscar s\u00f3lo los bienes que no pudieran serles arrebatados por el naufragio.  Ahora, nuestros parientes y amigos que est\u00e1n en la eternidad nos exhortan desde el otro mundo a atender s\u00f3lo a la adquisici\u00f3n de bienes que ni siquiera la muerte pueda arrebatarnos.  La muerte se llama <em>el d\u00eda de la destrucci\u00f3n<\/em>. - (Deut. xxxii., 35).  Es el d\u00eda de la destrucci\u00f3n, porque en ese d\u00eda perderemos todos los bienes de esta tierra, - sus honores, riquezas y placeres.  Por eso, seg\u00fan San Ambrosio, no podemos llamar a las cosas de esta vida <em>nuestro<\/em>Porque no podemos llevarlas con nosotros a la eternidad.  S\u00f3lo nuestras virtudes nos acompa\u00f1an a la otra vida.  S\u00f3lo nuestras virtudes nos acompa\u00f1an a la otra vida.<br \/>\u00a0 \u00a0 \u00a0\u00bfDe qu\u00e9 nos sirve, pues, dice Jesucristo, ganar el mundo entero, si al morir lo perdemos todo al perder el alma?  \u00a1Cu\u00e1ntos j\u00f3venes ha enviado al claustro esta gran m\u00e1xima!  \u00a1A cu\u00e1ntos anacoretas ha enviado al desierto!  Y \u00a1cu\u00e1ntos m\u00e1rtires ha animado a dar la vida por Jesucristo!  Con esta m\u00e1xima San Ignacio de Loyola atrajo muchas almas a Dios, particularmente el alma de San Francisco Javier, que estaba entonces en Par\u00eds apegado a las cosas del mundo.  \"Francisco\", dijo un d\u00eda el Santo, \"reflexiona que el mundo es un traidor, que promete pero no cumple.  Y aunque cumpliera todas sus promesas, nunca podr\u00eda contentar tu coraz\u00f3n.  Pero supongamos que te hiciera feliz, \u00bfcu\u00e1nto durar\u00e1 esa felicidad?  \u00bfPuede durar m\u00e1s que tu vida? Y despu\u00e9s de la muerte, \u00bfqu\u00e9 te llevar\u00e1s a la eternidad?  \u00bfD\u00f3nde est\u00e1 el rico que alguna vez haya llevado consigo un pedazo de dinero, o un sirviente que lo atienda?  \u00bfQu\u00e9 rey ha llevado alguna vez consigo un jir\u00f3n de p\u00farpura como insignia de realeza?\".  Con estas palabras, San Francisco abandon\u00f3 el mundo, sigui\u00f3 a San Ignacio y se hizo santo.<br \/>\u00a0 \u00a0 \u00a0Ah, Jes\u00fas, mi Redentor, Te doy gracias por hacerme ver mi locura y el mal que he hecho al darte la espalda a Ti, que has dado Tu Sangre y Tu vida por m\u00ed.  No merec\u00edas ser tratado por m\u00ed como yo te he tratado a Ti.  He aqu\u00ed que si la muerte viniera ahora sobre m\u00ed, \u00bfqu\u00e9 encontrar\u00eda sino pecado y remordimientos de conciencia, que me har\u00edan morir con gran desasosiego?  Salvador m\u00edo, confieso que he obrado mal y he cometido un gran error al dejarte a Ti, mi Soberano Bien, por los miserables placeres de este mundo.  Lo siento de todo coraz\u00f3n.  Ah! por el dolor que te quit\u00f3 la vida en la Cruz, dame un dolor por mis pecados que me haga llorar durante el resto de mi vida por las injurias que Te he hecho.  Jes\u00fas m\u00edo, perd\u00f3name; prometo no desagradarte m\u00e1s y amarte para siempre.<\/p><p><strong>Meditaci\u00f3n II:<br \/>\u00a0 \u00a0 \u00a0<\/strong><\/p><hr \/><p><strong>Lectura espiritual: <em>LA REGLA DE VIDA DE UN CRISTIANO:\u00a0 <\/em><\/strong>I. - LOS MEDIOS DE QUE DEBEMOS VALERNOS PARA PERSEVERAR EN LA GRACIA DE DIOS<\/p><hr \/><p><strong>Meditaci\u00f3n vespertina:\u00a0 <em>PARA PERSEVERAR HAY QUE VENCER AL DIABLO<\/em><\/strong><\/p><p><strong>Meditaci\u00f3n I:<\/strong>\u00a0\u00a0 \u00a0 \u00a0<\/p><p><strong>Meditaci\u00f3n II:<\/strong>\u00a0\u00a0 \u00a0 \u00a0<\/p><\/div>\n\t\t\t\t<\/div>\n\t\t\t\t\t\t\t<div class=\"elementor-accordion-item\">\n\t\t\t\t\t<div id=\"elementor-tab-title-8764\" class=\"elementor-tab-title\" data-tab=\"4\" role=\"button\" aria-controls=\"elementor-tab-content-8764\" aria-expanded=\"false\">\n\t\t\t\t\t\t\t\t\t\t\t\t\t<span class=\"elementor-accordion-icon elementor-accordion-icon-left\" aria-hidden=\"true\">\n\t\t\t\t\t\t\t\t\t\t\t\t\t\t\t<span class=\"elementor-accordion-icon-closed\"><i class=\"fas fa-plus\"><\/i><\/span>\n\t\t\t\t\t\t\t\t<span class=\"elementor-accordion-icon-opened\"><i class=\"fas fa-minus\"><\/i><\/span>\n\t\t\t\t\t\t\t\t\t\t\t\t\t\t<\/span>\n\t\t\t\t\t\t\t\t\t\t\t\t<a class=\"elementor-accordion-title\" tabindex=\"0\">MARTES DE LA SEXTA SEMANA DESPU\u00c9S DE EPIFAN\u00cdA<\/a>\n\t\t\t\t\t<\/div>\n\t\t\t\t\t<div id=\"elementor-tab-content-8764\" class=\"elementor-tab-content elementor-clearfix\" data-tab=\"4\" role=\"region\" aria-labelledby=\"elementor-tab-title-8764\"><p><b>Meditaci\u00f3n matutina:\u00a0 <em>LOS BIENES DE ESTE MUNDO SON DESPRECIABLES<\/em><\/b><\/p><p>\u00a0 \u00a0 \u00a0San Agust\u00edn nos pide que no nos fijemos en lo que el rico posey\u00f3 en vida, sino en lo que se llev\u00f3 consigo en la muerte: un cuerpo f\u00e9tido y un harapo de ropa que se pudri\u00f3 con \u00e9l.  Debemos esforzarnos por llegar a ser santos, ricos en aquellos bienes que nos acompa\u00f1ar\u00e1n al otro mundo y nos satisfar\u00e1n por toda la eternidad.<\/p><p><b>Meditaci\u00f3n I:<br \/><\/b>\u00a0 \u00a0 \u00a0<em>Hay una balanza enga\u00f1osa en su mano<\/em>. - (Oseas, xii., 7).  Debemos pesar las cosas en la balanza de Dios, y no en la enga\u00f1osa balanza del mundo.  Los bienes de esta vida son bienes miserables; no contentan el coraz\u00f3n; se acaban pronto.\u00a0 <em>Mis d\u00edas han sido m\u00e1s veloces que un poste: han pasado como naves que llevan frutos<\/em>. - (Job, ix., 25, 26).  Los d\u00edas de nuestra vida pasan y vuelan, y de todos los placeres de esta tierra, \u00bfqu\u00e9 queda?  Han pasado como un barco que no deja rastro.\u00a0 <em>Como nave que surca las aguas, de la cual, cuando ha pasado, no se halla rastro<\/em>. - (Sab. v., 10).  Pregunta a los muchos ricos y sabios del mundo, a los muchos pr\u00edncipes y emperadores que ahora est\u00e1n en la eternidad, \u00bfqu\u00e9 poseen de todas las pompas y delicias y grandezas de que gozaron en esta vida?  Todos responden: \u00a1Nada!  Nada.  \"Oh hombre\", dice San Agust\u00edn, \"t\u00fa atiende a lo que tuvo aqu\u00ed; pero atiende m\u00e1s bien a lo que trae consigo\".  T\u00fa, dice el Santo, te fijas s\u00f3lo en los bienes que pose\u00eda el rico; pero observa lo que se llev\u00f3 consigo al morir: un cuerpo f\u00e9tido y un harapo de ropa que se pudri\u00f3 con \u00e9l.<br \/>\u00a0 \u00a0 \u00a0Tras la muerte, se habla de los grandes del mundo durante un tiempo, pero pronto se olvidan.\u00a0 <em>Su memoria ha perecido con un ruido<\/em>. - (Sal. ix., 7).  Y si han ido al infierno, \u00bfqu\u00e9 hacen y dicen en ese lugar de aflicci\u00f3n?  Lloran y dicen: <em>\u00bfDe qu\u00e9 nos ha servido la soberbia?  \u00bfO qu\u00e9 provecho nos ha tra\u00eddo la jactancia de las riquezas?  Todas esas cosas pasaron como una sombra<\/em>. - (Wis. v., 8, 9).  \u00bfDe qu\u00e9 nos han servido las pompas y las riquezas, ahora que han pasado como una sombra y no nos quedan m\u00e1s que tormentos eternos, lamentos y desesperaci\u00f3n?<br \/>\u00a0 \u00a0 \u00a0Ah, Redentor m\u00edo, T\u00fa has sufrido tantos dolores e ignominias por mi causa; y yo he amado los placeres y vanidades de esta tierra hasta tal exceso, que, por causa de ellos, he pisoteado a menudo Tu gracia.  Pero, puesto que no dejaste de buscarme cuando te despreciaba, no puedo, oh Jes\u00fas m\u00edo, temer que ahora me deseches, cuando te busco y te amo con todo mi coraz\u00f3n, y estoy m\u00e1s arrepentido de haberte ofendido que de cualquier otra desgracia.  Oh Dios de mi alma, desde hoy no quiero ofenderte nunca m\u00e1s, ni siquiera con un pensamiento venial.  No har\u00e9, por ning\u00fan bien terrenal, lo que s\u00e9 que te ofende.  Hazme saber lo que debo hacer para agradarte.  Estoy dispuesto a hacerlo.  Deseo amarte con verdadero amor.<\/p><p><strong>Meditaci\u00f3n II:<br \/>\u00a0 \u00a0 \u00a0<\/strong><\/p><hr \/><p><strong>Lectura espiritual:\u00a0 <em>LA REGLA DE VIDA DE UN CRISTIANO:\u00a0 <\/em><\/strong>MEDIOS DE PERSEVERANCIA (continuaci\u00f3n)<\/p><hr \/><p><strong>Meditaci\u00f3n vespertina:\u00a0 <em>PARA PERSEVERAR HAY QUE CONQUISTAR EL MUNDO<\/em><\/strong><\/p><p><strong>Meditaci\u00f3n I:<\/strong>\u00a0\u00a0 \u00a0 \u00a0<\/p><p><strong>Meditaci\u00f3n II:<\/strong>\u00a0\u00a0 \u00a0 \u00a0<\/p><\/div>\n\t\t\t\t<\/div>\n\t\t\t\t\t\t\t<div class=\"elementor-accordion-item\">\n\t\t\t\t\t<div id=\"elementor-tab-title-8765\" class=\"elementor-tab-title\" data-tab=\"5\" role=\"button\" aria-controls=\"elementor-tab-content-8765\" aria-expanded=\"false\">\n\t\t\t\t\t\t\t\t\t\t\t\t\t<span class=\"elementor-accordion-icon elementor-accordion-icon-left\" aria-hidden=\"true\">\n\t\t\t\t\t\t\t\t\t\t\t\t\t\t\t<span class=\"elementor-accordion-icon-closed\"><i class=\"fas fa-plus\"><\/i><\/span>\n\t\t\t\t\t\t\t\t<span class=\"elementor-accordion-icon-opened\"><i class=\"fas fa-minus\"><\/i><\/span>\n\t\t\t\t\t\t\t\t\t\t\t\t\t\t<\/span>\n\t\t\t\t\t\t\t\t\t\t\t\t<a class=\"elementor-accordion-title\" tabindex=\"0\">MI\u00c9RCOLES DE LA SEXTA SEMANA DESPU\u00c9S DE EPIFAN\u00cdA<\/a>\n\t\t\t\t\t<\/div>\n\t\t\t\t\t<div id=\"elementor-tab-content-8765\" class=\"elementor-tab-content elementor-clearfix\" data-tab=\"5\" role=\"region\" aria-labelledby=\"elementor-tab-title-8765\"><p><b>Meditaci\u00f3n matutina:\u00a0 <em>DEBEMOS TRABAJAR POR EL CIELO<\/em><\/b><\/p><p>\u00a0 \u00a0 \u00bfQu\u00e9 es nuestra vida en esta tierra sino una escena que termina muy pronto y pasa?  La moda de este mundo pasa.  El mundo es un escenario; una generaci\u00f3n pasa, otra aparece.  \"\u00a1As\u00ed acaban las grandezas y las coronas de este mundo!\", exclam\u00f3 Francisco de Borja. \"\u00a1A partir de ahora servir\u00e9 a un Maestro que nunca puede morir!\".<\/p><p><b>Meditaci\u00f3n I:<br \/><\/b>\u00a0 \u00a0 \u00a0<em>El tiempo es corto: queda que. . . los que usan este mundo sean como si no lo usaran; porque la moda de este mundo pasa.<\/em>. - (1 Cor. vii., 29, 31).  \u00bfQu\u00e9 es nuestra vida en esta tierra sino una escena que pasa y termina muy pronto?\u00a0 <em>La moda de este mundo pasa<\/em>.  \"El mundo\", dice Cornelius \u00e0 Lapide, \"es como un escenario; una generaci\u00f3n pasa, otra aparece\".  Quien hace de rey, no se lleva la p\u00farpura consigo.  Oh villa, oh casa, dime, \u00bfcu\u00e1ntos amos has tenido?  Ah, cuando se acaba la comedia, el rey ya no es rey; el amo deja de ser amo.  T\u00fa posees actualmente tal villa, tal palacio; pero vendr\u00e1 la muerte, y pasar\u00e1n a otros se\u00f1ores.<br \/>\u00a0 \u00a0 \u00a0<em>La aflicci\u00f3n de una hora hace olvidar grandes delicias<\/em>. - (Ecclus. xi., 29).  La hora sombr\u00eda de la muerte pone fin y hace olvidar toda la grandeza, la nobleza, la pompa del mundo.  Casimiro, rey de Polonia, mientras estaba sentado a la mesa con los nobles de su reino, muri\u00f3 en el acto de llevarse una copa a los labios, -\u00a1y la escena termin\u00f3 para \u00e9l!  En siete d\u00edas despu\u00e9s de su elecci\u00f3n, el emperador Celso fue asesinado, - \u00a1y la escena se cerr\u00f3 para Celso!  Ladislao, rey de Polonia, en su decimoctavo a\u00f1o, mientras se preparaba para la recepci\u00f3n de su novia, la hija del rey de Francia, fue repentinamente atacado por un violento dolor, que pronto le priv\u00f3 de la vida.  Inmediatamente se enviaron correos para anunciarle que la escena hab\u00eda terminado para Ladislao, y que pod\u00eda regresar a Francia.  Meditando sobre la vanidad del mundo, Francisco de Borja se convirti\u00f3 en santo.  A la vista de la emperatriz Isabel, que hab\u00eda muerto en medio de la grandeza mundana y en la flor de la juventud, resolvi\u00f3, como ya se ha dicho, entregarse enteramente a Dios.  \"\u00a1As\u00ed pues -dijo- se acabaron las grandezas y las coronas de este mundo!  De ahora en adelante servir\u00e9 a un Maestro que nunca puede morir\".<br \/>\u00a0 \u00a0 \u00a0Ah, Dios m\u00edo, no quiero que el demonio tenga ya dominio sobre mi alma; quiero que s\u00f3lo T\u00fa seas el Se\u00f1or y Maestro de ella.  Renunciar\u00e9 a todas las cosas para adquirir Tu gracia.  Lo estimo m\u00e1s que mil tronos y mil reinos.  \u00bfY a qui\u00e9n amar\u00e9 sino a Ti, que eres infinitamente amable, infinito Bien, infinita Belleza, Bondad y Amor?<\/p><p><strong>Meditaci\u00f3n II:<br \/>\u00a0 \u00a0 \u00a0<\/strong><\/p><hr \/><p><strong>Lectura espiritual:\u00a0 <em>LA PR\u00c1CTICA DE LAS VIRTUDES CRISTIANAS:\u00a0 <\/em><\/strong>I. - LA PR\u00c1CTICA DE LA HUMILDAD<\/p><hr \/><p><strong>Meditaci\u00f3n vespertina:\u00a0 <em>PARA PERSEVERAR HAY QUE VENCER A LA CARNE<\/em><\/strong><\/p><p><strong>Meditaci\u00f3n I:<\/strong>\u00a0\u00a0 \u00a0 \u00a0<\/p><p><strong>Meditaci\u00f3n II:<\/strong>\u00a0\u00a0 \u00a0 \u00a0<\/p><\/div>\n\t\t\t\t<\/div>\n\t\t\t\t\t\t\t<div class=\"elementor-accordion-item\">\n\t\t\t\t\t<div id=\"elementor-tab-title-8766\" class=\"elementor-tab-title\" data-tab=\"6\" role=\"button\" aria-controls=\"elementor-tab-content-8766\" aria-expanded=\"false\">\n\t\t\t\t\t\t\t\t\t\t\t\t\t<span class=\"elementor-accordion-icon elementor-accordion-icon-left\" aria-hidden=\"true\">\n\t\t\t\t\t\t\t\t\t\t\t\t\t\t\t<span class=\"elementor-accordion-icon-closed\"><i class=\"fas fa-plus\"><\/i><\/span>\n\t\t\t\t\t\t\t\t<span class=\"elementor-accordion-icon-opened\"><i class=\"fas fa-minus\"><\/i><\/span>\n\t\t\t\t\t\t\t\t\t\t\t\t\t\t<\/span>\n\t\t\t\t\t\t\t\t\t\t\t\t<a class=\"elementor-accordion-title\" tabindex=\"0\">JUEVES DE LA SEXTA SEMANA DESPU\u00c9S DE EPIFAN\u00cdA<\/a>\n\t\t\t\t\t<\/div>\n\t\t\t\t\t<div id=\"elementor-tab-content-8766\" class=\"elementor-tab-content elementor-clearfix\" data-tab=\"6\" role=\"region\" aria-labelledby=\"elementor-tab-title-8766\"><p><b>Meditaci\u00f3n matutina (para el veinticinco de febrero):\u00a0 <em>\"UN GUSANO Y NING\u00daN HOMBRE\"<\/em><\/b><\/p><p>\u00a0 \u00a0 \u00a0\u00bfAcaso no nos asegura nuestra santa fe que qui\u00e9n podr\u00eda creer que un Dios, por amor a un gusano como es el hombre, se convirtiera \u00c9l mismo en un gusano como el hombre?\u00a0<em> Soy un gusano y ning\u00fan hombre<\/em>. - (Sal. xxi., 7).  \u00bfY qu\u00e9 has hecho hasta ahora a Dios por el amor que tu Dios te ha tenido?<\/p><p><b>Meditaci\u00f3n I:<br \/><\/b>\u00a0 \u00a0 \u00a0<em>S\u00ed, esto es de Fe: Y la palabra se hizo carne<\/em>. - (Jo. i., 14).\u00a0 <em>Nos am\u00f3 y nos lav\u00f3 de nuestros pecados con su sangre<\/em>. - (Apoc. i., 5).  La Santa Iglesia se declara llena de temor ante la contemplaci\u00f3n de la obra de la Redenci\u00f3n:<em> Consider\u00e9 tus obras, y tuve miedo<\/em>.  Y esto lo hab\u00eda dicho el Profeta antiguamente: <em>Oh Se\u00f1or, he o\u00eddo tu voz y he temido. . . Saliste por la salvaci\u00f3n de tu pueblo; por la salvaci\u00f3n con tu Cristo<\/em>. - (Hab. iii., 2, 13).<br \/>\u00a0 \u00a0 \u00a0De ah\u00ed que Santo Tom\u00e1s califique el Misterio de la Encarnaci\u00f3n como el milagro de los milagros; un milagro incomprensible en el que Dios mostr\u00f3 cu\u00e1n poderoso era su amor hacia los hombres por el que Dios se hizo Hombre, el Creador una criatura, el Se\u00f1or un siervo, el impasible sujeto a los sufrimientos y a la muerte: <em>Ha mostrado fuerza en su brazo<\/em>. - (Lucas i., 51).  Se nos dice que San Pedro de Alc\u00e1ntara al o\u00edr esas palabras del Evangelio cantadas en la noche de Navidad... <em>En el principio era el Verbo<\/em> - y reflexionando sobre este Misterio, se inflam\u00f3 de tal modo en el amor divino que, en un estado de \u00e9xtasis, fue transportado por el aire un espacio considerable hasta los pies del Sant\u00edsimo Sacramento.  Y dice San Agust\u00edn que su alma pod\u00eda deleitarse eternamente en la contemplaci\u00f3n de la excelsa bondad de Dios que se nos manifiesta en la obra de la Redenci\u00f3n humana.  Por esta raz\u00f3n y por su ferviente devoci\u00f3n a este Misterio, Dios envi\u00f3 a este Santo a inscribir en el coraz\u00f3n de Santa Mar\u00eda Magdalena de Pazzi las palabras: <em>Y el Verbo se hizo carne<\/em>.<br \/>\u00a0 \u00a0 \u00a0Tan grande, pues, Jes\u00fas m\u00edo, era el deseo que ten\u00edas de ser amado por nosotros, que durante toda tu vida s\u00f3lo deseaste sufrir y morir por nosotros, y as\u00ed nos pusiste en la necesidad de amarte al menos por gratitud a tanto amor.  \u00bfY tienes tanta sed de nuestro amor?  \u00bfC\u00f3mo es, entonces, que deseamos tan poco el Tuyo?  Ay, hasta ahora he sido insensato, pues no s\u00f3lo no he deseado Tu amor, sino que he atra\u00eddo Tu odio sobre m\u00ed.  Redentor m\u00edo, conozco el mal que he hecho.  Lo detesto y lo lamento de todo coraz\u00f3n.  Ay\u00fadame, Jes\u00fas, Amor m\u00edo.<\/p><p><strong>Meditaci\u00f3n II:<br \/>\u00a0 \u00a0 \u00a0<\/strong><\/p><hr \/><p><strong>Lectura espiritual: <em>LA PR\u00c1CTICA DE LAS VIRTUDES CRISTIANAS: <\/em><\/strong>II. - LA PR\u00c1CTICA DE LA MORTIFICACI\u00d3N<\/p><hr \/><p><strong>Meditaci\u00f3n vespertina:\u00a0 <em>EL GRAN AMOR DE JESUCRISTO POR NOSOTROS<\/em><\/strong><\/p><p><strong>Meditaci\u00f3n I:<\/strong>\u00a0\u00a0 \u00a0 \u00a0<\/p><p><strong>Meditaci\u00f3n II:<\/strong>\u00a0\u00a0 \u00a0 \u00a0<\/p><\/div>\n\t\t\t\t<\/div>\n\t\t\t\t\t\t\t<div class=\"elementor-accordion-item\">\n\t\t\t\t\t<div id=\"elementor-tab-title-8767\" class=\"elementor-tab-title\" data-tab=\"7\" role=\"button\" aria-controls=\"elementor-tab-content-8767\" aria-expanded=\"false\">\n\t\t\t\t\t\t\t\t\t\t\t\t\t<span class=\"elementor-accordion-icon elementor-accordion-icon-left\" aria-hidden=\"true\">\n\t\t\t\t\t\t\t\t\t\t\t\t\t\t\t<span class=\"elementor-accordion-icon-closed\"><i class=\"fas fa-plus\"><\/i><\/span>\n\t\t\t\t\t\t\t\t<span class=\"elementor-accordion-icon-opened\"><i class=\"fas fa-minus\"><\/i><\/span>\n\t\t\t\t\t\t\t\t\t\t\t\t\t\t<\/span>\n\t\t\t\t\t\t\t\t\t\t\t\t<a class=\"elementor-accordion-title\" tabindex=\"0\">VIERNES DE LA SEXTA SEMANA DESPU\u00c9S DE EPIFAN\u00cdA<\/a>\n\t\t\t\t\t<\/div>\n\t\t\t\t\t<div id=\"elementor-tab-content-8767\" class=\"elementor-tab-content elementor-clearfix\" data-tab=\"7\" role=\"region\" aria-labelledby=\"elementor-tab-title-8767\"><p><b>Meditaci\u00f3n matutina:<em>\u00a0 \"\u00a1OH AMOR, OH AMOR, OH AMOR!\"<\/em><\/b><\/p><p>\u00a0 \u00a0 \u00a0San Pablo dice que, cuando los gentiles oyeron predicar que Jes\u00fas hab\u00eda sido crucificado por amor a los hombres, lo consideraron una locura tan grande que no pod\u00edan creerlo.  S\u00ed, porque les parec\u00eda una locura que un Dios muriera por los hombres.  De ah\u00ed que los santos se quedaran mudos de asombro ante la consideraci\u00f3n del amor de Jesucristo.  A la vista del crucifijo St. Francisco de Pa\u00fal s\u00f3lo pudo exclamar: \u00a1Oh Amor!  \u00a1Oh Amor!  \u00a1Oh Amor!<\/p><p><b>Meditaci\u00f3n I:<br \/><\/b>\u00a0 \u00a0 \u00a0San Pablo dice que el amor que Jes\u00fas nos ha demostrado al condescender a sufrir tanto por nuestra salvaci\u00f3n deber\u00eda excitarnos m\u00e1s poderosamente a amarle que la flagelaci\u00f3n, la coronaci\u00f3n de espinas, el doloroso viaje al Calvario, la agon\u00eda de tres horas en la Cruz, los bufetes, los escupitajos en la cara y todas las dem\u00e1s injurias que el Salvador soport\u00f3.  Seg\u00fan el Ap\u00f3stol, el amor que Jes\u00fas nos ha manifestado no s\u00f3lo nos obliga, sino que en cierto modo nos fuerza y nos constri\u00f1e, a amar a un Dios que nos ha amado tanto.\u00a0 <em>Porque la caridad de Cristo nos apremia<\/em>. - (2 Cor. v., 14).  Sobre este texto escribe San Francisco de Sales: \"Sabemos que Jes\u00fas, el verdadero Dios, nos ha amado hasta el punto de sufrir la muerte, y aun la muerte de Cruz por nuestra salvaci\u00f3n.  \u00bfNo pone tal amor nuestros corazones como bajo una prensa, para forzar del amor por una violencia que es tanto m\u00e1s fuerte cuanto m\u00e1s amable es?\"<br \/>\u00a0 \u00a0 \u00a0Tan grande era el amor que inflamaba el enamorado Coraz\u00f3n de Jes\u00fas, que no s\u00f3lo quiso morir por nuestra redenci\u00f3n, sino que durante toda su vida suspir\u00f3 ardientemente por el d\u00eda en que habr\u00eda de sufrir la muerte por amor nuestro.  De ah\u00ed que durante su vida Jes\u00fas sol\u00eda decir: <em>Tengo un bautismo con el que he de ser bautizado, \u00bfy c\u00f3mo estoy de apurado hasta que se cumpla?<\/em> - (Lucas xii., 50).  En Mi Pasi\u00f3n he de ser bautizado con el bautismo de Mi propia Sangre para lavar los pecados de los hombres.\u00a0 <em>\u00a1Y c\u00f3mo me aprieta!<\/em>\u00a0 \u00bfC\u00f3mo, dice San Ambrosio, explicando este pasaje, me veo constre\u00f1ido por el deseo de la pronta llegada del d\u00eda de mi muerte?  Por eso, la noche antes de su Pasi\u00f3n, dijo: <em>Con deseo he deseado comer esta pascua con vosotros antes de sufrir<\/em>. - (Lucas xxii., 15).<br \/>\u00a0 \u00a0 \u00a0Oh Amor infinito, digno de amor infinito, \u00a1cu\u00e1ndo te amar\u00e9, Jes\u00fas m\u00edo, como T\u00fa me has amado!  Ilum\u00edname, enci\u00e9ndeme, despr\u00e9ndeme de la tierra, y no me permitas resistir m\u00e1s a tantas seducciones de Tu amor.<\/p><p><strong>Meditaci\u00f3n II:<br \/>\u00a0 \u00a0 \u00a0<\/strong><\/p><hr \/><p><strong>Lectura espiritual: <em>LA PR\u00c1CTICA DE LAS VIRTUDES CRISTIANAS:\u00a0<\/em><\/strong> III. - LA CARIDAD HACIA EL PR\u00d3JIMO<\/p><hr \/><p><strong>Meditaci\u00f3n vespertina: <em>NUESTRA OBLIGACI\u00d3N DE AMAR A JESUCRISTO<\/em><\/strong><\/p><p><strong>Meditaci\u00f3n I:<\/strong>\u00a0\u00a0 \u00a0 \u00a0<\/p><p><strong>Meditaci\u00f3n II:<\/strong>\u00a0\u00a0 \u00a0 \u00a0<\/p><\/div>\n\t\t\t\t<\/div>\n\t\t\t\t\t\t\t<div class=\"elementor-accordion-item\">\n\t\t\t\t\t<div id=\"elementor-tab-title-8768\" class=\"elementor-tab-title\" data-tab=\"8\" role=\"button\" aria-controls=\"elementor-tab-content-8768\" aria-expanded=\"false\">\n\t\t\t\t\t\t\t\t\t\t\t\t\t<span class=\"elementor-accordion-icon elementor-accordion-icon-left\" aria-hidden=\"true\">\n\t\t\t\t\t\t\t\t\t\t\t\t\t\t\t<span class=\"elementor-accordion-icon-closed\"><i class=\"fas fa-plus\"><\/i><\/span>\n\t\t\t\t\t\t\t\t<span class=\"elementor-accordion-icon-opened\"><i class=\"fas fa-minus\"><\/i><\/span>\n\t\t\t\t\t\t\t\t\t\t\t\t\t\t<\/span>\n\t\t\t\t\t\t\t\t\t\t\t\t<a class=\"elementor-accordion-title\" tabindex=\"0\">S\u00c1BADO DE LA SEXTA SEMANA DESPU\u00c9S DE EPIFAN\u00cdA<\/a>\n\t\t\t\t\t<\/div>\n\t\t\t\t\t<div id=\"elementor-tab-content-8768\" class=\"elementor-tab-content elementor-clearfix\" data-tab=\"8\" role=\"region\" aria-labelledby=\"elementor-tab-title-8768\"><p><b>Meditaci\u00f3n matutina:\u00a0 <em>CONFIANZA EN LA INTERCESI\u00d3N DE LA BIENAVENTURADA VIRGEN MAR\u00cdA:\u00a0 <\/em><\/b>SU DESEO DE AYUDARNOS<\/p><p>\u00a0 \u00a0 \u00a0San Bernardo dice que, puesto que a Mar\u00eda no le puede faltar el poder de salvarnos por ser la Madre de Dios, tampoco le puede faltar el deseo de ayudarnos por ser nuestra Madre.  Oh Madre de Dios y Madre m\u00eda, Mar\u00eda, en ti pongo toda mi confianza.<\/p><p><b>Meditaci\u00f3n I:<br \/><\/b>\u00a0 \u00a0 \u00a0\u00bfDe qu\u00e9 nos servir\u00eda, dice San Buenaventura, el poder de Mar\u00eda si no se preocupara de ayudarnos?  Pero, a\u00f1ade el Santo, tengamos por cierto que, as\u00ed como la Virgen Mar\u00eda es la m\u00e1s poderosa de todos los Santos ante Dios, as\u00ed tambi\u00e9n es la m\u00e1s sol\u00edcita de todos por nuestra salvaci\u00f3n.  \"\u00bfY qui\u00e9n, oh Se\u00f1ora -dice San Germ\u00e1n-, despu\u00e9s de tu Hijo, siente por nosotros mayor solicitud que T\u00fa?  \u00bfQui\u00e9n nos defiende tan poderosamente en nuestras aflicciones?  \u00bfQui\u00e9n trabaja tanto por la conversi\u00f3n de los pecadores?  Oh Mar\u00eda, tu protecci\u00f3n es tan grande que no podemos comprenderla\".  San Andr\u00e9s Avellino sol\u00eda llamar a Mar\u00eda \"la agente del Para\u00edso\".  Pues, \u00bfqu\u00e9 hace ella en el Para\u00edso?  Reza continuamente por nosotros y nos obtiene todas las gracias que le pedimos.  Un d\u00eda le dijo a Santa Br\u00edgida: \"Me llaman, y en verdad lo soy, la Madre de la Misericordia; porque as\u00ed me ha hecho la Misericordia de Dios\".  \u00bfY qui\u00e9n sino Dios en su Misericordia, porque quiere salvar a todos, nos ha dado esta gran protectora?  Miserable, y miserable por toda la eternidad, dijo la Sant\u00edsima Virgen a Santa Br\u00edgida, ser\u00e1 el hombre que se condene porque, cuando en esta vida pudo invocar mi intercesi\u00f3n, descuid\u00f3 recurrir a m\u00ed, que soy tan compasiva con todos.<br \/>\u00a0 \u00a0 \u00a0Ricardo de San V\u00edctor dice que Mar\u00eda est\u00e1 tan llena de misericordia que, cuando ve nuestras miserias, nos socorre al instante; no puede contemplar un alma en pena sin acudir en su socorro.<br \/>\u00a0 \u00a0 \u00a0As\u00ed actuaba cuando viv\u00eda en la tierra, como nos ense\u00f1a lo sucedido en las Bodas de Can\u00e1 de Galilea.  Si, pues, dice San Buenaventura, la compasi\u00f3n de Mar\u00eda por los afligidos era tan grande mientras viv\u00eda en este mundo, su piedad por nosotros es ciertamente mucho mayor ahora que reina en el Cielo, donde tiene un mejor conocimiento de nuestras miserias y una mayor compasi\u00f3n por nuestras aflicciones.<br \/>\u00a0 \u00a0 \u00a0Oh Se\u00f1ora, si ruegas por m\u00ed, me salvar\u00e9, pues consigues con tus oraciones todo lo que deseas.  Ruega, pues, por m\u00ed, oh gran Madre de Dios, que tu Hijo te escucha y te concede cuanto le pides.  Es verdad que soy indigno de tu protecci\u00f3n, pero t\u00fa nunca has abandonado a un alma que ha recurrido a ti.  Oh Mar\u00eda, te entrego mi alma.  T\u00fa has de salvarla.<\/p><p><strong>Meditaci\u00f3n II:<br \/>\u00a0 \u00a0 \u00a0<\/strong><\/p><hr \/><p><strong>Lectura espiritual:\u00a0 <i><em>LA PR\u00c1CTICA DE LAS VIRTUDES CRISTIANAS:\u00a0 \u00a0<\/em><\/i><\/strong>IV. - DEVOCI\u00d3N A LA GRAN MADRE DE DIOS<\/p><hr \/><p><strong>Meditaci\u00f3n vespertina:\u00a0 <em>ORACI\u00d3N:\u00a0<\/em><\/strong> I. - SU PODER<\/p><p><strong>Meditaci\u00f3n I:<\/strong>\u00a0\u00a0 \u00a0 \u00a0<\/p><p><strong>Meditaci\u00f3n II:<\/strong>\u00a0\u00a0 \u00a0 \u00a0<\/p><\/div>\n\t\t\t\t<\/div>\n\t\t\t\t\t\t\t\t<\/div>\n\t\t\t\t\t\t<\/div>\n\t\t\t\t<\/div>\n\t\t\t\t\t<\/div>\n\t\t\t\t<\/div>\n\t\t<div class=\"elementor-element elementor-element-8c89efa e-flex e-con-boxed e-con e-parent\" data-id=\"8c89efa\" data-element_type=\"container\" data-e-type=\"container\">\n\t\t\t\t\t<div class=\"e-con-inner\">\n\t\t\t\t<div class=\"elementor-element elementor-element-434f071 elementor-widget elementor-widget-text-editor\" data-id=\"434f071\" data-element_type=\"widget\" data-e-type=\"widget\" data-widget_type=\"text-editor.default\">\n\t\t\t\t<div class=\"elementor-widget-container\">\n\t\t\t\t\t\t\t\t\t<p><a href=\"https:\/\/societyofthemostholyredeemer.org\/es\/daily-meditations\/\">\u21d1 \u00a0<\/a><em><a href=\"https:\/\/societyofthemostholyredeemer.org\/es\/daily-meditations\/\">CONTENIDO<\/a><br \/><\/em><a href=\"https:\/\/societyofthemostholyredeemer.org\/es\/daily-meditations-fifth-week-after-epiphany\/\">\u21d0 <em>FIFTH WEEK AFTER EPIPHANY<\/em><\/a><br \/><a href=\"https:\/\/societyofthemostholyredeemer.org\/es\/daily-meditations-septuagesima-week\/\">\u21d2\u00a0<em>SEPTUAGESIMA WEEK<\/em><\/a><\/p>\t\t\t\t\t\t\t\t<\/div>\n\t\t\t\t<\/div>\n\t\t\t\t\t<\/div>\n\t\t\t\t<\/div>\n\t\t\t\t<\/div>","protected":false},"excerpt":{"rendered":"<p>VOLUME ONE &#8211; PART II, pp. 272-330 SIXTH SUNDAY AFTER EPIPHANY Morning Meditation:\u00a0 &#8220;IN MUCH TRIBULATION WITH JOY OF THE HOLY GHOST&#8220; \u2014 (Epistle of Sunday.\u00a0 1 Thess. i., 2-10) \u00a0 \u00a0 \u00a0&#8220;The Cross of Christ,&#8221; says St. John Chrysostom, &hellip; <a class=\"continue_reading\" href=\"https:\/\/societyofthemostholyredeemer.org\/es\/daily-meditations-sixth-week-after-epiphany\/\">Seguir leyendo <span class=\"meta-nav\"><i class=\"fa fa-caret-right\" aria-hidden=\"true\"><\/i><\/span><\/a><\/p>","protected":false},"author":3,"featured_media":4884,"parent":0,"menu_order":59,"comment_status":"closed","ping_status":"closed","template":"","meta":{"_acf_changed":false,"footnotes":""},"class_list":["post-6303","page","type-page","status-publish","has-post-thumbnail","hentry"],"acf":[],"_links":{"self":[{"href":"https:\/\/societyofthemostholyredeemer.org\/es\/wp-json\/wp\/v2\/pages\/6303","targetHints":{"allow":["GET"]}}],"collection":[{"href":"https:\/\/societyofthemostholyredeemer.org\/es\/wp-json\/wp\/v2\/pages"}],"about":[{"href":"https:\/\/societyofthemostholyredeemer.org\/es\/wp-json\/wp\/v2\/types\/page"}],"author":[{"embeddable":true,"href":"https:\/\/societyofthemostholyredeemer.org\/es\/wp-json\/wp\/v2\/users\/3"}],"replies":[{"embeddable":true,"href":"https:\/\/societyofthemostholyredeemer.org\/es\/wp-json\/wp\/v2\/comments?post=6303"}],"version-history":[{"count":53,"href":"https:\/\/societyofthemostholyredeemer.org\/es\/wp-json\/wp\/v2\/pages\/6303\/revisions"}],"predecessor-version":[{"id":12312,"href":"https:\/\/societyofthemostholyredeemer.org\/es\/wp-json\/wp\/v2\/pages\/6303\/revisions\/12312"}],"wp:featuredmedia":[{"embeddable":true,"href":"https:\/\/societyofthemostholyredeemer.org\/es\/wp-json\/wp\/v2\/media\/4884"}],"wp:attachment":[{"href":"https:\/\/societyofthemostholyredeemer.org\/es\/wp-json\/wp\/v2\/media?parent=6303"}],"curies":[{"name":"wp","href":"https:\/\/api.w.org\/{rel}","templated":true}]}}