{"id":20,"date":"2019-09-17T22:00:02","date_gmt":"2019-09-17T22:00:02","guid":{"rendered":"http:\/\/dev.sssr.org\/about\/"},"modified":"2024-11-30T20:45:13","modified_gmt":"2024-11-30T20:45:13","slug":"about","status":"publish","type":"page","link":"https:\/\/societyofthemostholyredeemer.org\/pt\/about\/","title":{"rendered":"SOBRE N\u00d3S"},"content":{"rendered":"<div data-elementor-type=\"wp-page\" data-elementor-id=\"20\" class=\"elementor elementor-20\" data-elementor-post-type=\"page\">\n\t\t\t\t\t\t<section class=\"elementor-section elementor-top-section elementor-element elementor-element-fe1d163 elementor-section-boxed elementor-section-height-default elementor-section-height-default\" data-id=\"fe1d163\" data-element_type=\"section\" data-e-type=\"section\">\n\t\t\t\t\t\t<div class=\"elementor-container elementor-column-gap-default\">\n\t\t\t\t\t<div class=\"elementor-column elementor-col-100 elementor-top-column elementor-element elementor-element-1f4a3f0\" data-id=\"1f4a3f0\" data-element_type=\"column\" data-e-type=\"column\">\n\t\t\t<div class=\"elementor-widget-wrap elementor-element-populated\">\n\t\t\t\t\t\t<div class=\"elementor-element elementor-element-6c1220a elementor-widget elementor-widget-text-editor\" data-id=\"6c1220a\" data-element_type=\"widget\" data-e-type=\"widget\" data-widget_type=\"text-editor.default\">\n\t\t\t\t<div class=\"elementor-widget-container\">\n\t\t\t\t\t\t\t\t\t<p style=\"text-align: center;\"><strong>Q U O D E S T N E C E S S S A R I U M E S T L I C I T U M <\/strong><\/p><p style=\"text-align: center;\"><strong>\"DECRETORUM LIBRI VIGINTI- BROCARDUS\"<\/strong><\/p><p><strong><u>F\u00c9 TRADICIONAL CAT\u00d3LICA ROMANA<\/u><\/strong>\u00a0em sua integridade \u00e9 um tesouro e, sendo um tesouro, \u00e9 dif\u00edcil de ser encontrado nestes tempos em que tudo parece carecer de autenticidade, caridade, solenidade, beleza, bondade e verdade.<\/p><p>D\u00e9cadas atr\u00e1s, mas particularmente ap\u00f3s o Conc\u00edlio Vaticano II, a Igreja entrou em uma grave crise sem precedentes em sua hist\u00f3ria. Graves erros foram entronizados mesmo nos lugares mais altos da hierarquia. Sacerdotes, religiosos e fi\u00e9is foram obrigados a abandonar a estrutura a fim de n\u00e3o abandonar a F\u00e9 Cat\u00f3lica. Muitas congrega\u00e7\u00f5es mudaram drasticamente para se adaptarem ao \"tempo da primavera\" da igreja que nunca chegou. Em vez disso, nas palavras do Papa Paulo V, \"a fuma\u00e7a de Satan\u00e1s entrou na Igreja\".<\/p><p>\u00c9 por isso que n\u00f3s, religiosos e fi\u00e9is, seguimos os ensinamentos do\u00a0<em>Doutor Zelantissimus<\/em>\u00a0(Doutor Muito Zeloso) Santo Afonso Liguori e confiando na orienta\u00e7\u00e3o do magist\u00e9rio perene da Igreja inalterada por s\u00e9culos antes do Conc\u00edlio Vaticano II, s\u00e3o for\u00e7ados a continuar o trabalho dos Redentoristas tradicionais na Sociedade do Sant\u00edssimo Redentor, rejeitando os erros promulgados oficialmente pelo Conc\u00edlio, mantendo a integridade da doutrina como era antes e separando-nos de qualquer outra congrega\u00e7\u00e3o Redentorista que os aceite. Ao faz\u00ea-lo, reconhecemos os Papas ap\u00f3s o Conc\u00edlio, mas, por terem ca\u00eddo em erro em v\u00e1rios t\u00f3picos, acreditamos que os cat\u00f3licos podem, de boa f\u00e9 e consci\u00eancia, resistir a seus erros. Entendemos o grande sofrimento que pode ser causado nas almas fi\u00e9is pelas muitas declara\u00e7\u00f5es nefastas das autoridades atuais que governam a hierarquia, mas n\u00e3o acreditamos que o sedevacantismo seja a resposta adequada para a crise da Igreja.<\/p><p>Portanto, nosso objetivo \u00e9 conduzir atividades religiosas, caritativas e educacionais como uma sociedade inspirada no esp\u00edrito tradicional redentorista: promover, manter, proteger e ensinar a Religi\u00e3o Tradicional Santa Cat\u00f3lica Romana para a preserva\u00e7\u00e3o de nossos valores espirituais e culturais na sociedade.<\/p><p>Santo Afonso escreveu:<\/p><p><em>\"Espero salvar minha alma, e espero, no pr\u00f3ximo mundo, tratar com Deus sobre os assuntos da Congrega\u00e7\u00e3o. Mas digo a cada um que despreza o conselho que tenho (aqui) escrito, que no dia do julgamento ele me ter\u00e1 por seu primeiro acusador perante o Tribunal de Jesus Cristo\".<\/em><\/p><p>E, em uma carta de julho de 1756, ele tamb\u00e9m escreveu:\u00a0<\/p><p>\"<em>\u00c9 verdade que devemos obedecer ao arcebispo, mas com \"modera\u00e7\u00e3o\" e nas coisas em que somos obrigados a obedec\u00ea-lo... Porque servimos \u00e0 Igreja universal!<\/em>\u201d<\/p><p>Tamb\u00e9m esperamos salvar nossas almas, como os grandes mission\u00e1rios costumavam insistir para as multid\u00f5es, e porque n\u00e3o queremos ver nosso Aben\u00e7oado Padre St. Afonso como acusador em nosso julgamento final, e porque n\u00e3o queremos ouvir de Deus aquelas terr\u00edveis palavras: \"Voc\u00ea tamb\u00e9m contribuiu para a tentativa de destruir a minha Igreja\", \u00e9 por isso que agimos nessa situa\u00e7\u00e3o de necessidade, trabalhando arduamente para levar a Reden\u00e7\u00e3o de Cristo especialmente \u00e0s pessoas mais abandonadas, como nos foi ordenado por Cristo Redentor, \"em quem temos a reden\u00e7\u00e3o pelo seu sangue\" (HABEMUS REDEMPTIONEM PER SANGUINEM EIUS, como diz o nosso lema).<\/p><p>Que o Sant\u00edssimo Redentor, a Sant\u00edssima Virgem da Imaculada Concei\u00e7\u00e3o - nossa M\u00e3e do Perp\u00e9tuo Socorro - e todos os Santos nos ajudem em nossa miss\u00e3o, que se expressa no princ\u00edpio mais essencial de nossa lei: A salva\u00e7\u00e3o das almas. \u201c<em>ANIM\u00c1RIO DE VENDA\u00a0<\/em><strong><em><u>SUPREMA<\/u><\/em><\/strong><em><u>\u00a0<\/u><\/em><strong><em><u>LEX EST<\/u>\u201d<\/em><\/strong>.<\/p>\t\t\t\t\t\t\t\t<\/div>\n\t\t\t\t<\/div>\n\t\t\t\t\t<\/div>\n\t\t<\/div>\n\t\t\t\t\t<\/div>\n\t\t<\/section>\n\t\t\t\t<\/div>","protected":false},"excerpt":{"rendered":"<p>Q U O D E S T N E C E S S A R I U M E S T L I C I T U M \"DECRETORUM LIBRI VIGINTI- BROCARDUS\" A F\u00c9 CAT\u00d3LICA TRADICIONAL ROMANA em sua integridade \u00e9 uma ... <a class=\"continue_reading\" href=\"https:\/\/societyofthemostholyredeemer.org\/pt\/about\/\">Continuar lendo <span class=\"meta-nav\"><i class=\"fa fa-caret-right\" aria-hidden=\"true\"><\/i><\/span><\/a><\/p>","protected":false},"author":2,"featured_media":0,"parent":0,"menu_order":1,"comment_status":"closed","ping_status":"closed","template":"","meta":{"_acf_changed":false,"footnotes":""},"class_list":["post-20","page","type-page","status-publish","hentry"],"acf":[],"_links":{"self":[{"href":"https:\/\/societyofthemostholyredeemer.org\/pt\/wp-json\/wp\/v2\/pages\/20","targetHints":{"allow":["GET"]}}],"collection":[{"href":"https:\/\/societyofthemostholyredeemer.org\/pt\/wp-json\/wp\/v2\/pages"}],"about":[{"href":"https:\/\/societyofthemostholyredeemer.org\/pt\/wp-json\/wp\/v2\/types\/page"}],"author":[{"embeddable":true,"href":"https:\/\/societyofthemostholyredeemer.org\/pt\/wp-json\/wp\/v2\/users\/2"}],"replies":[{"embeddable":true,"href":"https:\/\/societyofthemostholyredeemer.org\/pt\/wp-json\/wp\/v2\/comments?post=20"}],"version-history":[{"count":21,"href":"https:\/\/societyofthemostholyredeemer.org\/pt\/wp-json\/wp\/v2\/pages\/20\/revisions"}],"predecessor-version":[{"id":4872,"href":"https:\/\/societyofthemostholyredeemer.org\/pt\/wp-json\/wp\/v2\/pages\/20\/revisions\/4872"}],"wp:attachment":[{"href":"https:\/\/societyofthemostholyredeemer.org\/pt\/wp-json\/wp\/v2\/media?parent=20"}],"curies":[{"name":"wp","href":"https:\/\/api.w.org\/{rel}","templated":true}]}}