{"id":4346,"date":"2024-11-26T11:07:54","date_gmt":"2024-11-26T11:07:54","guid":{"rendered":"https:\/\/societyofthemostholyredeemer.org\/?page_id=4346"},"modified":"2026-01-01T04:31:39","modified_gmt":"2026-01-01T04:31:39","slug":"daily-meditations","status":"publish","type":"page","link":"https:\/\/societyofthemostholyredeemer.org\/pt\/daily-meditations\/","title":{"rendered":"MEDITA\u00c7\u00d5ES E LEITURAS PARA TODOS OS DIAS DO ANO"},"content":{"rendered":"<div data-elementor-type=\"wp-page\" data-elementor-id=\"4346\" class=\"elementor elementor-4346\" data-elementor-post-type=\"page\">\n\t\t\t\t<div class=\"elementor-element elementor-element-c023d08 e-grid e-con-boxed e-con e-parent\" data-id=\"c023d08\" data-element_type=\"container\" data-e-type=\"container\">\n\t\t\t\t\t<div class=\"e-con-inner\">\n\t\t\t\t<div class=\"elementor-element elementor-element-f852df7 elementor-widget elementor-widget-image\" data-id=\"f852df7\" data-element_type=\"widget\" data-e-type=\"widget\" data-widget_type=\"image.default\">\n\t\t\t\t<div class=\"elementor-widget-container\">\n\t\t\t\t\t\t\t\t\t\t\t\t\t\t\t<img fetchpriority=\"high\" decoding=\"async\" width=\"182\" height=\"300\" src=\"https:\/\/societyofthemostholyredeemer.org\/wp-content\/uploads\/2024\/12\/Book-cover-182x300.jpg\" class=\"attachment-medium size-medium wp-image-4873\" alt=\"\" srcset=\"https:\/\/societyofthemostholyredeemer.org\/wp-content\/uploads\/2024\/12\/Book-cover-182x300.jpg 182w, https:\/\/societyofthemostholyredeemer.org\/wp-content\/uploads\/2024\/12\/Book-cover-621x1024.jpg 621w, https:\/\/societyofthemostholyredeemer.org\/wp-content\/uploads\/2024\/12\/Book-cover-768x1266.jpg 768w, https:\/\/societyofthemostholyredeemer.org\/wp-content\/uploads\/2024\/12\/Book-cover-7x12.jpg 7w, https:\/\/societyofthemostholyredeemer.org\/wp-content\/uploads\/2024\/12\/Book-cover.jpg 866w\" sizes=\"(max-width: 182px) 100vw, 182px\" \/>\t\t\t\t\t\t\t\t\t\t\t\t\t\t\t<\/div>\n\t\t\t\t<\/div>\n\t\t\t\t<div class=\"elementor-element elementor-element-018a1bb elementor-widget__width-inherit elementor-widget elementor-widget-text-editor\" data-id=\"018a1bb\" data-element_type=\"widget\" data-e-type=\"widget\" data-widget_type=\"text-editor.default\">\n\t\t\t\t<div class=\"elementor-widget-container\">\n\t\t\t\t\t\t\t\t\t<p style=\"text-align: left;\">&nbsp; &nbsp; &nbsp;Temos o prazer de fornecer esses&nbsp;&nbsp;<em>Meditations and Readings for Every Day of the Year (Medita\u00e7\u00f5es e Leituras para Todos os Dias do Ano): Sele\u00e7\u00f5es dos Escritos Espirituais de Santo Afonso. <\/em>O conte\u00fado foi escolhido e organizado pelo Rev. Pe. John Baptist Coyle, C.Ss.R.<\/p>\n<p style=\"text-align: left;\">These volumes were published by Talbot Press\/Phoenix Publishing Company, Ltd., Dublin, Ireland, 1923 &#8211; 1930.<\/p>\n<p>[N.B. A apresenta\u00e7\u00e3o deste material \u00e9 um projeto em andamento; novas medita\u00e7\u00f5es ser\u00e3o adicionadas diariamente at\u00e9 que sejam conclu\u00eddas.]<\/p>\t\t\t\t\t\t\t\t<\/div>\n\t\t\t\t<\/div>\n\t\t\t\t\t<\/div>\n\t\t\t\t<\/div>\n\t\t<div class=\"elementor-element elementor-element-befd6fc e-flex e-con-boxed e-con e-parent\" data-id=\"befd6fc\" data-element_type=\"container\" data-e-type=\"container\">\n\t\t\t\t\t<div class=\"e-con-inner\">\n\t\t\t\t<div class=\"elementor-element elementor-element-d2cc6b7 elementor-widget-divider--view-line elementor-widget elementor-widget-divider\" data-id=\"d2cc6b7\" data-element_type=\"widget\" data-e-type=\"widget\" data-widget_type=\"divider.default\">\n\t\t\t\t<div class=\"elementor-widget-container\">\n\t\t\t\t\t\t\t<div class=\"elementor-divider\">\n\t\t\t<span class=\"elementor-divider-separator\">\n\t\t\t\t\t\t<\/span>\n\t\t<\/div>\n\t\t\t\t\t\t<\/div>\n\t\t\t\t<\/div>\n\t\t\t\t\t<\/div>\n\t\t\t\t<\/div>\n\t\t<div class=\"elementor-element elementor-element-06eb0eb e-flex e-con-boxed e-con e-parent\" data-id=\"06eb0eb\" data-element_type=\"container\" data-e-type=\"container\">\n\t\t\t\t\t<div class=\"e-con-inner\">\n\t\t\t\t<div class=\"elementor-element elementor-element-5acd7aa elementor-widget elementor-widget-accordion\" data-id=\"5acd7aa\" data-element_type=\"widget\" data-e-type=\"widget\" data-widget_type=\"accordion.default\">\n\t\t\t\t<div class=\"elementor-widget-container\">\n\t\t\t\t\t\t\t<div class=\"elementor-accordion\">\n\t\t\t\t\t\t\t<div class=\"elementor-accordion-item\">\n\t\t\t\t\t<div id=\"elementor-tab-title-9521\" class=\"elementor-tab-title\" data-tab=\"1\" role=\"button\" aria-controls=\"elementor-tab-content-9521\" aria-expanded=\"false\">\n\t\t\t\t\t\t\t\t\t\t\t\t\t<span class=\"elementor-accordion-icon elementor-accordion-icon-left\" aria-hidden=\"true\">\n\t\t\t\t\t\t\t\t\t\t\t\t\t\t\t<span class=\"elementor-accordion-icon-closed\"><i class=\"fas fa-plus\"><\/i><\/span>\n\t\t\t\t\t\t\t\t<span class=\"elementor-accordion-icon-opened\"><i class=\"fas fa-minus\"><\/i><\/span>\n\t\t\t\t\t\t\t\t\t\t\t\t\t\t<\/span>\n\t\t\t\t\t\t\t\t\t\t\t\t<a class=\"elementor-accordion-title\" tabindex=\"0\">TABLE OF CONTENTS<\/a>\n\t\t\t\t\t<\/div>\n\t\t\t\t\t<div id=\"elementor-tab-content-9521\" class=\"elementor-tab-content elementor-clearfix\" data-tab=\"1\" role=\"region\" aria-labelledby=\"elementor-tab-title-9521\"><\/div>\n\t\t\t\t<\/div>\n\t\t\t\t\t\t\t<div class=\"elementor-accordion-item\">\n\t\t\t\t\t<div id=\"elementor-tab-title-9522\" class=\"elementor-tab-title\" data-tab=\"2\" role=\"button\" aria-controls=\"elementor-tab-content-9522\" aria-expanded=\"false\">\n\t\t\t\t\t\t\t\t\t\t\t\t\t<span class=\"elementor-accordion-icon elementor-accordion-icon-left\" aria-hidden=\"true\">\n\t\t\t\t\t\t\t\t\t\t\t\t\t\t\t<span class=\"elementor-accordion-icon-closed\"><i class=\"fas fa-plus\"><\/i><\/span>\n\t\t\t\t\t\t\t\t<span class=\"elementor-accordion-icon-opened\"><i class=\"fas fa-minus\"><\/i><\/span>\n\t\t\t\t\t\t\t\t\t\t\t\t\t\t<\/span>\n\t\t\t\t\t\t\t\t\t\t\t\t<a class=\"elementor-accordion-title\" tabindex=\"0\">VOLUME UM, PARTE I: DO ADVENTO \u00c0 EPIFANIA<\/a>\n\t\t\t\t\t<\/div>\n\t\t\t\t\t<div id=\"elementor-tab-content-9522\" class=\"elementor-tab-content elementor-clearfix\" data-tab=\"2\" role=\"region\" aria-labelledby=\"elementor-tab-title-9522\"><p>- <a href=\"https:\/\/societyofthemostholyredeemer.org\/pt\/daily-meditations-first-week-of-advent\/\">Primeira semana do Advento<\/a>incluindo a primeira sexta-feira de dezembro<\/p><p>- <a href=\"https:\/\/societyofthemostholyredeemer.org\/pt\/daily-meditations-second-week-of-advent\/\">Segunda semana do Advento<\/a>incluindo a Festa da Imaculada Concei\u00e7\u00e3o<\/p><p>- <a href=\"https:\/\/societyofthemostholyredeemer.org\/pt\/daily-meditations-third-week-of-advent\/\">Terceira semana do Advento<\/a><\/p><p>- <a href=\"https:\/\/societyofthemostholyredeemer.org\/pt\/daily-meditations-fourth-week-of-advent\/\">Quarta semana do Advento<\/a>\u00a0<\/p><p>- <a href=\"https:\/\/societyofthemostholyredeemer.org\/pt\/daily-meditations-christmas-week\/\">Semana de Natal<\/a>incluindo a v\u00e9spera de Natal\u00a0<\/p><p>- <a href=\"https:\/\/societyofthemostholyredeemer.org\/pt\/daily-meditations-first-week-in-january\/\">Primeira semana de janeiro<\/a>, including the Feast of the Epiphany<\/p><p>- <a href=\"https:\/\/societyofthemostholyredeemer.org\/pt\/daily-meditations-octave-of-the-epiphany\/\">Oitava da Epifania<\/a>incluindo a Festa da Sagrada Fam\u00edlia de Nazar\u00e9<\/p><\/div>\n\t\t\t\t<\/div>\n\t\t\t\t\t\t\t<div class=\"elementor-accordion-item\">\n\t\t\t\t\t<div id=\"elementor-tab-title-9523\" class=\"elementor-tab-title\" data-tab=\"3\" role=\"button\" aria-controls=\"elementor-tab-content-9523\" aria-expanded=\"false\">\n\t\t\t\t\t\t\t\t\t\t\t\t\t<span class=\"elementor-accordion-icon elementor-accordion-icon-left\" aria-hidden=\"true\">\n\t\t\t\t\t\t\t\t\t\t\t\t\t\t\t<span class=\"elementor-accordion-icon-closed\"><i class=\"fas fa-plus\"><\/i><\/span>\n\t\t\t\t\t\t\t\t<span class=\"elementor-accordion-icon-opened\"><i class=\"fas fa-minus\"><\/i><\/span>\n\t\t\t\t\t\t\t\t\t\t\t\t\t\t<\/span>\n\t\t\t\t\t\t\t\t\t\t\t\t<a class=\"elementor-accordion-title\" tabindex=\"0\">VOLUME UM, PARTE II: TEMPO AP\u00d3S A EPIFANIA AT\u00c9 A SEPTUAG\u00c9SIMA<\/a>\n\t\t\t\t\t<\/div>\n\t\t\t\t\t<div id=\"elementor-tab-content-9523\" class=\"elementor-tab-content elementor-clearfix\" data-tab=\"3\" role=\"region\" aria-labelledby=\"elementor-tab-title-9523\"><p>- <a href=\"https:\/\/societyofthemostholyredeemer.org\/pt\/first-week-after-epiphany\/\">Primeira semana ap\u00f3s a Epifania<\/a><\/p><p>- <a href=\"https:\/\/societyofthemostholyredeemer.org\/pt\/daily-meditations-second-week-after-epiphany\/\">Segunda semana ap\u00f3s a Epifania<\/a><\/p><p>- <a href=\"https:\/\/societyofthemostholyredeemer.org\/pt\/daily-meditations-third-week-after-epiphany\/\">Terceira semana ap\u00f3s a Epifania<\/a><\/p><p>- <a href=\"https:\/\/societyofthemostholyredeemer.org\/pt\/daily-meditations-fourth-week-after-epiphany\/\">Quarta semana ap\u00f3s a Epifania<\/a><\/p><p>- <a href=\"https:\/\/societyofthemostholyredeemer.org\/pt\/daily-meditations-fifth-week-after-epiphany\/\">Quinta semana ap\u00f3s a Epifania<\/a><\/p><p>- <a href=\"https:\/\/societyofthemostholyredeemer.org\/pt\/daily-meditations-sixth-week-after-epiphany\/\">Sexta semana ap\u00f3s a Epifania<\/a><\/p><p>- <a href=\"https:\/\/societyofthemostholyredeemer.org\/pt\/daily-meditations-septuagesima-week\/\">Semana Septuagesima<\/a><\/p><\/div>\n\t\t\t\t<\/div>\n\t\t\t\t\t\t\t<div class=\"elementor-accordion-item\">\n\t\t\t\t\t<div id=\"elementor-tab-title-9524\" class=\"elementor-tab-title\" data-tab=\"4\" role=\"button\" aria-controls=\"elementor-tab-content-9524\" aria-expanded=\"false\">\n\t\t\t\t\t\t\t\t\t\t\t\t\t<span class=\"elementor-accordion-icon elementor-accordion-icon-left\" aria-hidden=\"true\">\n\t\t\t\t\t\t\t\t\t\t\t\t\t\t\t<span class=\"elementor-accordion-icon-closed\"><i class=\"fas fa-plus\"><\/i><\/span>\n\t\t\t\t\t\t\t\t<span class=\"elementor-accordion-icon-opened\"><i class=\"fas fa-minus\"><\/i><\/span>\n\t\t\t\t\t\t\t\t\t\t\t\t\t\t<\/span>\n\t\t\t\t\t\t\t\t\t\t\t\t<a class=\"elementor-accordion-title\" tabindex=\"0\">VOLUME DOIS, PARTE I: SEXAGESIMA A S\u00c1BADO SANTO<\/a>\n\t\t\t\t\t<\/div>\n\t\t\t\t\t<div id=\"elementor-tab-content-9524\" class=\"elementor-tab-content elementor-clearfix\" data-tab=\"4\" role=\"region\" aria-labelledby=\"elementor-tab-title-9524\"><p>- <a href=\"https:\/\/societyofthemostholyredeemer.org\/pt\/daily-meditations-sexagesima-week\/\">Semana da Sexagesima<\/a><\/p><p>- <a href=\"https:\/\/societyofthemostholyredeemer.org\/pt\/daily-meditations-quinquagesima-week\/\">Semana Quinquagesima<\/a><\/p><p>- <a href=\"https:\/\/societyofthemostholyredeemer.org\/pt\/daily-meditations-first-week-of-lent\/\">Primeira semana da Quaresma<\/a><\/p><p>- <a href=\"https:\/\/societyofthemostholyredeemer.org\/pt\/daily-meditations-second-week-of-lent\/\">Segunda semana da Quaresma<\/a><\/p><p>- <a href=\"https:\/\/societyofthemostholyredeemer.org\/pt\/daily-meditations-third-week-of-lent\/\">Terceira semana da Quaresma<\/a><\/p><p>- <a href=\"https:\/\/societyofthemostholyredeemer.org\/pt\/daily-meditations-fourth-week-of-lent\/\">Quarta semana da Quaresma<\/a><\/p><p>- <a href=\"https:\/\/societyofthemostholyredeemer.org\/pt\/daily-meditations-passion-week\/\">Semana da Paix\u00e3o<\/a><\/p><p>- <a href=\"https:\/\/societyofthemostholyredeemer.org\/pt\/daily-meditations-holy-week\/\">Semana Santa<\/a><\/p><\/div>\n\t\t\t\t<\/div>\n\t\t\t\t\t\t\t<div class=\"elementor-accordion-item\">\n\t\t\t\t\t<div id=\"elementor-tab-title-9525\" class=\"elementor-tab-title\" data-tab=\"5\" role=\"button\" aria-controls=\"elementor-tab-content-9525\" aria-expanded=\"false\">\n\t\t\t\t\t\t\t\t\t\t\t\t\t<span class=\"elementor-accordion-icon elementor-accordion-icon-left\" aria-hidden=\"true\">\n\t\t\t\t\t\t\t\t\t\t\t\t\t\t\t<span class=\"elementor-accordion-icon-closed\"><i class=\"fas fa-plus\"><\/i><\/span>\n\t\t\t\t\t\t\t\t<span class=\"elementor-accordion-icon-opened\"><i class=\"fas fa-minus\"><\/i><\/span>\n\t\t\t\t\t\t\t\t\t\t\t\t\t\t<\/span>\n\t\t\t\t\t\t\t\t\t\t\t\t<a class=\"elementor-accordion-title\" tabindex=\"0\">VOLUME DOIS, PARTE II: DA P\u00c1SCOA \u00c0 ASCENS\u00c3O<\/a>\n\t\t\t\t\t<\/div>\n\t\t\t\t\t<div id=\"elementor-tab-content-9525\" class=\"elementor-tab-content elementor-clearfix\" data-tab=\"5\" role=\"region\" aria-labelledby=\"elementor-tab-title-9525\"><p>- <a href=\"https:\/\/societyofthemostholyredeemer.org\/pt\/daily-meditations-easter-week\/\">Semana da P\u00e1scoa<\/a><\/p><p>- <a href=\"https:\/\/societyofthemostholyredeemer.org\/pt\/daily-meditations-first-week-after-easter\/\">First Week After Easter<\/a><\/p><p>- <a href=\"https:\/\/societyofthemostholyredeemer.org\/pt\/daily-meditations-second-week-after-easter\/\">Second Week After Easter<\/a><\/p><p>- <a href=\"https:\/\/societyofthemostholyredeemer.org\/pt\/daily-meditations-third-week-after-easter\/\">Third Week After Easter<\/a><\/p><p>- <a href=\"https:\/\/societyofthemostholyredeemer.org\/pt\/daily-meditations-fourth-week-after-easter\/\">Fourth Week After Easter<\/a><\/p><p>- <a href=\"https:\/\/societyofthemostholyredeemer.org\/pt\/daily-meditations-fifth-week-after-easter\/\">Fifth Week After Easter, <\/a>including the Feast of the Ascension<\/p><\/div>\n\t\t\t\t<\/div>\n\t\t\t\t\t\t\t<div class=\"elementor-accordion-item\">\n\t\t\t\t\t<div id=\"elementor-tab-title-9526\" class=\"elementor-tab-title\" data-tab=\"6\" role=\"button\" aria-controls=\"elementor-tab-content-9526\" aria-expanded=\"false\">\n\t\t\t\t\t\t\t\t\t\t\t\t\t<span class=\"elementor-accordion-icon elementor-accordion-icon-left\" aria-hidden=\"true\">\n\t\t\t\t\t\t\t\t\t\t\t\t\t\t\t<span class=\"elementor-accordion-icon-closed\"><i class=\"fas fa-plus\"><\/i><\/span>\n\t\t\t\t\t\t\t\t<span class=\"elementor-accordion-icon-opened\"><i class=\"fas fa-minus\"><\/i><\/span>\n\t\t\t\t\t\t\t\t\t\t\t\t\t\t<\/span>\n\t\t\t\t\t\t\t\t\t\t\t\t<a class=\"elementor-accordion-title\" tabindex=\"0\">VOLUME TR\u00caS, PARTE I: OCTAVO DA ASCENS\u00c3O AT\u00c9 O TEMPO AP\u00d3S O PENTECOSTES (Semanas I-IV)<\/a>\n\t\t\t\t\t<\/div>\n\t\t\t\t\t<div id=\"elementor-tab-content-9526\" class=\"elementor-tab-content elementor-clearfix\" data-tab=\"6\" role=\"region\" aria-labelledby=\"elementor-tab-title-9526\"><p><a href=\"https:\/\/societyofthemostholyredeemer.org\/pt\/daily-meditations-octave-of-the-ascension\/\">\u2022 Octave of the Ascension<\/a><\/p><p><a href=\"https:\/\/societyofthemostholyredeemer.org\/pt\/daily-meditations-pentecost-week\/\">\u2022 Pentecost Week<\/a><\/p><p><a href=\"https:\/\/societyofthemostholyredeemer.org\/pt\/daily-meditations-first-week-after-pentecost\/\">\u2022\u00a0First Week After Pentecost<\/a><\/p><p><a href=\"https:\/\/societyofthemostholyredeemer.org\/pt\/daily-meditations-second-week-after-pentecost\/\">\u2022\u00a0Second Week After Pentecost<\/a><\/p><p><a href=\"https:\/\/societyofthemostholyredeemer.org\/pt\/daily-meditations-third-week-after-pentecost\/\">\u2022\u00a0Third Week After Pentecost<\/a><\/p><p><a href=\"https:\/\/societyofthemostholyredeemer.org\/pt\/daily-meditations-fourth-week-after-pentecost\/\">\u2022 Fourth Week After Pentecost<\/a><\/p><\/div>\n\t\t\t\t<\/div>\n\t\t\t\t\t\t\t<div class=\"elementor-accordion-item\">\n\t\t\t\t\t<div id=\"elementor-tab-title-9527\" class=\"elementor-tab-title\" data-tab=\"7\" role=\"button\" aria-controls=\"elementor-tab-content-9527\" aria-expanded=\"false\">\n\t\t\t\t\t\t\t\t\t\t\t\t\t<span class=\"elementor-accordion-icon elementor-accordion-icon-left\" aria-hidden=\"true\">\n\t\t\t\t\t\t\t\t\t\t\t\t\t\t\t<span class=\"elementor-accordion-icon-closed\"><i class=\"fas fa-plus\"><\/i><\/span>\n\t\t\t\t\t\t\t\t<span class=\"elementor-accordion-icon-opened\"><i class=\"fas fa-minus\"><\/i><\/span>\n\t\t\t\t\t\t\t\t\t\t\t\t\t\t<\/span>\n\t\t\t\t\t\t\t\t\t\t\t\t<a class=\"elementor-accordion-title\" tabindex=\"0\">VOLUME TR\u00caS, PARTE II: TEMPO AP\u00d3S O PENTECOSTES (Semanas V-X)<\/a>\n\t\t\t\t\t<\/div>\n\t\t\t\t\t<div id=\"elementor-tab-content-9527\" class=\"elementor-tab-content elementor-clearfix\" data-tab=\"7\" role=\"region\" aria-labelledby=\"elementor-tab-title-9527\"><p><a href=\"https:\/\/societyofthemostholyredeemer.org\/pt\/daily-meditations-fifth-week-after-pentecost\/\">\u2022 Fifth Week After Pentecost<\/a><\/p><p><a href=\"https:\/\/societyofthemostholyredeemer.org\/pt\/daily-meditations-sixth-week-after-pentecost\/\">\u2022 Sixth Week After Pentecost<\/a><\/p><p><a href=\"https:\/\/societyofthemostholyredeemer.org\/pt\/daily-meditations-seventh-week-after-pentecost\/\">\u2022 Seventh Week After Pentecost<\/a><\/p><p><a href=\"https:\/\/societyofthemostholyredeemer.org\/pt\/daily-meditations-eighth-week-after-pentecost\/\">\u2022 Eighth Week After Pentecost<\/a><\/p><p><a href=\"https:\/\/societyofthemostholyredeemer.org\/pt\/daily-meditations-ninth-week-after-pentecost\/\">\u2022 Ninth Week After Pentecost<\/a><\/p><p><a href=\"https:\/\/societyofthemostholyredeemer.org\/pt\/daily-meditations-tenth-week-after-pentecost\/\">\u2022 Tenth Week After Pentecost<\/a><\/p><\/div>\n\t\t\t\t<\/div>\n\t\t\t\t\t\t\t<div class=\"elementor-accordion-item\">\n\t\t\t\t\t<div id=\"elementor-tab-title-9528\" class=\"elementor-tab-title\" data-tab=\"8\" role=\"button\" aria-controls=\"elementor-tab-content-9528\" aria-expanded=\"false\">\n\t\t\t\t\t\t\t\t\t\t\t\t\t<span class=\"elementor-accordion-icon elementor-accordion-icon-left\" aria-hidden=\"true\">\n\t\t\t\t\t\t\t\t\t\t\t\t\t\t\t<span class=\"elementor-accordion-icon-closed\"><i class=\"fas fa-plus\"><\/i><\/span>\n\t\t\t\t\t\t\t\t<span class=\"elementor-accordion-icon-opened\"><i class=\"fas fa-minus\"><\/i><\/span>\n\t\t\t\t\t\t\t\t\t\t\t\t\t\t<\/span>\n\t\t\t\t\t\t\t\t\t\t\t\t<a class=\"elementor-accordion-title\" tabindex=\"0\">VOLUME QUATRO, PARTE I: TEMPO AP\u00d3S O PENTECOSTES (Semanas XI-XVII)<\/a>\n\t\t\t\t\t<\/div>\n\t\t\t\t\t<div id=\"elementor-tab-content-9528\" class=\"elementor-tab-content elementor-clearfix\" data-tab=\"8\" role=\"region\" aria-labelledby=\"elementor-tab-title-9528\"><p><a href=\"https:\/\/societyofthemostholyredeemer.org\/pt\/daily-meditations-eleventh-week-after-pentecost\/\">\u2022 Eleventh Week After Pentecost<\/a><\/p><p><a href=\"https:\/\/societyofthemostholyredeemer.org\/pt\/daily-meditations-twelfth-week-after-pentecost\/\">\u2022 Twelfth Week After Pentecost<\/a><\/p><p><a href=\"https:\/\/societyofthemostholyredeemer.org\/pt\/daily-meditations-thirteenth-week-after-pentecost\/\">\u2022 Thirteenth Week After Pentecost<\/a><\/p><p><a href=\"https:\/\/societyofthemostholyredeemer.org\/pt\/daily-meditations-fourteenth-week-after-pentecost\/\">\u2022 Fourteenth Week After Pentecost<\/a><\/p><p><a href=\"https:\/\/societyofthemostholyredeemer.org\/pt\/daily-meditations-fifteenth-week-after-pentecost\/\">\u2022 Fifteenth Week After Pentecost<\/a><\/p><p><a href=\"https:\/\/societyofthemostholyredeemer.org\/pt\/daily-meditations-sixteenth-week-after-pentecost\/\">\u2022 Sixteenth Week After Pentecost<\/a><\/p><p><a href=\"https:\/\/societyofthemostholyredeemer.org\/pt\/daily-meditations-seventeenth-week-after-pentecost\/\">\u2022 Seventeenth Week After Pentecost<\/a><\/p><\/div>\n\t\t\t\t<\/div>\n\t\t\t\t\t\t\t<div class=\"elementor-accordion-item\">\n\t\t\t\t\t<div id=\"elementor-tab-title-9529\" class=\"elementor-tab-title\" data-tab=\"9\" role=\"button\" aria-controls=\"elementor-tab-content-9529\" aria-expanded=\"false\">\n\t\t\t\t\t\t\t\t\t\t\t\t\t<span class=\"elementor-accordion-icon elementor-accordion-icon-left\" aria-hidden=\"true\">\n\t\t\t\t\t\t\t\t\t\t\t\t\t\t\t<span class=\"elementor-accordion-icon-closed\"><i class=\"fas fa-plus\"><\/i><\/span>\n\t\t\t\t\t\t\t\t<span class=\"elementor-accordion-icon-opened\"><i class=\"fas fa-minus\"><\/i><\/span>\n\t\t\t\t\t\t\t\t\t\t\t\t\t\t<\/span>\n\t\t\t\t\t\t\t\t\t\t\t\t<a class=\"elementor-accordion-title\" tabindex=\"0\">VOLUME QUATRO, PARTE II: TEMPO AP\u00d3S O PENTECOSTES (Semanas XVIII-XXIV)<\/a>\n\t\t\t\t\t<\/div>\n\t\t\t\t\t<div id=\"elementor-tab-content-9529\" class=\"elementor-tab-content elementor-clearfix\" data-tab=\"9\" role=\"region\" aria-labelledby=\"elementor-tab-title-9529\"><p><a href=\"https:\/\/societyofthemostholyredeemer.org\/pt\/daily-meditations-eighteenth-week-after-pentecost\/\">\u2022 Eighteenth Week After Pentecost<\/a><\/p><p><a href=\"https:\/\/societyofthemostholyredeemer.org\/pt\/daily-meditations-nineteenth-week-after-pentecost\/\">\u2022 Nineteenth Week After Pentecost<\/a><\/p><p><a href=\"https:\/\/societyofthemostholyredeemer.org\/pt\/daily-meditations-twentieth-week-after-pentecost\/\">\u2022 Twentieth Week After Pentecost<\/a><\/p><p><a href=\"https:\/\/societyofthemostholyredeemer.org\/pt\/daily-meditations-twenty-first-week-after-pentecost\/\">\u2022 Twenty-First Week After Pentecost<\/a><\/p><p><a href=\"https:\/\/societyofthemostholyredeemer.org\/pt\/daily-meditations-twenty-second-week-after-pentecost\/\">\u2022 Twenty-Second Week After Pentecost<\/a><\/p><p><a href=\"https:\/\/societyofthemostholyredeemer.org\/pt\/daily-meditations-twenty-third-week-after-pentecost\/\">\u2022 Twenty-Third Week After Pentecost<\/a><\/p><p><a href=\"https:\/\/societyofthemostholyredeemer.org\/pt\/daily-meditations-twenty-fourth-week-after-pentecost\/\">\u2022 Twenty-Fourth Week After Pentecost<\/a><\/p><\/div>\n\t\t\t\t<\/div>\n\t\t\t\t\t\t\t\t<\/div>\n\t\t\t\t\t\t<\/div>\n\t\t\t\t<\/div>\n\t\t\t\t\t<\/div>\n\t\t\t\t<\/div>\n\t\t\t\t<\/div>","protected":false},"excerpt":{"rendered":"<p>&nbsp; &nbsp; &nbsp;We are pleased to provide these&nbsp;&nbsp;Meditations and Readings for Every Day of the Year: Selections from the Spiritual Writings of St. Alphonsus. The contents were chosen and arranged by Rev. Fr. John Baptist Coyle, C.Ss.R. These volumes were &hellip; <a class=\"continue_reading\" href=\"https:\/\/societyofthemostholyredeemer.org\/pt\/daily-meditations\/\">Continuar lendo <span class=\"meta-nav\"><i class=\"fa fa-caret-right\" aria-hidden=\"true\"><\/i><\/span><\/a><\/p>","protected":false},"author":2,"featured_media":0,"parent":0,"menu_order":35,"comment_status":"closed","ping_status":"closed","template":"","meta":{"_acf_changed":false,"footnotes":""},"class_list":["post-4346","page","type-page","status-publish","hentry"],"acf":[],"_links":{"self":[{"href":"https:\/\/societyofthemostholyredeemer.org\/pt\/wp-json\/wp\/v2\/pages\/4346","targetHints":{"allow":["GET"]}}],"collection":[{"href":"https:\/\/societyofthemostholyredeemer.org\/pt\/wp-json\/wp\/v2\/pages"}],"about":[{"href":"https:\/\/societyofthemostholyredeemer.org\/pt\/wp-json\/wp\/v2\/types\/page"}],"author":[{"embeddable":true,"href":"https:\/\/societyofthemostholyredeemer.org\/pt\/wp-json\/wp\/v2\/users\/2"}],"replies":[{"embeddable":true,"href":"https:\/\/societyofthemostholyredeemer.org\/pt\/wp-json\/wp\/v2\/comments?post=4346"}],"version-history":[{"count":118,"href":"https:\/\/societyofthemostholyredeemer.org\/pt\/wp-json\/wp\/v2\/pages\/4346\/revisions"}],"predecessor-version":[{"id":12153,"href":"https:\/\/societyofthemostholyredeemer.org\/pt\/wp-json\/wp\/v2\/pages\/4346\/revisions\/12153"}],"wp:attachment":[{"href":"https:\/\/societyofthemostholyredeemer.org\/pt\/wp-json\/wp\/v2\/media?parent=4346"}],"curies":[{"name":"wp","href":"https:\/\/api.w.org\/{rel}","templated":true}]}}