{"id":4710,"date":"2024-11-27T12:25:20","date_gmt":"2024-11-27T12:25:20","guid":{"rendered":"https:\/\/societyofthemostholyredeemer.org\/?page_id=4710"},"modified":"2025-02-22T03:20:11","modified_gmt":"2025-02-22T03:20:11","slug":"novenas-et-orationes-pro-tempore-adventus","status":"publish","type":"page","link":"https:\/\/societyofthemostholyredeemer.org\/pt\/novenas-et-orationes-pro-tempore-adventus\/","title":{"rendered":"NOVENAS ET ORATIONES PRO TEMPORE ADVENTUS"},"content":{"rendered":"<div data-elementor-type=\"wp-page\" data-elementor-id=\"4710\" class=\"elementor elementor-4710\" data-elementor-post-type=\"page\">\n\t\t\t\t<div class=\"elementor-element elementor-element-7e30f4f e-flex e-con-boxed e-con e-parent\" data-id=\"7e30f4f\" data-element_type=\"container\" data-e-type=\"container\">\n\t\t\t\t\t<div class=\"e-con-inner\">\n\t\t\t\t<div class=\"elementor-element elementor-element-9cbadf7 elementor-widget elementor-widget-text-editor\" data-id=\"9cbadf7\" data-element_type=\"widget\" data-e-type=\"widget\" data-widget_type=\"text-editor.default\">\n\t\t\t\t<div class=\"elementor-widget-container\">\n\t\t\t\t\t\t\t\t\t<p>Este livreto cont\u00e9m ora\u00e7\u00f5es que podem ser usadas durante o Advento para se preparar espiritualmente para o Natal, acrescentando uma ou mais delas \u00e0 sua rotina di\u00e1ria durante esse per\u00edodo penitencial.&nbsp;<\/p>\t\t\t\t\t\t\t\t<\/div>\n\t\t\t\t<\/div>\n\t\t\t\t\t<\/div>\n\t\t\t\t<\/div>\n\t\t<div class=\"elementor-element elementor-element-0ddd382 e-grid e-con-boxed e-con e-parent\" data-id=\"0ddd382\" data-element_type=\"container\" data-e-type=\"container\">\n\t\t\t\t\t<div class=\"e-con-inner\">\n\t\t\t\t<div class=\"elementor-element elementor-element-240bf92 elementor-widget elementor-widget-image\" data-id=\"240bf92\" data-element_type=\"widget\" data-e-type=\"widget\" data-widget_type=\"image.default\">\n\t\t\t\t<div class=\"elementor-widget-container\">\n\t\t\t\t\t\t\t\t\t\t\t\t\t\t\t<img fetchpriority=\"high\" decoding=\"async\" width=\"584\" height=\"476\" src=\"https:\/\/societyofthemostholyredeemer.org\/wp-content\/uploads\/2024\/11\/NOVENAS-ET-ORATIONES-PRO-TEMPORE-ADVENTUS.jpg\" class=\"attachment-large size-large wp-image-4715\" alt=\"\" srcset=\"https:\/\/societyofthemostholyredeemer.org\/wp-content\/uploads\/2024\/11\/NOVENAS-ET-ORATIONES-PRO-TEMPORE-ADVENTUS.jpg 754w, https:\/\/societyofthemostholyredeemer.org\/wp-content\/uploads\/2024\/11\/NOVENAS-ET-ORATIONES-PRO-TEMPORE-ADVENTUS-300x244.jpg 300w, https:\/\/societyofthemostholyredeemer.org\/wp-content\/uploads\/2024\/11\/NOVENAS-ET-ORATIONES-PRO-TEMPORE-ADVENTUS-15x12.jpg 15w\" sizes=\"(max-width: 584px) 100vw, 584px\" \/>\t\t\t\t\t\t\t\t\t\t\t\t\t\t\t<\/div>\n\t\t\t\t<\/div>\n\t\t\t\t<div class=\"elementor-element elementor-element-43c0e82 elementor-widget elementor-widget-image\" data-id=\"43c0e82\" data-element_type=\"widget\" data-e-type=\"widget\" data-widget_type=\"image.default\">\n\t\t\t\t<div class=\"elementor-widget-container\">\n\t\t\t\t\t\t\t\t\t\t\t\t\t\t\t<img decoding=\"async\" width=\"584\" height=\"455\" src=\"https:\/\/societyofthemostholyredeemer.org\/wp-content\/uploads\/2024\/11\/WhatsApp-Image-2024-11-27-at-09.31.28-1024x798.jpeg\" class=\"attachment-large size-large wp-image-4717\" alt=\"\" srcset=\"https:\/\/societyofthemostholyredeemer.org\/wp-content\/uploads\/2024\/11\/WhatsApp-Image-2024-11-27-at-09.31.28-1024x798.jpeg 1024w, https:\/\/societyofthemostholyredeemer.org\/wp-content\/uploads\/2024\/11\/WhatsApp-Image-2024-11-27-at-09.31.28-300x234.jpeg 300w, https:\/\/societyofthemostholyredeemer.org\/wp-content\/uploads\/2024\/11\/WhatsApp-Image-2024-11-27-at-09.31.28-768x599.jpeg 768w, https:\/\/societyofthemostholyredeemer.org\/wp-content\/uploads\/2024\/11\/WhatsApp-Image-2024-11-27-at-09.31.28-15x12.jpeg 15w, https:\/\/societyofthemostholyredeemer.org\/wp-content\/uploads\/2024\/11\/WhatsApp-Image-2024-11-27-at-09.31.28.jpeg 1444w\" sizes=\"(max-width: 584px) 100vw, 584px\" \/>\t\t\t\t\t\t\t\t\t\t\t\t\t\t\t<\/div>\n\t\t\t\t<\/div>\n\t\t\t\t\t<\/div>\n\t\t\t\t<\/div>\n\t\t\t\t<\/div>","protected":false},"excerpt":{"rendered":"<p>Este livreto cont\u00e9m ora\u00e7\u00f5es que podem ser usadas durante o Advento para se preparar espiritualmente para o Natal, acrescentando uma ou mais delas \u00e0 sua rotina di\u00e1ria durante esse per\u00edodo penitencial.<\/p>","protected":false},"author":2,"featured_media":0,"parent":0,"menu_order":44,"comment_status":"closed","ping_status":"closed","template":"","meta":{"_acf_changed":false,"footnotes":""},"class_list":["post-4710","page","type-page","status-publish","hentry"],"acf":[],"_links":{"self":[{"href":"https:\/\/societyofthemostholyredeemer.org\/pt\/wp-json\/wp\/v2\/pages\/4710","targetHints":{"allow":["GET"]}}],"collection":[{"href":"https:\/\/societyofthemostholyredeemer.org\/pt\/wp-json\/wp\/v2\/pages"}],"about":[{"href":"https:\/\/societyofthemostholyredeemer.org\/pt\/wp-json\/wp\/v2\/types\/page"}],"author":[{"embeddable":true,"href":"https:\/\/societyofthemostholyredeemer.org\/pt\/wp-json\/wp\/v2\/users\/2"}],"replies":[{"embeddable":true,"href":"https:\/\/societyofthemostholyredeemer.org\/pt\/wp-json\/wp\/v2\/comments?post=4710"}],"version-history":[{"count":20,"href":"https:\/\/societyofthemostholyredeemer.org\/pt\/wp-json\/wp\/v2\/pages\/4710\/revisions"}],"predecessor-version":[{"id":6700,"href":"https:\/\/societyofthemostholyredeemer.org\/pt\/wp-json\/wp\/v2\/pages\/4710\/revisions\/6700"}],"wp:attachment":[{"href":"https:\/\/societyofthemostholyredeemer.org\/pt\/wp-json\/wp\/v2\/media?parent=4710"}],"curies":[{"name":"wp","href":"https:\/\/api.w.org\/{rel}","templated":true}]}}