{"id":6014,"date":"2025-01-14T13:50:24","date_gmt":"2025-01-14T13:50:24","guid":{"rendered":"https:\/\/societyofthemostholyredeemer.org\/?page_id=6014"},"modified":"2026-01-13T19:49:57","modified_gmt":"2026-01-13T19:49:57","slug":"daily-meditations-third-week-after-epiphany","status":"publish","type":"page","link":"https:\/\/societyofthemostholyredeemer.org\/pt\/daily-meditations-third-week-after-epiphany\/","title":{"rendered":"MEDITA\u00c7\u00d5ES DI\u00c1RIAS: TERCEIRA SEMANA AP\u00d3S A EPIFANIA"},"content":{"rendered":"<div data-elementor-type=\"wp-page\" data-elementor-id=\"6014\" class=\"elementor elementor-6014\" data-elementor-post-type=\"page\">\n\t\t\t\t<div class=\"elementor-element elementor-element-72f6c05 e-flex e-con-boxed e-con e-parent\" data-id=\"72f6c05\" data-element_type=\"container\" data-e-type=\"container\">\n\t\t\t\t\t<div class=\"e-con-inner\">\n\t\t\t\t<div class=\"elementor-element elementor-element-53a2dfe elementor-widget elementor-widget-accordion\" data-id=\"53a2dfe\" data-element_type=\"widget\" data-e-type=\"widget\" data-widget_type=\"accordion.default\">\n\t\t\t\t<div class=\"elementor-widget-container\">\n\t\t\t\t\t\t\t<div class=\"elementor-accordion\">\n\t\t\t\t\t\t\t<div class=\"elementor-accordion-item\">\n\t\t\t\t\t<div id=\"elementor-tab-title-8761\" class=\"elementor-tab-title\" data-tab=\"1\" role=\"button\" aria-controls=\"elementor-tab-content-8761\" aria-expanded=\"false\">\n\t\t\t\t\t\t\t\t\t\t\t\t\t<span class=\"elementor-accordion-icon elementor-accordion-icon-left\" aria-hidden=\"true\">\n\t\t\t\t\t\t\t\t\t\t\t\t\t\t\t<span class=\"elementor-accordion-icon-closed\"><i class=\"fas fa-plus\"><\/i><\/span>\n\t\t\t\t\t\t\t\t<span class=\"elementor-accordion-icon-opened\"><i class=\"fas fa-minus\"><\/i><\/span>\n\t\t\t\t\t\t\t\t\t\t\t\t\t\t<\/span>\n\t\t\t\t\t\t\t\t\t\t\t\t<a class=\"elementor-accordion-title\" tabindex=\"0\">VOLUME ONE - PART II, pp. 102-156<\/a>\n\t\t\t\t\t<\/div>\n\t\t\t\t\t<div id=\"elementor-tab-content-8761\" class=\"elementor-tab-content elementor-clearfix\" data-tab=\"1\" role=\"region\" aria-labelledby=\"elementor-tab-title-8761\"><\/div>\n\t\t\t\t<\/div>\n\t\t\t\t\t\t\t<div class=\"elementor-accordion-item\">\n\t\t\t\t\t<div id=\"elementor-tab-title-8762\" class=\"elementor-tab-title\" data-tab=\"2\" role=\"button\" aria-controls=\"elementor-tab-content-8762\" aria-expanded=\"false\">\n\t\t\t\t\t\t\t\t\t\t\t\t\t<span class=\"elementor-accordion-icon elementor-accordion-icon-left\" aria-hidden=\"true\">\n\t\t\t\t\t\t\t\t\t\t\t\t\t\t\t<span class=\"elementor-accordion-icon-closed\"><i class=\"fas fa-plus\"><\/i><\/span>\n\t\t\t\t\t\t\t\t<span class=\"elementor-accordion-icon-opened\"><i class=\"fas fa-minus\"><\/i><\/span>\n\t\t\t\t\t\t\t\t\t\t\t\t\t\t<\/span>\n\t\t\t\t\t\t\t\t\t\t\t\t<a class=\"elementor-accordion-title\" tabindex=\"0\">TERCEIRO DOMINGO AP\u00d3S A EPIFANIA<\/a>\n\t\t\t\t\t<\/div>\n\t\t\t\t\t<div id=\"elementor-tab-content-8762\" class=\"elementor-tab-content elementor-clearfix\" data-tab=\"2\" role=\"region\" aria-labelledby=\"elementor-tab-title-8762\"><p><b>Medita\u00e7\u00e3o matinal:\u00a0 <em>\"N\u00c3O SEJAM S\u00c1BIOS EM SEUS PR\u00d3PRIOS CONCEITOS\"<\/em><\/b><\/p><p>\u00a0 \u00a0 \u00a0<em>N\u00e3o sejam s\u00e1bios em seus pr\u00f3prios conceitos<\/em>. - (Ep. de Domingo. Rom. xii., 16-21).<br \/>\u00a0 \u00a0 \u00a0O crist\u00e3o s\u00e1bio olha para o futuro, ou seja, para a conta que dever\u00e1 prestar na hora da morte.  Os pecadores pensam apenas no presente e n\u00e3o consideram o fim para o qual foram criados.\u00a0 <em>Oh, se eles fossem s\u00e1bios e entendessem e providenciassem seu \u00faltimo fim!<\/em> - (Deut. xxxii., 29).<\/p><p><b>Medita\u00e7\u00e3o I:<br \/><\/b>\u00a0 \u00a0 \u00a0Os pecadores s\u00e3o tolos; os santos s\u00e3o verdadeiramente s\u00e1bios.  Bernard, \"um homem n\u00e3o \u00e9 verdadeiramente s\u00e1bio\", diz S\u00e3o Bernardo, \"se n\u00e3o for s\u00e1bio em rela\u00e7\u00e3o a si mesmo\", ou seja, se tomar cuidado especial para assegurar para si a felicidade eterna.  Os pecadores pensam apenas no presente, mas n\u00e3o consideram o fim para o qual foram criados.  No entanto, de que lhes adiantar\u00e1 ganhar todas as coisas se n\u00e3o alcan\u00e7arem seu \u00faltimo fim, o \u00fanico que pode torn\u00e1-los felizes?\u00a0 <em>Mas uma coisa \u00e9 necess\u00e1ria<\/em>. - (Lucas x., 42).  Atingir nosso objetivo \u00e9 a \u00fanica coisa necess\u00e1ria para n\u00f3s: se falharmos nisso, tudo estar\u00e1 perdido.  Qual \u00e9 esse fim?\u00a0 <em>Vida eterna<\/em>. - (Rom. vi., 22).  Durante a vida, os pecadores pouco se importam em alcan\u00e7ar esse fim.  Cada dia os aproxima mais da morte e da eternidade, mas eles n\u00e3o conhecem seu destino.  Se um piloto, a quem perguntassem para onde est\u00e1 indo, respondesse que n\u00e3o sabia, n\u00e3o gritariam todos, diz Santo Agostinho, que ele estava levando o navio \u00e0 destrui\u00e7\u00e3o?  O santo ent\u00e3o acrescenta: \"Tal pessoa corre bem, mas fora da estrada certa\".<br \/>\u00a0 \u00a0 \u00a0Esses s\u00e3o os s\u00e1bios do mundo que sabem t\u00e3o bem como adquirir riquezas e honras e se entregar a todo tipo de divers\u00e3o, mas n\u00e3o sabem como salvar suas almas.  Qu\u00e3o miser\u00e1vel \u00e9 o rico glut\u00e3o que, embora tenha conseguido acumular riquezas e viver esplendidamente, foi, ap\u00f3s a morte, enterrado no inferno!  Qu\u00e3o miser\u00e1vel Alexandre, o Grande, que, depois de conquistar tantos reinos, foi condenado a tormentos eternos!  Qu\u00e3o grande foi a loucura de Henrique, o Oitavo, que se rebelou contra a Igreja, mas vendo na hora da morte que sua alma estaria perdida, gritou em desespero: \"Amigos, n\u00f3s perdemos tudo!\"  \u00d3 Deus, quantos outros agora choram no inferno e exclamam: <em>Que proveito nos trouxe a soberba?  Ou que vantagens nos trouxe a ostenta\u00e7\u00e3o das riquezas?  Todas essas coisas passaram como a sombra<\/em>. - (Sabedoria v., 8).  No mundo, fizemos uma grande figura; desfrutamos de abundantes riquezas e honras; e agora tudo passou como uma sombra, e nada mais nos resta a n\u00e3o ser sofrer e chorar pela eternidade!  Santo Agostinho diz que o <em>felicidade<\/em> que os pecadores desfrutam nesta vida \u00e9 sua <em>maior infort\u00fanio<\/em> pois assim sua vontade perversa, um inimigo interno, \u00e9 fortalecida.<br \/>\u00a0 \u00a0 \u00a0Em suma, as palavras de Salom\u00e3o s\u00e3o cumpridas com rela\u00e7\u00e3o a todos os que negligenciam sua salva\u00e7\u00e3o: <em>O luto toma conta do fim da alegria<\/em>. - (Prov\u00e9rbios xiv. 13).  Todos os seus prazeres, honras e grandeza terminam em tristeza e lamentos eternos.\u00a0 <em>Quando eu ainda estava come\u00e7ando, ele me interrompeu<\/em>. - (Is. xxxviii., 12).  Enquanto lan\u00e7avam os alicerces de suas esperan\u00e7as de realizar uma fortuna, a morte chega e, cortando o fio da vida, priva-os de todas as suas posses e os envia ao inferno para queimar para sempre em um po\u00e7o de fogo.  Que loucura maior pode ser concebida do que desejar ser transformado de amigo de Deus em escravo de L\u00facifer, e de herdeiro do Para\u00edso em condenado ao inferno pelo pecado?  Pois no momento em que um crist\u00e3o comete um pecado mortal, seu nome \u00e9 escrito entre o n\u00famero dos condenados!  S\u00e3o Francisco de Sales disse que se os anjos fossem capazes de chorar, eles n\u00e3o fariam outra coisa sen\u00e3o derramar l\u00e1grimas ao ver a destrui\u00e7\u00e3o que um crist\u00e3o que comete um pecado mortal traz sobre si mesmo.<br \/>\u00a0 \u00a0 \u00a0Querido Jesus, tenha piedade de mim!  Eu me esqueci de Ti, mas Tu n\u00e3o te esqueceste de mim.  \u00d3 meu Deus, ilumina-me e ajuda-me.<\/p><p><strong>Medita\u00e7\u00e3o II:<\/strong><\/p><hr \/><p><strong>Leitura espiritual:\u00a0 <em>F\u00c9 FORTE E F\u00c9 FRACA<\/em><\/strong><\/p><hr \/><p><strong>Medita\u00e7\u00e3o noturna:\u00a0 <em>OS SANTOS S\u00c3O VERDADEIRAMENTE S\u00c1BIOS<\/em><\/strong><\/p><p><strong>Medita\u00e7\u00e3o I:<\/strong>\u00a0<\/p><p><strong>Medita\u00e7\u00e3o II:<\/strong>\u00a0<\/p><\/div>\n\t\t\t\t<\/div>\n\t\t\t\t\t\t\t<div class=\"elementor-accordion-item\">\n\t\t\t\t\t<div id=\"elementor-tab-title-8763\" class=\"elementor-tab-title\" data-tab=\"3\" role=\"button\" aria-controls=\"elementor-tab-content-8763\" aria-expanded=\"false\">\n\t\t\t\t\t\t\t\t\t\t\t\t\t<span class=\"elementor-accordion-icon elementor-accordion-icon-left\" aria-hidden=\"true\">\n\t\t\t\t\t\t\t\t\t\t\t\t\t\t\t<span class=\"elementor-accordion-icon-closed\"><i class=\"fas fa-plus\"><\/i><\/span>\n\t\t\t\t\t\t\t\t<span class=\"elementor-accordion-icon-opened\"><i class=\"fas fa-minus\"><\/i><\/span>\n\t\t\t\t\t\t\t\t\t\t\t\t\t\t<\/span>\n\t\t\t\t\t\t\t\t\t\t\t\t<a class=\"elementor-accordion-title\" tabindex=\"0\">SEGUNDA-FEIRA DA TERCEIRA SEMANA AP\u00d3S A EPIFANIA<\/a>\n\t\t\t\t\t<\/div>\n\t\t\t\t\t<div id=\"elementor-tab-content-8763\" class=\"elementor-tab-content elementor-clearfix\" data-tab=\"3\" role=\"region\" aria-labelledby=\"elementor-tab-title-8763\"><p><b>Medita\u00e7\u00e3o matinal:\u00a0 <\/b><strong><em>APRESSEMO-NOS A NOS ENTREGAR A DEUS<\/em><\/strong><\/p><p>\u00a0 \u00a0 \u00a0Para garantir uma morte feliz, os santos abandonaram todas as coisas.  Deixaram seu pa\u00eds; renunciaram aos prazeres e \u00e0s esperan\u00e7as que o mundo lhes oferecia e abra\u00e7aram uma vida de pobreza e desprezo.\u00a0 <em>\u00d3 filhos dos homens, at\u00e9 quando sereis insens\u00edveis de cora\u00e7\u00e3o?  Por que amais a vaidade e procurais a mentira?<\/em><\/p><p><b>Medita\u00e7\u00e3o I:<br \/><\/b>\u00a0 \u00a0 \u00a0Davi chama a felicidade desta vida de <em>o sonho dos que est\u00e3o acordados<\/em>. - (Sl. lxxii., 20).  Ao explicar essas palavras, um certo autor diz: Os bens deste mundo parecem grandes, mas n\u00e3o s\u00e3o nada: como um sonho que dura pouco e depois desaparece, eles s\u00e3o desfrutados por pouco tempo.  O pensamento de que com a morte tudo acaba fez com que S\u00e3o Francisco B\u00f3rgia resolvesse se entregar inteiramente a Deus.  O santo foi obrigado a acompanhar o corpo morto da imperatriz Isabella at\u00e9 Granada.  Quando o caix\u00e3o foi aberto, sua apar\u00eancia era t\u00e3o horr\u00edvel e o cheiro t\u00e3o insuport\u00e1vel que todos tiveram que se retirar.  S\u00e3o Francisco permaneceu para contemplar no corpo morto de sua soberana a vaidade do mundo; e olhando para ele, exclamou: \"Voc\u00ea \u00e9, ent\u00e3o, minha imperatriz?  Voc\u00ea \u00e9 a rainha diante da qual tantos se ajoelharam em rever\u00eancia?  \u00d3 Isabela, para onde foi sua majestade, sua beleza?\"  \"Assim, ent\u00e3o\", disse ele consigo mesmo, \"acabam a grandeza e as coroas deste mundo!  De agora em diante, servirei a um Mestre que nunca poder\u00e1 morrer!\"  A partir daquele momento, ele se consagrou ao amor de Jesus crucificado e fez um voto de se tornar um religioso, caso sua esposa morresse antes dele.  Esse voto ele cumpriu posteriormente, entrando para a Sociedade de Jesus.<br \/>\u00a0 \u00a0 \u00a0\u00c9 justo, portanto, que uma pessoa que n\u00e3o foi enganada tenha escrito em uma caveira estas palavras: <em>Cogitanti vilescunt omnia<\/em>.  Para aquele que reflete sobre a morte, tudo neste mundo parece desprez\u00edvel.  Ele n\u00e3o pode amar a terra.  E por que h\u00e1 tantos amantes infelizes deste mundo?  \u00c9 porque eles n\u00e3o pensam na morte.\u00a0<em> \u00d3 filhos dos homens, at\u00e9 quando sereis insens\u00edveis de cora\u00e7\u00e3o?  Por que amais a vaidade e procurais a mentira?<\/em> - (Sl. iv., 3).  Miser\u00e1veis filhos de Ad\u00e3o, diz o Esp\u00edrito Santo, por que n\u00e3o expulsam de seu cora\u00e7\u00e3o tantos afetos terrenos que os fazem amar a vaidade e a mentira?  O que aconteceu com seus antepassados deve acontecer com voc\u00eas.  Eles moravam no mesmo pal\u00e1cio que voc\u00ea habita e dormiam em sua pr\u00f3pria cama, mas agora n\u00e3o existem mais.  Esse tamb\u00e9m ser\u00e1 o seu destino.<br \/>\u00a0 \u00a0 \u00a0Meu querido Redentor, eu Te agrade\u00e7o por ter esperado por mim.  O que teria sido de mim se eu tivesse morrido quando estava longe de Ti?  Que Tua miseric\u00f3rdia e paci\u00eancia, que experimentei por tantos anos, sejam aben\u00e7oadas para sempre!  Agrade\u00e7o-Te pela luz e gra\u00e7a com que agora me ajudas.  Naquela \u00e9poca, eu n\u00e3o Te amava e pouco me importava em ser amado por Ti.  Agora eu Te amo com todo o meu cora\u00e7\u00e3o, e nada me entristece tanto quanto a ideia de ter desagradado a um Deus t\u00e3o bom.  Essa tristeza tortura minha alma, mas \u00e9 um doce tormento, pois me d\u00e1 a confian\u00e7a de que Tu j\u00e1 me perdoaste.<\/p><p><strong>Medita\u00e7\u00e3o II:<\/strong><\/p><hr \/><p><strong>Leitura espiritual:\u00a0 <em>OS M\u00c1RTIRES NOS ENSINAM A ACEITAR A MORTE DE ACORDO COM A BOA VONTADE DE DEUS<\/em><\/strong><\/p><hr \/><p><strong>Medita\u00e7\u00e3o noturna:\u00a0 <em>\"O PR\u00d3PRIO DEUS VIR\u00c1 E SALVAR\u00c1 VOC\u00ca\"<\/em>\u00a0<\/strong>- (Is. xxxv., 1)<\/p><p><strong>Medita\u00e7\u00e3o I:<\/strong>\u00a0<\/p><p><strong>Medita\u00e7\u00e3o II:<\/strong>\u00a0<\/p><\/div>\n\t\t\t\t<\/div>\n\t\t\t\t\t\t\t<div class=\"elementor-accordion-item\">\n\t\t\t\t\t<div id=\"elementor-tab-title-8764\" class=\"elementor-tab-title\" data-tab=\"4\" role=\"button\" aria-controls=\"elementor-tab-content-8764\" aria-expanded=\"false\">\n\t\t\t\t\t\t\t\t\t\t\t\t\t<span class=\"elementor-accordion-icon elementor-accordion-icon-left\" aria-hidden=\"true\">\n\t\t\t\t\t\t\t\t\t\t\t\t\t\t\t<span class=\"elementor-accordion-icon-closed\"><i class=\"fas fa-plus\"><\/i><\/span>\n\t\t\t\t\t\t\t\t<span class=\"elementor-accordion-icon-opened\"><i class=\"fas fa-minus\"><\/i><\/span>\n\t\t\t\t\t\t\t\t\t\t\t\t\t\t<\/span>\n\t\t\t\t\t\t\t\t\t\t\t\t<a class=\"elementor-accordion-title\" tabindex=\"0\">TER\u00c7A-FEIRA DA TERCEIRA SEMANA AP\u00d3S A EPIFANIA<\/a>\n\t\t\t\t\t<\/div>\n\t\t\t\t\t<div id=\"elementor-tab-content-8764\" class=\"elementor-tab-content elementor-clearfix\" data-tab=\"4\" role=\"region\" aria-labelledby=\"elementor-tab-title-8764\"><p><b>Medita\u00e7\u00e3o matinal:\u00a0 <em>ST. FRANCIS DE SALES <\/em><\/b><em>(29 de janeiro)<\/em><b><em>:\u00a0 <\/em><em>SUA F\u00c9, ESPERAN\u00c7A E CARIDADE<\/em><\/b><\/p><p>\u00a0 \u00a0 \u00a0Aqueles que amam a Deus nunca duvidam em quest\u00f5es de f\u00e9.  Somente aqueles que n\u00e3o vivem de acordo com os ditames de sua f\u00e9 \u00e9 que duvidam de suas verdades.  \u00d3 meu Deus, clama S\u00e3o Francisco, a beleza de nossa santa f\u00e9 me parece t\u00e3o encantadora que eu poderia morrer de amor por ela!<\/p><p><b>Medita\u00e7\u00e3o I:<br \/><\/b>\u00a0 \u00a0 \u00a0<em>Grande era a f\u00e9 de S\u00e3o Francisco de Sales<\/em>.  Tal era seu deleite quando pensava na beleza e excel\u00eancia da F\u00e9, que foi ouvido exclamando: \"\u00d3 meu Deus, a beleza de nossa santa F\u00e9 parece ser t\u00e3o encantadora que eu poderia morrer de amor por ela, e parece-me que eu deveria encerrar este precioso dom que Deus me concedeu, em um cora\u00e7\u00e3o cheio dos mais doces perfumes de devo\u00e7\u00e3o\".  Por isso, ele nunca se contentou em dar gra\u00e7as a Deus por t\u00ea-lo aben\u00e7oado com o favor de ter nascido filho da verdadeira Igreja: \"\u00d3 Deus generoso\", disse ele, \"grandes s\u00e3o, de fato, os favores pelos quais Tu me ligaste a Ti; mas como poderei agradecer-Te suficientemente por me teres iluminado com a verdadeira F\u00e9?\"  E declarou que, apesar de ter se relacionado constantemente com hereges, nunca duvidou nem um pouco da verdade de sua f\u00e9.  Aqueles que amam a Deus nunca duvidam em quest\u00f5es de f\u00e9: somente aqueles que n\u00e3o vivem de acordo com os ditames de sua f\u00e9 \u00e9 que duvidam de suas verdades.<br \/>\u00a0 \u00a0 \u00a0Grande tamb\u00e9m era a esperan\u00e7a de S\u00e3o Francisco.  Ele sempre teve a firme convic\u00e7\u00e3o de que Deus zela continuamente pelo nosso bem-estar e, por isso, sempre se manteve calmo e intr\u00e9pido em meio aos maiores perigos.  Nos pr\u00f3prios perigos que amea\u00e7avam seus projetos para a gl\u00f3ria de Deus, ele nunca perdeu a confian\u00e7a.  E isso ele sempre se esfor\u00e7ava para incutir nos outros.  Conta-se que, em uma ocasi\u00e3o, ele disse a uma alma t\u00edmida \"Voc\u00ea deseja pertencer inteiramente a Deus?  Por que, ent\u00e3o, teme por causa de sua fraqueza?  Voc\u00ea tem esperan\u00e7a em Deus?  E aquele que espera em Deus ser\u00e1 jamais confundido?  N\u00e3o tenha medo de seus temores\".  Aquele que ama muito a Deus, confia muito Nele.  O amor sempre elimina o medo.<\/p><p><strong>Medita\u00e7\u00e3o II:<\/strong><\/p><hr \/><p><strong>Leitura espiritual:\u00a0 <em>AS V\u00c1RIAS TORTURAS \u00c0S QUAIS OS M\u00c1RTIRES FORAM SUBMETIDOS<\/em><\/strong><\/p><hr \/><p><strong>Medita\u00e7\u00e3o noturna:\u00a0 <em>JESUS ACEITOU AS AFLI\u00c7\u00d5ES POR NOSSA CAUSA<\/em><\/strong><\/p><p><strong>Medita\u00e7\u00e3o I:<\/strong>\u00a0<\/p><p><strong>Medita\u00e7\u00e3o II:<\/strong>\u00a0<\/p><\/div>\n\t\t\t\t<\/div>\n\t\t\t\t\t\t\t<div class=\"elementor-accordion-item\">\n\t\t\t\t\t<div id=\"elementor-tab-title-8765\" class=\"elementor-tab-title\" data-tab=\"5\" role=\"button\" aria-controls=\"elementor-tab-content-8765\" aria-expanded=\"false\">\n\t\t\t\t\t\t\t\t\t\t\t\t\t<span class=\"elementor-accordion-icon elementor-accordion-icon-left\" aria-hidden=\"true\">\n\t\t\t\t\t\t\t\t\t\t\t\t\t\t\t<span class=\"elementor-accordion-icon-closed\"><i class=\"fas fa-plus\"><\/i><\/span>\n\t\t\t\t\t\t\t\t<span class=\"elementor-accordion-icon-opened\"><i class=\"fas fa-minus\"><\/i><\/span>\n\t\t\t\t\t\t\t\t\t\t\t\t\t\t<\/span>\n\t\t\t\t\t\t\t\t\t\t\t\t<a class=\"elementor-accordion-title\" tabindex=\"0\">QUARTA-FEIRA DA TERCEIRA SEMANA AP\u00d3S A EPIFANIA<\/a>\n\t\t\t\t\t<\/div>\n\t\t\t\t\t<div id=\"elementor-tab-content-8765\" class=\"elementor-tab-content elementor-clearfix\" data-tab=\"5\" role=\"region\" aria-labelledby=\"elementor-tab-title-8765\"><p><b>Medita\u00e7\u00e3o matinal:\u00a0 <\/b><em><strong>S<\/strong><strong>E ESTADO DO MUNDANO AO MORRER<\/strong><\/em><\/p><p>\u00a0 \u00a0 \u00a0Quais ser\u00e3o os sentimentos do mundano quando lhe for dito que a morte est\u00e1 pr\u00f3xima?  Que dor ele sentir\u00e1 ao ouvir essas palavras? Sua doen\u00e7a \u00e9 mortal.  \u00c9 necess\u00e1rio receber os \u00faltimos sacramentos, unir-se a Deus, preparar-se para dar adeus ao mundo.  O qu\u00ea! exclama o doente, devo deixar tudo?  Sim, voc\u00ea deve deixar tudo!\u00a0 <em>Voc\u00ea morrer\u00e1 e n\u00e3o viver\u00e1!<\/em><\/p><p><b>Medita\u00e7\u00e3o I:<br \/><\/b>\u00a0 \u00a0 \u00a0Imagine yourself at the bedside of a negligent Christian who is overpowered by sickness, and has but a few hours to live.\u00a0 Behold him oppressed by pains, by swoons, by suffocation, want of breath and cold perspirations; his reason so impaired that he feels but little, understands little, and can speak but little.\u00a0 The greatest of all his miseries is, that though at the point of death, instead of thinking of his soul and of preparing accounts for eternity, he fixes all his thoughts on physicians, on the remedies by which he may be rescued from the sickness and the pains which will soon put an end to life.\u00a0 &#8220;They are unable to have any other thought than of themselves,&#8221; says St. Laurence Justinian, speaking of the condition of negligent Christians at the hour of death.\u00a0 Surely his relatives and friends will admonish the dying Christian of his danger?\u00a0 No; there is not one among all his relatives and friends who has the courage to announce to him the news of death, and to advise him to receive the Last Sacraments.\u00a0 Through fear of offending him, they all refuse to inform him of his danger. \u2013 O my God! from this moment I thank Thee, that at death I shall, through Thy grace, be assisted by my beloved brothers of my Congregation, who will then have no other interest than that of my eternal salvation, and will all help me to die well.<br \/>\u00a0 \u00a0 \u00a0Mas, embora n\u00e3o seja advertido sobre o fim que se aproxima, o pobre homem doente, vendo a fam\u00edlia em desordem, as consultas m\u00e9dicas repetidas, os rem\u00e9dios multiplicados, frequentes e violentos, fica cheio de confus\u00e3o e terror.  Assaltado por medos, remorso e desconfian\u00e7a, ele diz para si mesmo: Talvez o fim de meus dias tenha chegado!  Mas quais ser\u00e3o seus sentimentos quando, finalmente, for informado de que a morte est\u00e1 pr\u00f3xima?\u00a0 <em>Ponha ordem em sua casa, pois voc\u00ea morrer\u00e1 e n\u00e3o viver\u00e1<\/em>. - (Is. xxxviii., 1).  Que dor ele sentir\u00e1 ao ouvir estas palavras: Sua doen\u00e7a \u00e9 mortal.  \u00c9 necess\u00e1rio receber os \u00faltimos sacramentos, unir-se a Deus e preparar-se para dar adeus a este mundo.  O qu\u00ea! exclama o doente; devo me despedir de tudo - de minha casa, minha vila, meus parentes, amigos, conversas, jogos e divers\u00f5es?  Sim, voc\u00ea deve se despedir de tudo.  O advogado j\u00e1 est\u00e1 chegando e escreve esta \u00faltima despedida: \"Eu deixo\".  E o que ele leva consigo?  Nada al\u00e9m de um miser\u00e1vel trapo, que logo apodrecer\u00e1 com ele no t\u00famulo.<br \/>\u00a0 \u00a0 \u00a0Se neste momento me fosse anunciado, Senhor, que minha morte estava pr\u00f3xima, tais seriam os sentimentos dolorosos que torturariam minha alma.  Eu Te agrade\u00e7o por me dar essa luz e por me dar tempo para entrar em mim mesmo.  \u00d3 meu Deus, n\u00e3o vou mais fugir de Ti.  O Senhor j\u00e1 me procurou por tempo suficiente.  Tenho motivos para temer que o Senhor me abandone, se eu me recusar a me entregar a Ti e continuar a resistir aos Teus chamados.  O Senhor me deu um cora\u00e7\u00e3o para am\u00e1-Lo, mas fiz um uso t\u00e3o ruim dele.  Amei as criaturas e n\u00e3o Te amei, meu Criador e Redentor, que deu Tua vida por amor a mim.  Em vez de amar-Te, quantas vezes Te ofendi, quantas vezes Te desprezei e Te dei as costas?  Eu sabia que, com esse pecado, eu O insultava, mas mesmo assim o cometi.  Meu Jesus, sinto muito por todos os meus pecados.<\/p><p><strong>Medita\u00e7\u00e3o II:<\/strong><\/p><hr \/><p><strong>Leitura espiritual:\u00a0\u00a0<em>SENTIMENTOS DE UMA F\u00c9 VIVA<\/em><\/strong><\/p><hr \/><p><strong>Medita\u00e7\u00e3o noturna:\u00a0 <em>A INGRATID\u00c3O DOS HOMENS FEZ COM QUE JESUS SOFRESSE MAIS<\/em><\/strong><\/p><p><strong>Medita\u00e7\u00e3o I:<\/strong>\u00a0<\/p><p><strong>Medita\u00e7\u00e3o II:<\/strong>\u00a0<\/p><\/div>\n\t\t\t\t<\/div>\n\t\t\t\t\t\t\t<div class=\"elementor-accordion-item\">\n\t\t\t\t\t<div id=\"elementor-tab-title-8766\" class=\"elementor-tab-title\" data-tab=\"6\" role=\"button\" aria-controls=\"elementor-tab-content-8766\" aria-expanded=\"false\">\n\t\t\t\t\t\t\t\t\t\t\t\t\t<span class=\"elementor-accordion-icon elementor-accordion-icon-left\" aria-hidden=\"true\">\n\t\t\t\t\t\t\t\t\t\t\t\t\t\t\t<span class=\"elementor-accordion-icon-closed\"><i class=\"fas fa-plus\"><\/i><\/span>\n\t\t\t\t\t\t\t\t<span class=\"elementor-accordion-icon-opened\"><i class=\"fas fa-minus\"><\/i><\/span>\n\t\t\t\t\t\t\t\t\t\t\t\t\t\t<\/span>\n\t\t\t\t\t\t\t\t\t\t\t\t<a class=\"elementor-accordion-title\" tabindex=\"0\">QUINTA-FEIRA DA TERCEIRA SEMANA AP\u00d3S A EPIFANIA<\/a>\n\t\t\t\t\t<\/div>\n\t\t\t\t\t<div id=\"elementor-tab-content-8766\" class=\"elementor-tab-content elementor-clearfix\" data-tab=\"6\" role=\"region\" aria-labelledby=\"elementor-tab-title-8766\"><p><b>Medita\u00e7\u00e3o matinal:\u00a0\u00a0<em>\"O DESEJO DOS \u00cdMPIOS PERECER\u00c1\"<\/em><\/b><\/p><p>\u00a0 \u00a0 \u00a0Com que ardor desejaremos na morte o tempo que desperdi\u00e7amos!  Sendo isso verdade, nossa insensatez e infort\u00fanio ser\u00e3o ainda maiores se, depois de sabermos dessas coisas durante a vida, negligenciarmos a aplica\u00e7\u00e3o de um rem\u00e9dio a tempo.<\/p><p><b>Medita\u00e7\u00e3o I:<br \/><\/b>\u00a0 \u00a0 \u00a0Oh, como as Verdades da F\u00e9 s\u00e3o vistas claramente na hora da morte!  Mas ent\u00e3o elas s\u00f3 servem para aumentar a ang\u00fastia do crist\u00e3o moribundo que levou uma vida ruim, especialmente se ele foi consagrado a Deus e teve mais facilidades para servi-Lo, mais tempo para exerc\u00edcios de piedade, mais bons exemplos e mais inspira\u00e7\u00f5es.  \u00d3 Deus, que tortura ele sentir\u00e1 ao pensar: <em>Admoestei outras pessoas, mas minha vida foi pior do que a delas!  Deixei o mundo e, ainda assim, mantive apego aos prazeres e vaidades mundanos!<\/em>\u00a0 Que remorso ele sentir\u00e1 ao pensar que, com as luzes que recebeu de Deus, um pag\u00e3o se tornaria um santo!  Com que dor sua alma ser\u00e1 atormentada quando se lembrar de que ridicularizou nos outros certas pr\u00e1ticas de piedade, como se fossem fraquezas da mente; e que elogiou certas m\u00e1ximas mundanas de autoestima ou de amor-pr\u00f3prio, tais como: Devemos buscar nosso pr\u00f3prio progresso; devemos evitar o sofrimento e nos entregar \u00e0s divers\u00f5es que est\u00e3o ao nosso alcance.<br \/>\u00a0 \u00a0 \u00a0<em>O desejo dos \u00edmpios perecer\u00e1<\/em>. - (Sl. cxi., 10).  Com que ardor desejaremos na morte o tempo que agora desperdi\u00e7amos!  Em seu <em>Di\u00e1logos<\/em>S\u00e3o Greg\u00f3rio relata que um certo homem rico, chamado Crisorius, que levara uma vida perversa, ao ver que, ao morrer, os dem\u00f4nios vieram para lev\u00e1-lo, exclamou: D\u00eaem-me tempo!  D\u00eaem-me tempo at\u00e9 amanh\u00e3!  Eles responderam: \u00d3 louco!  Voc\u00ea est\u00e1 pedindo tempo agora?  Voc\u00ea teve tanto tempo, mas o desperdi\u00e7ou e o gastou cometendo pecados!  E agora voc\u00ea est\u00e1 pedindo tempo!  O tempo j\u00e1 n\u00e3o existe mais!  O infeliz continuou a gritar e a pedir ajuda.  Ao seu filho Maximus, um monge que estava presente, ele disse: \u00d3 meu filho, ajude-me!  \u00d3 Maximus, venha em meu aux\u00edlio!  Com o rosto em chamas, ele se jogou furiosamente de um lado para o outro em sua cama e, nesse estado de agita\u00e7\u00e3o e gritando em voz alta, como algu\u00e9m em desespero, ele expirou sua alma infeliz.<br \/>\u00a0 \u00a0 \u00a0\u00d3 meu Deus, n\u00e3o abusarei mais de Tua miseric\u00f3rdia.  Agrade\u00e7o-Te pela luz que agora me d\u00e1s e prometo mudar minha vida.  Vejo que o Senhor n\u00e3o pode me suportar por mais tempo.  N\u00e3o esperarei que Tu me mandes para o inferno ou me abandones a uma vida perversa, o que seria um castigo maior do que a pr\u00f3pria morte.  Eis que me lan\u00e7o a Teus p\u00e9s; recebe-me em Teu favor.  N\u00e3o mere\u00e7o Tua gra\u00e7a, mas Tu disseste: <em>A maldade do \u00edmpio n\u00e3o lhe far\u00e1 mal, em qualquer dia em que ele se converter da sua maldade<\/em>. - (Ezech. xxxiii., 12).  Se, ent\u00e3o, \u00f3 meu Jesus, at\u00e9 agora ofendi Tua infinita bondade, agora me arrependo de todo o cora\u00e7\u00e3o e espero o perd\u00e3o.  Direi com Santo Anselmo: Ah, j\u00e1 que V\u00f3s me redimistes com Vosso Sangue, n\u00e3o permitais que eu me perca por causa de meus pecados.  N\u00e3o olhe para minha ingratid\u00e3o, mas considere o amor que O fez morrer por mim.  Se eu perdi Tua gra\u00e7a, Tu n\u00e3o perdeste o poder de restaur\u00e1-la para mim.<\/p><p><strong>Medita\u00e7\u00e3o II:<\/strong><\/p><hr \/><p><strong>Leitura espiritual:\u00a0 <em>HER\u00d3IS E HERO\u00cdNAS DA F\u00c9:\u00a0 <\/em><\/strong>1 - S\u00e3o G\u00f3rdio, Centuri\u00e3o (3 de janeiro)<\/p><hr \/><p><strong>Medita\u00e7\u00e3o noturna:\u00a0 <em>CARREGAR NOSSA CRUZ POR CRISTO COMPENSAR\u00c1 TUDO<\/em><\/strong><\/p><p><strong>Medita\u00e7\u00e3o I:<\/strong>\u00a0<\/p><p><strong>Medita\u00e7\u00e3o II:<\/strong>\u00a0<\/p><\/div>\n\t\t\t\t<\/div>\n\t\t\t\t\t\t\t<div class=\"elementor-accordion-item\">\n\t\t\t\t\t<div id=\"elementor-tab-title-8767\" class=\"elementor-tab-title\" data-tab=\"7\" role=\"button\" aria-controls=\"elementor-tab-content-8767\" aria-expanded=\"false\">\n\t\t\t\t\t\t\t\t\t\t\t\t\t<span class=\"elementor-accordion-icon elementor-accordion-icon-left\" aria-hidden=\"true\">\n\t\t\t\t\t\t\t\t\t\t\t\t\t\t\t<span class=\"elementor-accordion-icon-closed\"><i class=\"fas fa-plus\"><\/i><\/span>\n\t\t\t\t\t\t\t\t<span class=\"elementor-accordion-icon-opened\"><i class=\"fas fa-minus\"><\/i><\/span>\n\t\t\t\t\t\t\t\t\t\t\t\t\t\t<\/span>\n\t\t\t\t\t\t\t\t\t\t\t\t<a class=\"elementor-accordion-title\" tabindex=\"0\">SEXTA-FEIRA DA TERCEIRA SEMANA AP\u00d3S A EPIFANIA<\/a>\n\t\t\t\t\t<\/div>\n\t\t\t\t\t<div id=\"elementor-tab-content-8767\" class=\"elementor-tab-content elementor-clearfix\" data-tab=\"7\" role=\"region\" aria-labelledby=\"elementor-tab-title-8767\"><p><b>Medita\u00e7\u00e3o matinal:<em>\u00a0 (Para a primeira sexta-feira de fevereiro) \"MY SOUL IS SORROWFUL UNTO DEATH\" (Minha alma est\u00e1 arruinada at\u00e9 a morte)\u00a0<\/em><\/b><\/p><p>\u00a0 \u00a0 \u00a0A dor do Cora\u00e7\u00e3o de Jesus n\u00e3o veio por causa dos tormentos que Ele viu que teria de sofrer, mas por ver os pecados que os homens cometeriam ap\u00f3s Sua morte.  Foi a vis\u00e3o de meus pecados que oprimiu Teu Cora\u00e7\u00e3o, \u00f3 Jesus, e Te fez agonizar e suar sangue.  Esta \u00e9 a recompensa que Te dei!<\/p><p><b>Medita\u00e7\u00e3o I:<br \/><\/b><em>\u00a0 \u00a0 \u00a0A minha alma est\u00e1 triste at\u00e9 a morte.<\/em> - (Mat. xxvi., 38).  Essas foram as palavras que sa\u00edram do doloroso cora\u00e7\u00e3o de Jesus Cristo no Jardim do Gets\u00eamani antes de morrer.  Ai de mim, de onde veio essa tristeza extrema, t\u00e3o grande que foi suficiente para tirar-Lhe a vida?  Talvez tenha sido por causa dos tormentos que Ele viu que teria de sofrer?  N\u00e3o, pois Ele havia previsto esses tormentos desde o momento de Sua encarna\u00e7\u00e3o.  Ele os previu e os aceitou de livre e espont\u00e2nea vontade: <em>Ele foi oferecido porque era sua pr\u00f3pria vontade<\/em>. - (Is. liii., 7).  Sua dor veio ao ver os pecados que os homens cometeriam ap\u00f3s Sua morte.  Foi ent\u00e3o, de acordo com S\u00e3o Bernardino de Sena, que Ele viu claramente cada pecado particular de cada um de n\u00f3s.  Ele se preocupou com cada pecado individual.<br \/>\u00a0 \u00a0 \u00a0N\u00e3o foi, ent\u00e3o, meu Jesus, a vis\u00e3o dos flagelos, dos espinhos e da cruz que tanto Te afligiu no Jardim do Gets\u00eamani - foi a vis\u00e3o dos meus pecados!  Cada um deles oprimiu tanto o Seu cora\u00e7\u00e3o com dor e tristeza que O fez agonizar e suar sangue.  Essa \u00e9 a recompensa que Te fiz pelo amor que me demonstraste ao morrer por mim.  Ah, deixe-me compartilhar a dor que sentiu no Jardim por meus pecados, para que a lembran\u00e7a disso possa me entristecer por toda a minha vida. Ah, meu doce Redentor, se eu pudesse consol\u00e1-Lo agora com minha dor e amor tanto quanto eu O afligi naquela \u00e9poca!  Arrependo-me, meu Amor, de todo o meu cora\u00e7\u00e3o por ter preferido minha pr\u00f3pria satisfa\u00e7\u00e3o miser\u00e1vel a Ti.  Sinto muito e Te amo acima de todas as coisas.  Embora eu tenha Te desprezado, ainda assim Te ou\u00e7o pedir meu amor.  Voc\u00ea quer que eu O ame de todo o meu cora\u00e7\u00e3o: <em>Ame o Senhor seu Deus de todo o seu cora\u00e7\u00e3o e de toda a sua alma<\/em>. - (Mateus xxii., 37).  Sim, meu Deus, eu Te amo com todo o meu cora\u00e7\u00e3o, eu Te amo com toda a minha alma.  D\u00ea-me o amor que voc\u00ea exige de mim.  Se at\u00e9 agora busquei a mim mesmo, agora n\u00e3o buscarei ningu\u00e9m al\u00e9m de Ti.  E visto que Tu me amaste mais do que os outros, mais do que os outros eu Te amarei.  Meu Jesus, atrai-me sempre mais e mais ao Teu amor pelo odor dos Teus ung\u00fcentos, que s\u00e3o os atrativos amorosos da Tua gra\u00e7a.  Finalmente, dai-me for\u00e7as para corresponder a tanto amor que Deus dedicou a um verme ingrato e traidor.  Maria, M\u00e3e de Miseric\u00f3rdia, ajude-me com suas ora\u00e7\u00f5es.<\/p><p><strong>Medita\u00e7\u00e3o II:<\/strong><\/p><hr \/><p><strong>Leitura espiritual:\u00a0 <em>HER\u00d3IS E HERO\u00cdNAS DA F\u00c9:\u00a0 <\/em><\/strong>2. - S\u00e3o Arc\u00e1dio (12 de janeiro)<\/p><hr \/><p><strong>Medita\u00e7\u00e3o noturna:\u00a0\u00a0<em>A BONDADE E A BENEVOL\u00caNCIA DE DEUS, NOSSO SALVADOR<\/em><\/strong><\/p><p><strong>Medita\u00e7\u00e3o I:<\/strong>\u00a0<\/p><p><strong>Medita\u00e7\u00e3o II:<\/strong>\u00a0<\/p><\/div>\n\t\t\t\t<\/div>\n\t\t\t\t\t\t\t<div class=\"elementor-accordion-item\">\n\t\t\t\t\t<div id=\"elementor-tab-title-8768\" class=\"elementor-tab-title\" data-tab=\"8\" role=\"button\" aria-controls=\"elementor-tab-content-8768\" aria-expanded=\"false\">\n\t\t\t\t\t\t\t\t\t\t\t\t\t<span class=\"elementor-accordion-icon elementor-accordion-icon-left\" aria-hidden=\"true\">\n\t\t\t\t\t\t\t\t\t\t\t\t\t\t\t<span class=\"elementor-accordion-icon-closed\"><i class=\"fas fa-plus\"><\/i><\/span>\n\t\t\t\t\t\t\t\t<span class=\"elementor-accordion-icon-opened\"><i class=\"fas fa-minus\"><\/i><\/span>\n\t\t\t\t\t\t\t\t\t\t\t\t\t\t<\/span>\n\t\t\t\t\t\t\t\t\t\t\t\t<a class=\"elementor-accordion-title\" tabindex=\"0\">S\u00c1BADO DA TERCEIRA SEMANA AP\u00d3S A EPIFANIA<\/a>\n\t\t\t\t\t<\/div>\n\t\t\t\t\t<div id=\"elementor-tab-content-8768\" class=\"elementor-tab-content elementor-clearfix\" data-tab=\"8\" role=\"region\" aria-labelledby=\"elementor-tab-title-8768\"><p><b>Medita\u00e7\u00e3o matinal:\u00a0 <em>(Para a Festa da Purifica\u00e7\u00e3o e Apresenta\u00e7\u00e3o, 2 de fevereiro) \"AND THY OWN SOUL A SWORD SHALL PIERCE\"\u00a0<\/em><\/b><\/p><p>\u00a0 \u00a0 \u00a0Maria j\u00e1 conhecia todos os tormentos que seu Filho deveria suportar, mas nas palavras que lhe foram dirigidas por Sime\u00e3o, <em>E sua pr\u00f3pria alma ser\u00e1 perfurada por uma espada<\/em>Em sua ora\u00e7\u00e3o, ela foi informada de todas as circunst\u00e2ncias minuciosas dos sofrimentos, internos e externos, que iriam atormentar Jesus em Sua Paix\u00e3o.  Maria consentiu, dizendo: Pai Eterno, pois Tu queres que assim seja, <em>n\u00e3o a minha vontade, mas a Tua seja feita!<\/em><\/p><p><b>Medita\u00e7\u00e3o I:<br \/><\/b>\u00a0 \u00a0 \u00a0A Sant\u00edssima Virgem j\u00e1 estava iluminada pelas Sagradas Escrituras e conhecia os sofrimentos que o Redentor deveria suportar em Sua vida, e ainda mais no momento de Sua morte.  Mas nas palavras de Sime\u00e3o, <em>E sua pr\u00f3pria alma ser\u00e1 perfurada por uma espada<\/em>Em sua morte, o Senhor lhe deu a conhecer todas as circunst\u00e2ncias minuciosas dos sofrimentos, internos e externos, que haviam de atormentar seu Jesus em Sua Paix\u00e3o, como nosso Senhor revelou a Santa Teresa.  Ela consentiu em tudo com uma const\u00e2ncia que encheu de espanto at\u00e9 mesmo os anjos; ela pronunciou a senten\u00e7a de que seu Filho deveria morrer, e morrer por uma morte t\u00e3o ignominiosa e dolorosa, dizendo: \"Pai Eterno, j\u00e1 que V\u00f3s quereis que assim seja, <em>n\u00e3o a minha vontade, mas a tua seja feita<\/em>. \u2014 (Luke, xxii., 42).\u00a0 I unite my will with Thy most holy will, and I sacrifice this, my Son to Thee.\u00a0 I am satisfied that He should lose His life for Thy glory and the salvation of the world.\u00a0 At the same time I sacrifice my heart to Thee, that it may be transpierced with sorrow, and this as much as Thou pleasest: it suffices me, my God, that Thou art glorified and satisfied with my offering: <em>N\u00e3o a minha vontade, mas a Tua seja feita!<\/em>&#8221;\u00a0 O charity without measure!\u00a0 O constancy without parallel!\u00a0 O victory which deserves the eternal admiration of Heaven and earth!<br \/>\u00a0 \u00a0 \u00a0Hence it was that Mary was silent during the Passion of Jesus, when He was unjustly accused.\u00a0 She said not a word to Pilate who was somewhat inclined to set her Son at liberty, knowing, as he did, His innocence.\u00a0 She only appeared in public to assist at the great Sacrifice, which was to be accomplished on Calvary; she accompanied her beloved Son to the place of execution; she was with Him from the first moment, when He was nailed on the Cross: <em>Ali estava a cruz de Jesus, sua m\u00e3e<\/em> - (Jo. xix., 25), at\u00e9 que ela O viu expirar, e o Sacrif\u00edcio foi consumado.  E tudo isso ela fez para completar a oferta que havia feito por Ele a Deus no Templo.<br \/>\u00a0 \u00a0 \u00a0\u00d3 santa M\u00e3e de Deus e minha M\u00e3e Maria, v\u00f3s estivestes t\u00e3o profundamente interessada em minha salva\u00e7\u00e3o a ponto de oferecer \u00e0 morte o objeto mais querido de vosso cora\u00e7\u00e3o, vosso amado Jesus!  Como, ent\u00e3o, desejastes tanto ver-me salvo, \u00e9 justo que, depois de Deus, eu deposite todas as minhas esperan\u00e7as em v\u00f3s.  Oh, sim, Virgem Sant\u00edssima, de fato, confio inteiramente em V\u00f3s.  Ah, pelos m\u00e9ritos do grande sacrif\u00edcio que hoje oferecestes a Deus, o sacrif\u00edcio da vida de vosso Filho, rogai-lhe que tenha piedade de minha pobre alma, pela qual esse Cordeiro Imaculado n\u00e3o se recusou a morrer na cruz.<\/p><p><strong>Medita\u00e7\u00e3o II:<\/strong><\/p><hr \/><p><strong>Leitura espiritual:\u00a0 <em>A PURIFICA\u00c7\u00c3O DE MARIA: O grande sacrif\u00edcio que Maria fez nesse dia a Deus, oferecendo-Lhe a vida de seu Filho.<\/em><\/strong><\/p><hr \/><p><strong>Medita\u00e7\u00e3o noturna:\u00a0\u00a0<em>A GENEROSIDADE DE MARIA AO OFERECER JESUS \u00c0 MORTE POR N\u00d3S<\/em><\/strong><\/p><p><strong>Medita\u00e7\u00e3o I:<\/strong>\u00a0<\/p><p><strong>Medita\u00e7\u00e3o II:<\/strong>\u00a0<\/p><\/div>\n\t\t\t\t<\/div>\n\t\t\t\t\t\t\t\t<\/div>\n\t\t\t\t\t\t<\/div>\n\t\t\t\t<\/div>\n\t\t\t\t\t<\/div>\n\t\t\t\t<\/div>\n\t\t<div class=\"elementor-element elementor-element-8c89efa e-flex e-con-boxed e-con e-parent\" data-id=\"8c89efa\" data-element_type=\"container\" data-e-type=\"container\">\n\t\t\t\t\t<div class=\"e-con-inner\">\n\t\t\t\t<div class=\"elementor-element elementor-element-434f071 elementor-widget elementor-widget-text-editor\" data-id=\"434f071\" data-element_type=\"widget\" data-e-type=\"widget\" data-widget_type=\"text-editor.default\">\n\t\t\t\t<div class=\"elementor-widget-container\">\n\t\t\t\t\t\t\t\t\t<p><a href=\"https:\/\/societyofthemostholyredeemer.org\/pt\/daily-meditations\/\">\u21d1 \u00a0<\/a><em><a href=\"https:\/\/societyofthemostholyredeemer.org\/pt\/daily-meditations\/\">\u00cdNDICE<\/a><br \/><\/em><a href=\"https:\/\/societyofthemostholyredeemer.org\/pt\/daily-meditations-second-week-after-epiphany\/\">\u21d0\u00a0<em>SECOND WEEK AFTER EPIPHANY<\/em><\/a><br \/><a href=\"https:\/\/societyofthemostholyredeemer.org\/pt\/daily-meditations-fourth-week-after-epiphany\/\">\u21d2\u00a0<em>FOURTH WEEK AFTER EPIPHANY<\/em><\/a><\/p>\t\t\t\t\t\t\t\t<\/div>\n\t\t\t\t<\/div>\n\t\t\t\t\t<\/div>\n\t\t\t\t<\/div>\n\t\t\t\t<\/div>","protected":false},"excerpt":{"rendered":"<p>VOLUME ONE &#8211; PART II, pp. 102-156 THIRD SUNDAY AFTER EPIPHANY Morning Meditation:\u00a0 &#8220;BE NOT WISE IN YOUR OWN CONCEITS&#8221; \u00a0 \u00a0 \u00a0Be not wise in your own conceits. \u2014 (Ep. of Sunday. Rom. xii., 16-21).\u00a0 \u00a0 \u00a0The wise Christian &hellip; <a class=\"continue_reading\" href=\"https:\/\/societyofthemostholyredeemer.org\/pt\/daily-meditations-third-week-after-epiphany\/\">Continuar lendo <span class=\"meta-nav\"><i class=\"fa fa-caret-right\" aria-hidden=\"true\"><\/i><\/span><\/a><\/p>","protected":false},"author":3,"featured_media":4884,"parent":0,"menu_order":56,"comment_status":"closed","ping_status":"closed","template":"","meta":{"_acf_changed":false,"footnotes":""},"class_list":["post-6014","page","type-page","status-publish","has-post-thumbnail","hentry"],"acf":[],"_links":{"self":[{"href":"https:\/\/societyofthemostholyredeemer.org\/pt\/wp-json\/wp\/v2\/pages\/6014","targetHints":{"allow":["GET"]}}],"collection":[{"href":"https:\/\/societyofthemostholyredeemer.org\/pt\/wp-json\/wp\/v2\/pages"}],"about":[{"href":"https:\/\/societyofthemostholyredeemer.org\/pt\/wp-json\/wp\/v2\/types\/page"}],"author":[{"embeddable":true,"href":"https:\/\/societyofthemostholyredeemer.org\/pt\/wp-json\/wp\/v2\/users\/3"}],"replies":[{"embeddable":true,"href":"https:\/\/societyofthemostholyredeemer.org\/pt\/wp-json\/wp\/v2\/comments?post=6014"}],"version-history":[{"count":63,"href":"https:\/\/societyofthemostholyredeemer.org\/pt\/wp-json\/wp\/v2\/pages\/6014\/revisions"}],"predecessor-version":[{"id":12292,"href":"https:\/\/societyofthemostholyredeemer.org\/pt\/wp-json\/wp\/v2\/pages\/6014\/revisions\/12292"}],"wp:featuredmedia":[{"embeddable":true,"href":"https:\/\/societyofthemostholyredeemer.org\/pt\/wp-json\/wp\/v2\/media\/4884"}],"wp:attachment":[{"href":"https:\/\/societyofthemostholyredeemer.org\/pt\/wp-json\/wp\/v2\/media?parent=6014"}],"curies":[{"name":"wp","href":"https:\/\/api.w.org\/{rel}","templated":true}]}}