{"id":6303,"date":"2025-01-24T19:02:58","date_gmt":"2025-01-24T19:02:58","guid":{"rendered":"https:\/\/societyofthemostholyredeemer.org\/?page_id=6303"},"modified":"2026-01-13T20:06:05","modified_gmt":"2026-01-13T20:06:05","slug":"daily-meditations-sixth-week-after-epiphany","status":"publish","type":"page","link":"https:\/\/societyofthemostholyredeemer.org\/pt\/daily-meditations-sixth-week-after-epiphany\/","title":{"rendered":"MEDITA\u00c7\u00d5ES DI\u00c1RIAS: SEXTA SEMANA AP\u00d3S A EPIFANIA"},"content":{"rendered":"<div data-elementor-type=\"wp-page\" data-elementor-id=\"6303\" class=\"elementor elementor-6303\" data-elementor-post-type=\"page\">\n\t\t\t\t<div class=\"elementor-element elementor-element-72f6c05 e-flex e-con-boxed e-con e-parent\" data-id=\"72f6c05\" data-element_type=\"container\" data-e-type=\"container\">\n\t\t\t\t\t<div class=\"e-con-inner\">\n\t\t\t\t<div class=\"elementor-element elementor-element-53a2dfe elementor-widget elementor-widget-accordion\" data-id=\"53a2dfe\" data-element_type=\"widget\" data-e-type=\"widget\" data-widget_type=\"accordion.default\">\n\t\t\t\t<div class=\"elementor-widget-container\">\n\t\t\t\t\t\t\t<div class=\"elementor-accordion\">\n\t\t\t\t\t\t\t<div class=\"elementor-accordion-item\">\n\t\t\t\t\t<div id=\"elementor-tab-title-8761\" class=\"elementor-tab-title\" data-tab=\"1\" role=\"button\" aria-controls=\"elementor-tab-content-8761\" aria-expanded=\"false\">\n\t\t\t\t\t\t\t\t\t\t\t\t\t<span class=\"elementor-accordion-icon elementor-accordion-icon-left\" aria-hidden=\"true\">\n\t\t\t\t\t\t\t\t\t\t\t\t\t\t\t<span class=\"elementor-accordion-icon-closed\"><i class=\"fas fa-plus\"><\/i><\/span>\n\t\t\t\t\t\t\t\t<span class=\"elementor-accordion-icon-opened\"><i class=\"fas fa-minus\"><\/i><\/span>\n\t\t\t\t\t\t\t\t\t\t\t\t\t\t<\/span>\n\t\t\t\t\t\t\t\t\t\t\t\t<a class=\"elementor-accordion-title\" tabindex=\"0\">VOLUME ONE - PART II, pp. 272-330<\/a>\n\t\t\t\t\t<\/div>\n\t\t\t\t\t<div id=\"elementor-tab-content-8761\" class=\"elementor-tab-content elementor-clearfix\" data-tab=\"1\" role=\"region\" aria-labelledby=\"elementor-tab-title-8761\"><\/div>\n\t\t\t\t<\/div>\n\t\t\t\t\t\t\t<div class=\"elementor-accordion-item\">\n\t\t\t\t\t<div id=\"elementor-tab-title-8762\" class=\"elementor-tab-title\" data-tab=\"2\" role=\"button\" aria-controls=\"elementor-tab-content-8762\" aria-expanded=\"false\">\n\t\t\t\t\t\t\t\t\t\t\t\t\t<span class=\"elementor-accordion-icon elementor-accordion-icon-left\" aria-hidden=\"true\">\n\t\t\t\t\t\t\t\t\t\t\t\t\t\t\t<span class=\"elementor-accordion-icon-closed\"><i class=\"fas fa-plus\"><\/i><\/span>\n\t\t\t\t\t\t\t\t<span class=\"elementor-accordion-icon-opened\"><i class=\"fas fa-minus\"><\/i><\/span>\n\t\t\t\t\t\t\t\t\t\t\t\t\t\t<\/span>\n\t\t\t\t\t\t\t\t\t\t\t\t<a class=\"elementor-accordion-title\" tabindex=\"0\">SEXTO DOMINGO AP\u00d3S A EPIFANIA<\/a>\n\t\t\t\t\t<\/div>\n\t\t\t\t\t<div id=\"elementor-tab-content-8762\" class=\"elementor-tab-content elementor-clearfix\" data-tab=\"2\" role=\"region\" aria-labelledby=\"elementor-tab-title-8762\"><p><b>Medita\u00e7\u00e3o matinal:\u00a0 <em>\"EM MUITA TRIBULA\u00c7\u00c3O COM ALEGRIA DO ESP\u00cdRITO SANTO<\/em><em>&#8220;<\/em><\/b> - (Ep\u00edstola de Domingo. 1 Tess. i., 2-10)<\/p><p>\u00a0 \u00a0 \u00a0\"A Cruz de Cristo\", diz S\u00e3o Jo\u00e3o Cris\u00f3stomo, \"\u00e9 a chave do Para\u00edso\".\u00a0 <em>Crux Christi clavis Paradisi<\/em>.  Mas \u00e9 necess\u00e1rio, diz o Santo, suportar as tribula\u00e7\u00f5es em paz.  Se quisermos ser salvos, devemos nos submeter \u00e0s prova\u00e7\u00f5es.  Atrav\u00e9s de muitas tribula\u00e7\u00f5es, devemos entrar no reino de Deus. - (Atos xiv., 21)<\/p><p><b>Medita\u00e7\u00e3o I:<br \/><\/b>\u00a0 \u00a0 \u00c9 necess\u00e1rio, diz S\u00e3o Jo\u00e3o Cris\u00f3stomo, suportar as tribula\u00e7\u00f5es em paz; pois se voc\u00ea as aceitar com resigna\u00e7\u00e3o, obter\u00e1 grande m\u00e9rito; mas se as aceitar com relut\u00e2ncia, aumentar\u00e1 em vez de diminuir sua mis\u00e9ria.  Se quisermos ser salvos, devemos nos submeter \u00e0s prova\u00e7\u00f5es.  Para as almas santas, as afli\u00e7\u00f5es mais severas s\u00e3o as tenta\u00e7\u00f5es pelas quais o dem\u00f4nio as impele a ofender a Deus; mas aqueles que suportarem essas tenta\u00e7\u00f5es com paci\u00eancia e as banirem, recorrendo a Deus em busca de ajuda, adquirir\u00e3o grande m\u00e9rito.\u00a0 <em>E<\/em>, diz S\u00e3o Paulo, <em>Fiel \u00e9 Deus, que n\u00e3o permitir\u00e1 que sejais tentados acima do que podeis, mas tamb\u00e9m vos ajudar\u00e1 com a tenta\u00e7\u00e3o, para que a possais suportar<\/em>. - (1 Cor. x., 13).  Deus permite que sejamos molestados por tenta\u00e7\u00f5es, para que, ao bani-las, possamos obter maior m\u00e9rito.\u00a0 <em>Aben\u00e7oado<\/em>diz o Senhor, <em>os que choram, pois ser\u00e3o consolados<\/em>. - (Mt. v., 5).  Eles s\u00e3o aben\u00e7oados porque, de acordo com o Ap\u00f3stolo, nossas tribula\u00e7\u00f5es s\u00e3o moment\u00e2neas e muito leves em compara\u00e7\u00e3o com a grandeza da gl\u00f3ria eterna que obter\u00e3o para n\u00f3s no C\u00e9u.\u00a0 <em>Pois o que hoje \u00e9 moment\u00e2neo e leve em nossa tribula\u00e7\u00e3o, produz para n\u00f3s um peso eterno de gl\u00f3ria acima da medida<\/em>. - (2 Cor. iv., 17).  Um grande servo de Deus costumava dizer que o Para\u00edso \u00e9 o lar dos pobres, dos perseguidos, dos humildes e aflitos.  Por isso, S\u00e3o Paulo diz: <em>A paci\u00eancia \u00e9 necess\u00e1ria para que, fazendo a vontade de Deus, voc\u00ea possa receber a promessa<\/em>. - (Heb. x., 36).  Falando das tribula\u00e7\u00f5es dos santos, S\u00e3o Cipriano pergunta: \"O que s\u00e3o elas para os servos de Deus, a quem o Para\u00edso convida?\"  \u00c9 muito para voc\u00ea, a quem os bens eternos do C\u00e9u s\u00e3o prometidos, abra\u00e7ar as curtas afli\u00e7\u00f5es desta vida?<\/p><p><strong>Medita\u00e7\u00e3o II:<br \/>\u00a0 \u00a0 \u00a0<\/strong><\/p><hr \/><p><strong>Leitura espiritual:\u00a0 <em>COMO SOFRER TRIBULA\u00c7\u00d5ES COM M\u00c9RITO PARA A ETERNIDADE<\/em><\/strong><\/p><hr \/><p><strong>Medita\u00e7\u00e3o noturna:\u00a0 <em>ORAR PELOS OUTROS, ESPECIALMENTE PELOS POBRES PECADORES<\/em><\/strong><\/p><p><strong>Medita\u00e7\u00e3o I:<\/strong>\u00a0\u00a0 \u00a0 \u00a0<\/p><p><strong>Medita\u00e7\u00e3o II:<\/strong>\u00a0\u00a0 \u00a0 \u00a0<\/p><\/div>\n\t\t\t\t<\/div>\n\t\t\t\t\t\t\t<div class=\"elementor-accordion-item\">\n\t\t\t\t\t<div id=\"elementor-tab-title-8763\" class=\"elementor-tab-title\" data-tab=\"3\" role=\"button\" aria-controls=\"elementor-tab-content-8763\" aria-expanded=\"false\">\n\t\t\t\t\t\t\t\t\t\t\t\t\t<span class=\"elementor-accordion-icon elementor-accordion-icon-left\" aria-hidden=\"true\">\n\t\t\t\t\t\t\t\t\t\t\t\t\t\t\t<span class=\"elementor-accordion-icon-closed\"><i class=\"fas fa-plus\"><\/i><\/span>\n\t\t\t\t\t\t\t\t<span class=\"elementor-accordion-icon-opened\"><i class=\"fas fa-minus\"><\/i><\/span>\n\t\t\t\t\t\t\t\t\t\t\t\t\t\t<\/span>\n\t\t\t\t\t\t\t\t\t\t\t\t<a class=\"elementor-accordion-title\" tabindex=\"0\">SEGUNDA-FEIRA DA SEXTA SEMANA AP\u00d3S A EPIFANIA<\/a>\n\t\t\t\t\t<\/div>\n\t\t\t\t\t<div id=\"elementor-tab-content-8763\" class=\"elementor-tab-content elementor-clearfix\" data-tab=\"3\" role=\"region\" aria-labelledby=\"elementor-tab-title-8763\"><p><b>Medita\u00e7\u00e3o matinal:\u00a0 <\/b><strong><em>VANITAS VANITATUM:\u00a0<\/em><\/strong> I. OS BENS DESTE MUNDO N\u00c3O T\u00caM VALOR<\/p><p>\u00a0 \u00a0 N\u00e3o podemos chamar as coisas desta vida de <em>nosso<\/em> porque n\u00e3o podemos lev\u00e1-los conosco para a eternidade.  Onde est\u00e1 o homem rico que j\u00e1 levou consigo um peda\u00e7o de dinheiro?  Que rei jamais levou consigo um peda\u00e7o de sua p\u00farpura?  De que nos serve, ent\u00e3o, ganhar o mundo inteiro se, na morte, perdermos tudo ao perdermos nossa alma?<\/p><p><b>Medita\u00e7\u00e3o I:<br \/><\/b>\u00a0 \u00a0 <em>\u00a0Que aproveita ao homem ganhar o mundo inteiro, se vier a perder a sua alma?<\/em> - (Mat. xvi., 26).<br \/>\u00a0 \u00a0 \u00a0Um antigo fil\u00f3sofo chamado Aristippus naufragou certa vez e perdeu todos os seus bens.  Quando chegou \u00e0 costa, as pessoas, em respeito ao seu grande conhecimento, presentearam-no com o equivalente a tudo o que ele havia perdido.  Ele escreveu a seus amigos, exortando-os a imitar seu exemplo e a buscar apenas os bens que n\u00e3o pudessem ser roubados por um naufr\u00e1gio.  Agora, nossos parentes e amigos que est\u00e3o na eternidade nos exortam, do outro mundo, a nos preocuparmos apenas com a aquisi\u00e7\u00e3o de bens que nem mesmo a morte pode nos tirar.  A morte \u00e9 chamada de <em>o dia da destrui\u00e7\u00e3o<\/em>. - (Deut. xxxii., 35).  \u00c9 o dia da destrui\u00e7\u00e3o, porque nesse dia perderemos todos os bens desta terra, - suas honras, riquezas e prazeres.  Por isso, de acordo com Santo Ambr\u00f3sio, n\u00e3o podemos chamar as coisas desta vida de <em>nosso<\/em>Porque n\u00e3o podemos lev\u00e1-las conosco para a eternidade.  Somente nossas virtudes nos acompanham para a pr\u00f3xima vida.  Somente nossas virtudes nos acompanham para a pr\u00f3xima vida.<br \/>\u00a0 \u00a0 \u00a0O que nos adianta, ent\u00e3o, diz Jesus Cristo, ganhar o mundo inteiro se, na morte, perdermos tudo ao perdermos a alma?  Ah! quantos jovens essa grande m\u00e1xima mandou para o claustro!  Quantos anacoretas ela mandou para o deserto!  E quantos m\u00e1rtires ela encorajou a dar a vida por Jesus Cristo!  Com essa m\u00e1xima, Santo In\u00e1cio de Loyola atraiu muitas almas para Deus, particularmente a alma de S\u00e3o Francisco Xavier, que estava em Paris apegado \u00e0s coisas do mundo.  \"Francisco\", disse o Santo um dia, \"reflita que o mundo \u00e9 um traidor, que promete, mas n\u00e3o cumpre.  E mesmo que ele cumpra todas as suas promessas, nunca poder\u00e1 satisfazer seu cora\u00e7\u00e3o.  Mas, se ele o fizer feliz, quanto tempo durar\u00e1 essa felicidade?  Ela pode durar mais do que sua vida? E depois da morte, o que voc\u00ea levar\u00e1 consigo para a eternidade?  Onde est\u00e1 o homem rico que j\u00e1 levou consigo uma quantia em dinheiro ou um servo para atend\u00ea-lo?  Que rei jamais levou consigo um peda\u00e7o de p\u00farpura como distintivo da realeza?\"  Com essas palavras, S\u00e3o Francisco abandonou o mundo, seguiu Santo In\u00e1cio e se tornou um santo.<br \/>\u00a0 \u00a0 \u00a0Ah, Jesus, meu Redentor, eu Te agrade\u00e7o por me fazer ver minha insensatez e o mal que fiz ao virar as costas para Ti, que deste Teu sangue e Tua vida por mim.  O Senhor n\u00e3o merecia ser tratado por mim como eu O tratei.  Eis que, se a morte viesse agora sobre mim, o que eu encontraria sen\u00e3o pecado e remorso de consci\u00eancia, que me fariam morrer com grande inquieta\u00e7\u00e3o!  Meu Salvador, confesso que fiz o mal e cometi um grande erro ao deixar-Te, meu Soberano Bem, pelos prazeres miser\u00e1veis deste mundo.  Estou arrependido do fundo do meu cora\u00e7\u00e3o.  Ah! por meio da dor que tirou Tua vida na Cruz, d\u00e1-me uma dor por meus pecados que me far\u00e1 chorar pelo resto de minha vida pelas ofensas que Te fiz.  Meu Jesus, perdoe-me; prometo n\u00e3o mais desagrad\u00e1-Lo e am\u00e1-Lo para sempre.<\/p><p><strong>Medita\u00e7\u00e3o II:<br \/>\u00a0 \u00a0 \u00a0<\/strong><\/p><hr \/><p><strong>Leitura espiritual: <em>A REGRA DE VIDA DE UM CRIST\u00c3O:\u00a0 <\/em><\/strong>I. - OS MEIOS QUE DEVEMOS USAR PARA PERSEVERAR NA GRA\u00c7A DE DEUS<\/p><hr \/><p><strong>Medita\u00e7\u00e3o noturna:\u00a0 <em>PARA PERSEVERAR, PRECISAMOS VENCER O DEM\u00d4NIO<\/em><\/strong><\/p><p><strong>Medita\u00e7\u00e3o I:<\/strong>\u00a0\u00a0 \u00a0 \u00a0<\/p><p><strong>Medita\u00e7\u00e3o II:<\/strong>\u00a0\u00a0 \u00a0 \u00a0<\/p><\/div>\n\t\t\t\t<\/div>\n\t\t\t\t\t\t\t<div class=\"elementor-accordion-item\">\n\t\t\t\t\t<div id=\"elementor-tab-title-8764\" class=\"elementor-tab-title\" data-tab=\"4\" role=\"button\" aria-controls=\"elementor-tab-content-8764\" aria-expanded=\"false\">\n\t\t\t\t\t\t\t\t\t\t\t\t\t<span class=\"elementor-accordion-icon elementor-accordion-icon-left\" aria-hidden=\"true\">\n\t\t\t\t\t\t\t\t\t\t\t\t\t\t\t<span class=\"elementor-accordion-icon-closed\"><i class=\"fas fa-plus\"><\/i><\/span>\n\t\t\t\t\t\t\t\t<span class=\"elementor-accordion-icon-opened\"><i class=\"fas fa-minus\"><\/i><\/span>\n\t\t\t\t\t\t\t\t\t\t\t\t\t\t<\/span>\n\t\t\t\t\t\t\t\t\t\t\t\t<a class=\"elementor-accordion-title\" tabindex=\"0\">TER\u00c7A-FEIRA DA SEXTA SEMANA AP\u00d3S A EPIFANIA<\/a>\n\t\t\t\t\t<\/div>\n\t\t\t\t\t<div id=\"elementor-tab-content-8764\" class=\"elementor-tab-content elementor-clearfix\" data-tab=\"4\" role=\"region\" aria-labelledby=\"elementor-tab-title-8764\"><p><b>Medita\u00e7\u00e3o matinal:\u00a0 <em>OS BENS DESTE MUNDO S\u00c3O DESPREZ\u00cdVEIS<\/em><\/b><\/p><p>\u00a0 \u00a0 \u00a0Santo Agostinho nos pede que consideremos n\u00e3o o que o homem rico possu\u00eda em vida, mas o que ele levou consigo na morte - um corpo f\u00e9tido e um trapo de roupa para apodrecer com ele.  Devemos nos esfor\u00e7ar para nos tornarmos santos, ricos naqueles bens que nos acompanhar\u00e3o ao outro mundo e nos satisfar\u00e3o por toda a eternidade.<\/p><p><b>Medita\u00e7\u00e3o I:<br \/><\/b>\u00a0 \u00a0 \u00a0<em>H\u00e1 uma balan\u00e7a enganosa em suas m\u00e3os<\/em>. - (Osee, xii., 7).  Devemos pesar as coisas na balan\u00e7a de Deus, e n\u00e3o na balan\u00e7a enganosa do mundo.  Os bens desta vida s\u00e3o bens miser\u00e1veis; eles n\u00e3o satisfazem o cora\u00e7\u00e3o; eles logo acabam.\u00a0 <em>Meus dias foram mais r\u00e1pidos do que um correio: passaram como navios carregando frutas<\/em>. - (J\u00f3, ix., 25, 26).  Os dias de nossa vida passam e voam, e de todos os prazeres desta terra, o que resta?  Passaram como um navio que n\u00e3o deixa rastro!\u00a0 <em>Como um navio que passa pelas \u00e1guas, do qual, depois de haver passado, n\u00e3o se pode achar o rastro<\/em>. - (Sabedoria v., 10).  Pergunte aos muitos ricos e eruditos do mundo, aos muitos pr\u00edncipes e imperadores que est\u00e3o agora na eternidade, o que eles possuem de todas as pompas, del\u00edcias e grandeza que desfrutaram nesta vida?  Todos eles respondem: Nada!  Nada!  \"\u00d3 homem\", diz Santo Agostinho, \"voc\u00ea se preocupa com o que ele tinha aqui, mas se preocupa antes com o que ele traz consigo\".  Voc\u00ea, diz o santo, considera apenas os bens que o homem rico possu\u00eda; mas observe o que ele levou com ele na morte, - um corpo f\u00e9tido e um trapo de roupa para apodrecer com ele.<br \/>\u00a0 \u00a0 \u00a0Ap\u00f3s a morte, fala-se dos grandes do mundo por algum tempo, mas eles logo s\u00e3o esquecidos.\u00a0 <em>Sua mem\u00f3ria pereceu com um ru\u00eddo<\/em>. - (Sl. ix., 7).  E se eles foram para o inferno, o que fazem e dizem nesse lugar de infort\u00fanio?  Choram e dizem: <em>De que nos serviu a soberba?  Ou que vantagem nos trouxe a ostenta\u00e7\u00e3o das riquezas?  Todas essas coisas passaram como a sombra<\/em>. - (Sabedoria v., 8, 9).  De que nos adiantaram as pompas e riquezas, agora que elas se foram como uma sombra, e para n\u00f3s s\u00f3 restam tormentos eternos, lamentos e desespero?<br \/>\u00a0 \u00a0 \u00a0Ah, meu Redentor, Tu sofreste tantas dores e ignom\u00ednias por minha causa; e eu amei os prazeres e as vaidades desta terra de tal maneira que, por causa deles, muitas vezes pisei em Tua gra\u00e7a.  Mas, como n\u00e3o deixaste de me buscar quando eu Te desprezava, n\u00e3o posso, \u00f3 meu Jesus, temer que agora me rejeites, quando Te busco e amo de todo o cora\u00e7\u00e3o, e estou mais arrependido por ter Te ofendido do que por qualquer outra desgra\u00e7a.  \u00d3 Deus de minha alma, de hoje em diante, desejo nunca mais ofend\u00ea-Lo, nem mesmo por um pensamento venial.  N\u00e3o farei, por nenhum bem terreno, o que sei ser ofensivo a Ti.  Fa\u00e7a-me saber o que devo fazer para agrad\u00e1-Lo.  Estou pronto para fazer isso.  Desejo am\u00e1-Lo com um amor verdadeiro.<\/p><p><strong>Medita\u00e7\u00e3o II:<br \/>\u00a0 \u00a0 \u00a0<\/strong><\/p><hr \/><p><strong>Leitura espiritual:\u00a0 <em>A REGRA DE VIDA DE UM CRIST\u00c3O:\u00a0 <\/em><\/strong>MEIOS DE PERSEVERAN\u00c7A (continua\u00e7\u00e3o)<\/p><hr \/><p><strong>Medita\u00e7\u00e3o noturna:\u00a0 <em>PARA PERSEVERAR, PRECISAMOS CONQUISTAR O MUNDO<\/em><\/strong><\/p><p><strong>Medita\u00e7\u00e3o I:<\/strong>\u00a0\u00a0 \u00a0 \u00a0<\/p><p><strong>Medita\u00e7\u00e3o II:<\/strong>\u00a0\u00a0 \u00a0 \u00a0<\/p><\/div>\n\t\t\t\t<\/div>\n\t\t\t\t\t\t\t<div class=\"elementor-accordion-item\">\n\t\t\t\t\t<div id=\"elementor-tab-title-8765\" class=\"elementor-tab-title\" data-tab=\"5\" role=\"button\" aria-controls=\"elementor-tab-content-8765\" aria-expanded=\"false\">\n\t\t\t\t\t\t\t\t\t\t\t\t\t<span class=\"elementor-accordion-icon elementor-accordion-icon-left\" aria-hidden=\"true\">\n\t\t\t\t\t\t\t\t\t\t\t\t\t\t\t<span class=\"elementor-accordion-icon-closed\"><i class=\"fas fa-plus\"><\/i><\/span>\n\t\t\t\t\t\t\t\t<span class=\"elementor-accordion-icon-opened\"><i class=\"fas fa-minus\"><\/i><\/span>\n\t\t\t\t\t\t\t\t\t\t\t\t\t\t<\/span>\n\t\t\t\t\t\t\t\t\t\t\t\t<a class=\"elementor-accordion-title\" tabindex=\"0\">QUARTA-FEIRA DA SEXTA SEMANA AP\u00d3S A EPIFANIA<\/a>\n\t\t\t\t\t<\/div>\n\t\t\t\t\t<div id=\"elementor-tab-content-8765\" class=\"elementor-tab-content elementor-clearfix\" data-tab=\"5\" role=\"region\" aria-labelledby=\"elementor-tab-title-8765\"><p><b>Medita\u00e7\u00e3o matinal:\u00a0 <em>DEVEMOS TRABALHAR PARA O C\u00c9U<\/em><\/b><\/p><p>\u00a0 \u00a0 O que \u00e9 nossa vida nesta Terra sen\u00e3o uma cena que termina muito em breve e passa?  A moda deste mundo passa.  O mundo \u00e9 um palco; uma gera\u00e7\u00e3o passa, outra aparece!  \"Assim terminam as grandezas e coroas deste mundo!\", exclamou Francisco B\u00f3rgia, \"Doravante servirei a um Mestre que nunca pode morrer!\"<\/p><p><b>Medita\u00e7\u00e3o I:<br \/><\/b>\u00a0 \u00a0 \u00a0<em>O tempo \u00e9 curto; resta que ... os que usam este mundo sejam como se n\u00e3o o usassem, pois a moda deste mundo passa<\/em>. - (1 Cor. vii., 29, 31).  O que \u00e9 nossa vida nesta Terra sen\u00e3o uma cena que passa e termina muito em breve?\u00a0 <em>A moda deste mundo passa<\/em>.  \"O mundo\", diz Cornelius \u00e0 Lapide, \"\u00e9 como um palco; uma gera\u00e7\u00e3o passa, outra aparece\".  Aquele que faz o papel de um rei n\u00e3o leva a p\u00farpura consigo.  \u00d3 vila, \u00f3 casa, diga-me, quantos mestres voc\u00ea j\u00e1 teve?  Ah, quando a com\u00e9dia acaba, o rei n\u00e3o \u00e9 mais rei; o mestre deixa de ser mestre.  No momento, voc\u00ea est\u00e1 de posse de tal vila, de tal pal\u00e1cio; mas a morte chegar\u00e1 e eles passar\u00e3o para outros senhores.<br \/>\u00a0 \u00a0 \u00a0<em>A afli\u00e7\u00e3o de uma hora faz com que nos esque\u00e7amos de grandes prazeres<\/em>. - (Ecclus. xi., 29).  A hora sombria da morte p\u00f5e um fim e nos faz esquecer toda a grandeza, a nobreza e a pompa do mundo.  Casimiro, rei da Pol\u00f4nia, enquanto estava sentado \u00e0 mesa com os nobres de seu reino, morreu no ato de levar uma ta\u00e7a aos l\u00e1bios, - e a cena terminou para ele!  Sete dias ap\u00f3s sua elei\u00e7\u00e3o, o imperador Celsus foi morto, e a cena se encerrou para Celsus!  Ladislau, rei da Pol\u00f4nia, em seu d\u00e9cimo oitavo ano, enquanto se preparava para receber sua noiva, a filha do rei da Fran\u00e7a, foi subitamente acometido por uma dor violenta, que logo o privou da vida.  Mensageiros foram imediatamente enviados para anunciar a ela que a cena havia terminado para Ladislau e que ela poderia retornar \u00e0 Fran\u00e7a.  Ao meditar sobre a vaidade do mundo, Francisco B\u00f3rgia se tornou um santo.  Ao ver a imperatriz Isabel, que havia morrido em meio \u00e0 grandeza mundana e na flor da juventude, ele, como j\u00e1 foi dito, resolveu entregar-se inteiramente a Deus.  \"Assim, ent\u00e3o\", disse ele, \"acabam as grandezas e coroas deste mundo!  A partir de agora, servirei a um Mestre que nunca poder\u00e1 morrer!\"<br \/>\u00a0 \u00a0 \u00a0Ah, meu Deus, n\u00e3o quero que o dem\u00f4nio tenha mais dom\u00ednio sobre minha alma; quero que somente Tu sejas o Senhor e Mestre dela.  Renunciarei a todas as coisas a fim de adquirir Tua gra\u00e7a.  Eu a considero mais do que mil tronos e mil reinos.  E a quem amarei sen\u00e3o a Ti, que \u00e9s infinitamente am\u00e1vel, um Bem infinito, infinita Beleza, Bondade e Amor?<\/p><p><strong>Medita\u00e7\u00e3o II:<br \/>\u00a0 \u00a0 \u00a0<\/strong><\/p><hr \/><p><strong>Leitura espiritual:\u00a0 <em>A PR\u00c1TICA DAS VIRTUDES CRIST\u00c3S:\u00a0 <\/em><\/strong>I. - A PR\u00c1TICA DA HUMILDADE<\/p><hr \/><p><strong>Medita\u00e7\u00e3o noturna:\u00a0 <em>PARA PERSEVERAR, PRECISAMOS VENCER A CARNE<\/em><\/strong><\/p><p><strong>Medita\u00e7\u00e3o I:<\/strong>\u00a0\u00a0 \u00a0 \u00a0<\/p><p><strong>Medita\u00e7\u00e3o II:<\/strong>\u00a0\u00a0 \u00a0 \u00a0<\/p><\/div>\n\t\t\t\t<\/div>\n\t\t\t\t\t\t\t<div class=\"elementor-accordion-item\">\n\t\t\t\t\t<div id=\"elementor-tab-title-8766\" class=\"elementor-tab-title\" data-tab=\"6\" role=\"button\" aria-controls=\"elementor-tab-content-8766\" aria-expanded=\"false\">\n\t\t\t\t\t\t\t\t\t\t\t\t\t<span class=\"elementor-accordion-icon elementor-accordion-icon-left\" aria-hidden=\"true\">\n\t\t\t\t\t\t\t\t\t\t\t\t\t\t\t<span class=\"elementor-accordion-icon-closed\"><i class=\"fas fa-plus\"><\/i><\/span>\n\t\t\t\t\t\t\t\t<span class=\"elementor-accordion-icon-opened\"><i class=\"fas fa-minus\"><\/i><\/span>\n\t\t\t\t\t\t\t\t\t\t\t\t\t\t<\/span>\n\t\t\t\t\t\t\t\t\t\t\t\t<a class=\"elementor-accordion-title\" tabindex=\"0\">QUINTA-FEIRA DA SEXTA SEMANA AP\u00d3S A EPIFANIA<\/a>\n\t\t\t\t\t<\/div>\n\t\t\t\t\t<div id=\"elementor-tab-content-8766\" class=\"elementor-tab-content elementor-clearfix\" data-tab=\"6\" role=\"region\" aria-labelledby=\"elementor-tab-title-8766\"><p><b>Medita\u00e7\u00e3o matinal (para o dia 25 de fevereiro):\u00a0 <em>\"UM VERME E NENHUM HOMEM\"<\/em><\/b><\/p><p>\u00a0 \u00a0 \u00a0Nossa Santa F\u00e9 n\u00e3o nos assegurou que quem poderia acreditar que um Deus, por amor a um verme como o homem, deveria se tornar um verme como o homem?\u00a0<em> Sou um verme e n\u00e3o um homem<\/em>. - (Sl. xxi., 7).  E que retribui\u00e7\u00e3o voc\u00ea tem dado a Deus pelo amor que o seu Deus lhe tem dedicado?<\/p><p><b>Medita\u00e7\u00e3o I:<br \/><\/b>\u00a0 \u00a0 \u00a0<em>Sim, isso \u00e9 da f\u00e9: E a palavra se fez carne<\/em>. - (Jo. i., 14).\u00a0 <em>Ele nos amou e nos lavou de nossos pecados em seu pr\u00f3prio sangue<\/em>. - (Apoc. i., 5).  A Santa Igreja declara-se cheia de temor ao contemplar a obra da Reden\u00e7\u00e3o:<em> Considerei tuas obras e tive medo<\/em>.  E isso o Profeta j\u00e1 havia dito h\u00e1 muito tempo: <em>\u00d3 Senhor, ouvi a tua voz, e temi... Sa\u00edste para a salva\u00e7\u00e3o do teu povo; para a salva\u00e7\u00e3o com o teu Cristo<\/em>. - (Hab. iii., 2, 13).<br \/>\u00a0 \u00a0 \u00a0Por isso, S\u00e3o Tom\u00e1s chama o Mist\u00e9rio da Encarna\u00e7\u00e3o de o milagre dos milagres; um milagre acima de qualquer compreens\u00e3o, no qual Deus mostrou qu\u00e3o poderoso era o Seu amor para com os homens, pelo qual Deus se tornou Homem, o Criador uma criatura, o Senhor um servo, o impass\u00edvel sujeito a sofrimentos e \u00e0 morte: <em>Ele mostrou for\u00e7a em seu bra\u00e7o<\/em>. - (Lucas i., 51).  Dizem-nos que S\u00e3o Pedro de Alc\u00e2ntara, ao ouvir essas palavras do Evangelho cantadas na noite de Natal - <em>No princ\u00edpio era o Verbo<\/em> - e refletindo sobre esse mist\u00e9rio, ficou t\u00e3o inflamado pelo amor divino que, em um estado de \u00eaxtase, foi levado por um espa\u00e7o consider\u00e1vel no ar at\u00e9 os p\u00e9s do Sant\u00edssimo Sacramento.  E Santo Agostinho diz que sua alma podia se deleitar eternamente com a contempla\u00e7\u00e3o da excelsa bondade de Deus manifestada a n\u00f3s na obra da Reden\u00e7\u00e3o humana.  Foi por essa raz\u00e3o e por causa de sua fervorosa devo\u00e7\u00e3o a esse Mist\u00e9rio que Deus enviou esse Santo para inscrever no cora\u00e7\u00e3o de Santa Maria Madalena de Pazzi as palavras: <em>E o Verbo se fez carne<\/em>.<br \/>\u00a0 \u00a0 \u00a0T\u00e3o grande, ent\u00e3o, meu Jesus, era o desejo que Tinhas de ser amado por n\u00f3s que, durante toda a Tua vida, s\u00f3 desejaste sofrer e morrer por n\u00f3s, e assim nos colocaste sob a necessidade de Te amar, pelo menos por gratid\u00e3o por tanto amor.  E o Senhor tem tanta sede de nosso amor?  Como \u00e9 poss\u00edvel, ent\u00e3o, que desejemos t\u00e3o pouco o Teu?  Infelizmente, at\u00e9 agora tenho sido tolo, pois n\u00e3o apenas n\u00e3o desejei Teu amor, mas trouxe Teu \u00f3dio sobre mim.  Meu Redentor, eu sei o mal que fiz.  Eu o detesto e me arrependo do fundo do meu cora\u00e7\u00e3o.  Ajude-me, Jesus, meu Amor!<\/p><p><strong>Medita\u00e7\u00e3o II:<br \/>\u00a0 \u00a0 \u00a0<\/strong><\/p><hr \/><p><strong>Leitura espiritual: <em>A PR\u00c1TICA DAS VIRTUDES CRIST\u00c3S: <\/em><\/strong>II. - A PR\u00c1TICA DA MORTIFICA\u00c7\u00c3O<\/p><hr \/><p><strong>Medita\u00e7\u00e3o noturna:\u00a0 <em>O GRANDE AMOR DE JESUS CRISTO POR N\u00d3S<\/em><\/strong><\/p><p><strong>Medita\u00e7\u00e3o I:<\/strong>\u00a0\u00a0 \u00a0 \u00a0<\/p><p><strong>Medita\u00e7\u00e3o II:<\/strong>\u00a0\u00a0 \u00a0 \u00a0<\/p><\/div>\n\t\t\t\t<\/div>\n\t\t\t\t\t\t\t<div class=\"elementor-accordion-item\">\n\t\t\t\t\t<div id=\"elementor-tab-title-8767\" class=\"elementor-tab-title\" data-tab=\"7\" role=\"button\" aria-controls=\"elementor-tab-content-8767\" aria-expanded=\"false\">\n\t\t\t\t\t\t\t\t\t\t\t\t\t<span class=\"elementor-accordion-icon elementor-accordion-icon-left\" aria-hidden=\"true\">\n\t\t\t\t\t\t\t\t\t\t\t\t\t\t\t<span class=\"elementor-accordion-icon-closed\"><i class=\"fas fa-plus\"><\/i><\/span>\n\t\t\t\t\t\t\t\t<span class=\"elementor-accordion-icon-opened\"><i class=\"fas fa-minus\"><\/i><\/span>\n\t\t\t\t\t\t\t\t\t\t\t\t\t\t<\/span>\n\t\t\t\t\t\t\t\t\t\t\t\t<a class=\"elementor-accordion-title\" tabindex=\"0\">SEXTA-FEIRA DA SEXTA SEMANA AP\u00d3S A EPIFANIA<\/a>\n\t\t\t\t\t<\/div>\n\t\t\t\t\t<div id=\"elementor-tab-content-8767\" class=\"elementor-tab-content elementor-clearfix\" data-tab=\"7\" role=\"region\" aria-labelledby=\"elementor-tab-title-8767\"><p><b>Medita\u00e7\u00e3o matinal:<em>\u00a0 \"\u00d3 AMOR, \u00d3 AMOR, \u00d3 AMOR!\"<\/em><\/b><\/p><p>\u00a0 \u00a0 \u00a0S\u00e3o Paulo diz que, quando os gentios ouviram a prega\u00e7\u00e3o de que Jesus foi crucificado por amor aos homens, consideraram isso uma loucura t\u00e3o grande que n\u00e3o podiam acreditar.  Sim, pois parecia loucura que um Deus morresse pelos homens.  Por isso, os santos ficaram at\u00f4nitos de espanto ao pensar no amor de Jesus Cristo.  Ao ver o crucifixo, S\u00e3o Francisco de Paula s\u00f3 p\u00f4de exclamar Francisco de Paulo s\u00f3 p\u00f4de exclamar: \u00d3 Amor!  \u00d3 Amor!  \u00d3 amor!<\/p><p><b>Medita\u00e7\u00e3o I:<br \/><\/b>\u00a0 \u00a0 \u00a0S\u00e3o Paulo diz que o amor que Jesus nos demonstrou ao condescender em sofrer tanto por nossa salva\u00e7\u00e3o deve nos estimular mais poderosamente a am\u00e1-Lo do que a flagela\u00e7\u00e3o, a coroa\u00e7\u00e3o de espinhos, a dolorosa jornada at\u00e9 o Calv\u00e1rio, a agonia de tr\u00eas horas na cruz, os bufetes, as cusparadas em Seu rosto e todas as outras inj\u00farias que o Salvador suportou.  De acordo com o Ap\u00f3stolo, o amor que Jesus nos demonstrou n\u00e3o apenas nos obriga, mas de certa forma nos for\u00e7a e constrange a amar um Deus que nos amou tanto.\u00a0 <em>Pois a caridade de Cristo nos pressiona<\/em>. - (2 Cor. v., 14).  Sobre esse texto, S\u00e3o Francisco de Sales escreve: \"Sabemos que Jesus, o verdadeiro Deus, nos amou a ponto de sofrer a morte, e at\u00e9 mesmo a morte de cruz, para nossa salva\u00e7\u00e3o.  Esse amor n\u00e3o coloca nossos cora\u00e7\u00f5es como que sob uma prensa, para for\u00e7ar o amor com uma viol\u00eancia que \u00e9 tanto mais forte quanto mais am\u00e1vel for?\"<br \/>\u00a0 \u00a0 \u00a0T\u00e3o grande era o amor que inflamava o Cora\u00e7\u00e3o enamorado de Jesus, que Ele n\u00e3o apenas desejou morrer por nossa reden\u00e7\u00e3o, mas durante toda a Sua vida suspirou ardentemente pelo dia em que sofreria a morte por nosso amor.  Por isso, durante Sua vida, Jesus costumava dizer: <em>Eu tenho um batismo com o qual devo ser batizado, e como estou apertado at\u00e9 que ele seja realizado?<\/em> - (Lucas xii., 50).  Em Minha Paix\u00e3o, devo ser batizado com o batismo de Meu pr\u00f3prio Sangue para lavar os pecados dos homens.\u00a0 <em>E como estou apertado!<\/em>\u00a0 Como, diz Santo Ambr\u00f3sio, explicando essa passagem, estou apertado pelo desejo de que chegue logo o dia da minha morte?  Por isso, na noite anterior \u00e0 Sua Paix\u00e3o, Ele disse: <em>Desejei ardentemente comer esta P\u00e1scoa com voc\u00eas antes de sofrer<\/em>. - (Lucas xxii., 15).<br \/>\u00a0 \u00a0 \u00a0\u00d3 Amor infinito, digno de amor infinito, quando Te amarei, meu Jesus, como Tu me amaste?  Ilumina-me, inflama-me, desprende-me da terra e n\u00e3o me permitas mais resistir a tantas sedu\u00e7\u00f5es de Teu amor.<\/p><p><strong>Medita\u00e7\u00e3o II:<br \/>\u00a0 \u00a0 \u00a0<\/strong><\/p><hr \/><p><strong>Leitura espiritual: <em>A PR\u00c1TICA DAS VIRTUDES CRIST\u00c3S:\u00a0<\/em><\/strong> III. - CARIDADE PARA COM O PR\u00d3XIMO<\/p><hr \/><p><strong>Medita\u00e7\u00e3o noturna: <em>NOSSAS OBRIGA\u00c7\u00d5ES DE AMAR JESUS CRISTO<\/em><\/strong><\/p><p><strong>Medita\u00e7\u00e3o I:<\/strong>\u00a0\u00a0 \u00a0 \u00a0<\/p><p><strong>Medita\u00e7\u00e3o II:<\/strong>\u00a0\u00a0 \u00a0 \u00a0<\/p><\/div>\n\t\t\t\t<\/div>\n\t\t\t\t\t\t\t<div class=\"elementor-accordion-item\">\n\t\t\t\t\t<div id=\"elementor-tab-title-8768\" class=\"elementor-tab-title\" data-tab=\"8\" role=\"button\" aria-controls=\"elementor-tab-content-8768\" aria-expanded=\"false\">\n\t\t\t\t\t\t\t\t\t\t\t\t\t<span class=\"elementor-accordion-icon elementor-accordion-icon-left\" aria-hidden=\"true\">\n\t\t\t\t\t\t\t\t\t\t\t\t\t\t\t<span class=\"elementor-accordion-icon-closed\"><i class=\"fas fa-plus\"><\/i><\/span>\n\t\t\t\t\t\t\t\t<span class=\"elementor-accordion-icon-opened\"><i class=\"fas fa-minus\"><\/i><\/span>\n\t\t\t\t\t\t\t\t\t\t\t\t\t\t<\/span>\n\t\t\t\t\t\t\t\t\t\t\t\t<a class=\"elementor-accordion-title\" tabindex=\"0\">S\u00c1BADO DA SEXTA SEMANA AP\u00d3S A EPIFANIA<\/a>\n\t\t\t\t\t<\/div>\n\t\t\t\t\t<div id=\"elementor-tab-content-8768\" class=\"elementor-tab-content elementor-clearfix\" data-tab=\"8\" role=\"region\" aria-labelledby=\"elementor-tab-title-8768\"><p><b>Medita\u00e7\u00e3o matinal:\u00a0 <em>CONFIAN\u00c7A NA INTERCESS\u00c3O DA BEM-AVENTURADA VIRGEM MARIA:\u00a0 <\/em><\/b>SEU DESEJO DE NOS AJUDAR<\/p><p>\u00a0 \u00a0 \u00a0S\u00e3o Bernardo diz que, como o poder de nos salvar n\u00e3o pode faltar a Maria, pois ela \u00e9 a M\u00e3e de Deus, tamb\u00e9m n\u00e3o pode faltar o desejo de nos ajudar, pois ela \u00e9 nossa M\u00e3e.  \u00d3 M\u00e3e de Deus, e minha M\u00e3e, Maria, em ti ponho toda a minha confian\u00e7a.<\/p><p><b>Medita\u00e7\u00e3o I:<br \/><\/b>\u00a0 \u00a0 \u00a0De que serviria, diz S\u00e3o Boaventura, o poder de Maria para n\u00f3s se ela n\u00e3o se importasse em nos ajudar?  Mas, acrescenta o santo, tenhamos certeza de que, assim como a Virgem Maria \u00e9 a mais poderosa de todos os santos diante de Deus, ela \u00e9 a mais sol\u00edcita de todos para nossa salva\u00e7\u00e3o.  \"E quem, \u00f3 Senhora\", diz S\u00e3o Germano, \"depois de teu Filho, sente maior solicitude por n\u00f3s do que tu?  Quem nos defende t\u00e3o poderosamente em nossas afli\u00e7\u00f5es?  Quem trabalha tanto para a convers\u00e3o dos pecadores?  \u00d3 Maria, sua prote\u00e7\u00e3o \u00e9 t\u00e3o grande que n\u00e3o podemos compreend\u00ea-la\".  Santo Andr\u00e9 Avellino costumava chamar Maria de \"a agente do Para\u00edso\".  Pois o que ela faz no C\u00e9u?  Ela ora continuamente por n\u00f3s e obt\u00e9m para n\u00f3s todas as gra\u00e7as que pedimos.  Um dia, ela disse a Santa Br\u00edgida: \"Eu sou chamada, e realmente sou, a M\u00e3e da Miseric\u00f3rdia; pois assim a Miseric\u00f3rdia de Deus me fez.\"  E quem, sen\u00e3o Deus, em Sua miseric\u00f3rdia, porque deseja salvar a todos, nos deu essa grande protetora?  Miser\u00e1vel, e miser\u00e1vel por toda a eternidade, disse a Sant\u00edssima Virgem a Santa Br\u00edgida, ser\u00e1 o homem que for condenado porque, quando estava em seu poder nesta vida invocar minha intercess\u00e3o, ele negligenciou recorrer a mim, que sou t\u00e3o compassiva com todos.<br \/>\u00a0 \u00a0 \u00a0Richard de St. Victor diz que Maria \u00e9 t\u00e3o cheia de miseric\u00f3rdia que, quando v\u00ea nossas mis\u00e9rias, imediatamente nos ajuda; ela n\u00e3o pode ver uma alma em necessidade sem vir em seu aux\u00edlio.<br \/>\u00a0 \u00a0 \u00a0Foi assim que ela agiu quando viveu na Terra, conforme aprendemos com o que aconteceu nas Bodas de Can\u00e1 da Galileia.  Se, ent\u00e3o, diz S\u00e3o Boaventura, a compaix\u00e3o de Maria pelos aflitos era t\u00e3o grande enquanto ela vivia neste mundo, sua piedade por n\u00f3s \u00e9 certamente muito maior agora que ela reina no C\u00e9u, onde ela tem um melhor conhecimento de nossas mis\u00e9rias e maior compaix\u00e3o por nossas afli\u00e7\u00f5es.<br \/>\u00a0 \u00a0 \u00a0\u00d3 Senhora, se rezardes por mim, serei salvo, pois conseguis por vossas ora\u00e7\u00f5es tudo o que desejais.  Ore, ent\u00e3o, por mim, \u00f3 grande M\u00e3e de Deus, pois seu Filho a ouve e lhe concede tudo o que pedir.  \u00c9 verdade que n\u00e3o sou digno de sua prote\u00e7\u00e3o, mas voc\u00ea nunca abandonou uma alma que recorreu a voc\u00ea.  \u00d3 Maria, entrego minha alma a ti.  V\u00f3s tendes de salv\u00e1-la.<\/p><p><strong>Medita\u00e7\u00e3o II:<br \/>\u00a0 \u00a0 \u00a0<\/strong><\/p><hr \/><p><strong>Leitura espiritual:\u00a0 <i><em>A PR\u00c1TICA DAS VIRTUDES CRIST\u00c3S:\u00a0 \u00a0<\/em><\/i><\/strong>IV. - DEVO\u00c7\u00c3O \u00c0 GRANDE M\u00c3E DE DEUS<\/p><hr \/><p><strong>Medita\u00e7\u00e3o noturna:\u00a0 <em>ORA\u00c7\u00c3O:\u00a0<\/em><\/strong> I. - SEU PODER<\/p><p><strong>Medita\u00e7\u00e3o I:<\/strong>\u00a0\u00a0 \u00a0 \u00a0<\/p><p><strong>Medita\u00e7\u00e3o II:<\/strong>\u00a0\u00a0 \u00a0 \u00a0<\/p><\/div>\n\t\t\t\t<\/div>\n\t\t\t\t\t\t\t\t<\/div>\n\t\t\t\t\t\t<\/div>\n\t\t\t\t<\/div>\n\t\t\t\t\t<\/div>\n\t\t\t\t<\/div>\n\t\t<div class=\"elementor-element elementor-element-8c89efa e-flex e-con-boxed e-con e-parent\" data-id=\"8c89efa\" data-element_type=\"container\" data-e-type=\"container\">\n\t\t\t\t\t<div class=\"e-con-inner\">\n\t\t\t\t<div class=\"elementor-element elementor-element-434f071 elementor-widget elementor-widget-text-editor\" data-id=\"434f071\" data-element_type=\"widget\" data-e-type=\"widget\" data-widget_type=\"text-editor.default\">\n\t\t\t\t<div class=\"elementor-widget-container\">\n\t\t\t\t\t\t\t\t\t<p><a href=\"https:\/\/societyofthemostholyredeemer.org\/pt\/daily-meditations\/\">\u21d1 \u00a0<\/a><em><a href=\"https:\/\/societyofthemostholyredeemer.org\/pt\/daily-meditations\/\">\u00cdNDICE<\/a><br \/><\/em><a href=\"https:\/\/societyofthemostholyredeemer.org\/pt\/daily-meditations-fifth-week-after-epiphany\/\">\u21d0 <em>FIFTH WEEK AFTER EPIPHANY<\/em><\/a><br \/><a href=\"https:\/\/societyofthemostholyredeemer.org\/pt\/daily-meditations-septuagesima-week\/\">\u21d2\u00a0<em>SEPTUAGESIMA WEEK<\/em><\/a><\/p>\t\t\t\t\t\t\t\t<\/div>\n\t\t\t\t<\/div>\n\t\t\t\t\t<\/div>\n\t\t\t\t<\/div>\n\t\t\t\t<\/div>","protected":false},"excerpt":{"rendered":"<p>VOLUME ONE &#8211; PART II, pp. 272-330 SIXTH SUNDAY AFTER EPIPHANY Morning Meditation:\u00a0 &#8220;IN MUCH TRIBULATION WITH JOY OF THE HOLY GHOST&#8220; \u2014 (Epistle of Sunday.\u00a0 1 Thess. i., 2-10) \u00a0 \u00a0 \u00a0&#8220;The Cross of Christ,&#8221; says St. John Chrysostom, &hellip; <a class=\"continue_reading\" href=\"https:\/\/societyofthemostholyredeemer.org\/pt\/daily-meditations-sixth-week-after-epiphany\/\">Continuar lendo <span class=\"meta-nav\"><i class=\"fa fa-caret-right\" aria-hidden=\"true\"><\/i><\/span><\/a><\/p>","protected":false},"author":3,"featured_media":4884,"parent":0,"menu_order":59,"comment_status":"closed","ping_status":"closed","template":"","meta":{"_acf_changed":false,"footnotes":""},"class_list":["post-6303","page","type-page","status-publish","has-post-thumbnail","hentry"],"acf":[],"_links":{"self":[{"href":"https:\/\/societyofthemostholyredeemer.org\/pt\/wp-json\/wp\/v2\/pages\/6303","targetHints":{"allow":["GET"]}}],"collection":[{"href":"https:\/\/societyofthemostholyredeemer.org\/pt\/wp-json\/wp\/v2\/pages"}],"about":[{"href":"https:\/\/societyofthemostholyredeemer.org\/pt\/wp-json\/wp\/v2\/types\/page"}],"author":[{"embeddable":true,"href":"https:\/\/societyofthemostholyredeemer.org\/pt\/wp-json\/wp\/v2\/users\/3"}],"replies":[{"embeddable":true,"href":"https:\/\/societyofthemostholyredeemer.org\/pt\/wp-json\/wp\/v2\/comments?post=6303"}],"version-history":[{"count":53,"href":"https:\/\/societyofthemostholyredeemer.org\/pt\/wp-json\/wp\/v2\/pages\/6303\/revisions"}],"predecessor-version":[{"id":12312,"href":"https:\/\/societyofthemostholyredeemer.org\/pt\/wp-json\/wp\/v2\/pages\/6303\/revisions\/12312"}],"wp:featuredmedia":[{"embeddable":true,"href":"https:\/\/societyofthemostholyredeemer.org\/pt\/wp-json\/wp\/v2\/media\/4884"}],"wp:attachment":[{"href":"https:\/\/societyofthemostholyredeemer.org\/pt\/wp-json\/wp\/v2\/media?parent=6303"}],"curies":[{"name":"wp","href":"https:\/\/api.w.org\/{rel}","templated":true}]}}