{"id":7236,"date":"2025-03-15T02:46:19","date_gmt":"2025-03-15T02:46:19","guid":{"rendered":"https:\/\/societyofthemostholyredeemer.org\/?page_id=7236"},"modified":"2026-04-03T14:46:11","modified_gmt":"2026-04-03T14:46:11","slug":"daily-meditations-fourth-week-of-lent","status":"publish","type":"page","link":"https:\/\/societyofthemostholyredeemer.org\/pt\/daily-meditations-fourth-week-of-lent\/","title":{"rendered":"MEDITA\u00c7\u00d5ES DI\u00c1RIAS: QUARTA SEMANA DA QUARESMA"},"content":{"rendered":"<div data-elementor-type=\"wp-page\" data-elementor-id=\"7236\" class=\"elementor elementor-7236\" data-elementor-post-type=\"page\">\n\t\t\t\t<div class=\"elementor-element elementor-element-72f6c05 e-flex e-con-boxed e-con e-parent\" data-id=\"72f6c05\" data-element_type=\"container\" data-e-type=\"container\">\n\t\t\t\t\t<div class=\"e-con-inner\">\n\t\t\t\t<div class=\"elementor-element elementor-element-53a2dfe elementor-widget elementor-widget-accordion\" data-id=\"53a2dfe\" data-element_type=\"widget\" data-e-type=\"widget\" data-widget_type=\"accordion.default\">\n\t\t\t\t<div class=\"elementor-widget-container\">\n\t\t\t\t\t\t\t<div class=\"elementor-accordion\">\n\t\t\t\t\t\t\t<div class=\"elementor-accordion-item\">\n\t\t\t\t\t<div id=\"elementor-tab-title-8761\" class=\"elementor-tab-title\" data-tab=\"1\" role=\"button\" aria-controls=\"elementor-tab-content-8761\" aria-expanded=\"false\">\n\t\t\t\t\t\t\t\t\t\t\t\t\t<span class=\"elementor-accordion-icon elementor-accordion-icon-left\" aria-hidden=\"true\">\n\t\t\t\t\t\t\t\t\t\t\t\t\t\t\t<span class=\"elementor-accordion-icon-closed\"><i class=\"fas fa-plus\"><\/i><\/span>\n\t\t\t\t\t\t\t\t<span class=\"elementor-accordion-icon-opened\"><i class=\"fas fa-minus\"><\/i><\/span>\n\t\t\t\t\t\t\t\t\t\t\t\t\t\t<\/span>\n\t\t\t\t\t\t\t\t\t\t\t\t<a class=\"elementor-accordion-title\" tabindex=\"0\">VOLUME TWO - PART I, pp. 263-315<\/a>\n\t\t\t\t\t<\/div>\n\t\t\t\t\t<div id=\"elementor-tab-content-8761\" class=\"elementor-tab-content elementor-clearfix\" data-tab=\"1\" role=\"region\" aria-labelledby=\"elementor-tab-title-8761\"><\/div>\n\t\t\t\t<\/div>\n\t\t\t\t\t\t\t<div class=\"elementor-accordion-item\">\n\t\t\t\t\t<div id=\"elementor-tab-title-8762\" class=\"elementor-tab-title\" data-tab=\"2\" role=\"button\" aria-controls=\"elementor-tab-content-8762\" aria-expanded=\"false\">\n\t\t\t\t\t\t\t\t\t\t\t\t\t<span class=\"elementor-accordion-icon elementor-accordion-icon-left\" aria-hidden=\"true\">\n\t\t\t\t\t\t\t\t\t\t\t\t\t\t\t<span class=\"elementor-accordion-icon-closed\"><i class=\"fas fa-plus\"><\/i><\/span>\n\t\t\t\t\t\t\t\t<span class=\"elementor-accordion-icon-opened\"><i class=\"fas fa-minus\"><\/i><\/span>\n\t\t\t\t\t\t\t\t\t\t\t\t\t\t<\/span>\n\t\t\t\t\t\t\t\t\t\t\t\t<a class=\"elementor-accordion-title\" tabindex=\"0\">QUARTO DOMINGO DA QUARESMA<\/a>\n\t\t\t\t\t<\/div>\n\t\t\t\t\t<div id=\"elementor-tab-content-8762\" class=\"elementor-tab-content elementor-clearfix\" data-tab=\"2\" role=\"region\" aria-labelledby=\"elementor-tab-title-8762\"><p><b>Medita\u00e7\u00e3o matinal:\u00a0<em> A TERNA COMPAIX\u00c3O DE JESUS PARA COM OS PECADORES<\/em><\/b><\/p><p>\u00a0 \u00a0 \u00a0O Senhor realizou o milagre da multiplica\u00e7\u00e3o de alimentos registrado por S\u00e3o Jo\u00e3o por compaix\u00e3o pelas necessidades corporais daquelas pessoas pobres.  Mas muito mais terna \u00e9 Sua compaix\u00e3o pelas necessidades das almas dos pobres pecadores que est\u00e3o privados da gra\u00e7a divina.  \u00d3 infinito amor de nosso Deus para com os pecadores, exclama S\u00e3o Bernardo, para redimir um escravo, nem o Pai poupou Seu Filho, nem o pr\u00f3prio Filho!<\/p><p><b>Medita\u00e7\u00e3o I:<br \/><\/b>\u00a0 \u00a0 Pelas entranhas de Sua miseric\u00f3rdia para com os homens que gemiam sob a escravid\u00e3o do pecado e de Satan\u00e1s, nosso amoros\u00edssimo Redentor desceu do C\u00e9u \u00e0 Terra para redimi-los e salv\u00e1-los dos tormentos eternos por meio de Sua pr\u00f3pria morte.  Essa foi a linguagem de S\u00e3o Zacarias, pai do Batista, quando a Sant\u00edssima Virgem, que j\u00e1 havia se tornado a M\u00e3e do Verbo Eterno, entrou em sua casa.\u00a0 <em>Pelas entranhas da miseric\u00f3rdia de nosso Deus, nas quais o Oriente do alto nos visitou<\/em>. - (Lucas i., 78).<br \/>\u00a0 \u00a0 \u00a0Jesus Cristo, o Bom Pastor, que veio ao mundo para obter a salva\u00e7\u00e3o para n\u00f3s, Suas ovelhas, disse: <em>Eu vim para que tenham vida, e a tenham em abund\u00e2ncia<\/em>. - (Jo\u00e3o x., 10).  Observe a express\u00e3o <em>mais abundantemente<\/em>O que significa que o Filho do Homem veio \u00e0 Terra n\u00e3o apenas para nos devolver a vida de gra\u00e7a que perdemos, mas para nos dar uma vida melhor do que aquela que perdemos pelo pecado.  Sim, pois, como diz S\u00e3o Le\u00e3o, os benef\u00edcios que obtivemos com a morte de Jesus s\u00e3o maiores do que o dano que o dem\u00f4nio nos causou com o pecado.  A mesma doutrina \u00e9 ensinada pelo Ap\u00f3stolo, que diz que, <em>onde abundou o pecado, superabundou a gra\u00e7a<\/em>. - (Rom. v. 20).<br \/>\u00a0 \u00a0 \u00a0Mas, meu Senhor, j\u00e1 que resolveu assumir a carne humana, uma \u00fanica ora\u00e7\u00e3o oferecida por Voc\u00ea n\u00e3o seria suficiente para a reden\u00e7\u00e3o de todos os homens?  Que necessidade havia, ent\u00e3o, de levar uma vida de pobreza, humilha\u00e7\u00e3o e desprezo por trinta e tr\u00eas anos, de sofrer uma morte cruel e vergonhosa em uma forca infame e de derramar todo o Teu Sangue por meio de tormentos?  Eu sei muito bem, responde Jesus Cristo, que uma gota do Meu Sangue, ou uma simples ora\u00e7\u00e3o, seria suficiente para a salva\u00e7\u00e3o do mundo; mas nenhuma delas seria suficiente para demonstrar o amor que tenho pelos homens; e, portanto, para ser amado pelos homens quando eles Me virem morto na Cruz por amor a eles, resolvi submeter-me a tantos tormentos e a uma morte t\u00e3o dolorosa.\u00a0<em> Eu sou o bom pastor.  O bom pastor d\u00e1 a vida pelas suas ovelhas... Eu dou a minha vida pelas minhas ovelhas<\/em>. - (Jo\u00e3o x., 11-15).<\/p><p><strong>Medita\u00e7\u00e3o II:<br \/>\u00a0 \u00a0 \u00a0<\/strong><\/p><hr \/><p><strong>Leitura espiritual: <em>HER\u00d3IS E HERO\u00cdNAS DA F\u00c9\u00a0<\/em><\/strong>- S\u00e3o Sime\u00e3o, Arcebispo de Sel\u00eaucia* e Companheiros (21 de abril)<\/p><hr \/><p><strong>Medita\u00e7\u00e3o noturna:\u00a0\u00a0<em>REFLEX\u00d5ES E AFETOS SOBRE A PAIX\u00c3O DE JESUS CRISTO<\/em><\/strong><\/p><p><strong>Medita\u00e7\u00e3o I:<br \/><\/strong>\u00a0 \u00a0 \u00a0 <em>Se algu\u00e9m quiser vir ap\u00f3s mim, negue-se a si mesmo ... e siga-me<\/em>. - (Mat. xvi., 24).  J\u00e1 que, ent\u00e3o, \u00f3 meu Redentor, Tu vais \u00e0 minha frente com Tua cruz, inocente como \u00e9s, e me convidas a seguir-Te com a minha, vai em frente, pois n\u00e3o Te abandonarei.  Se, no passado, eu Te abandonei, confesso que errei.  D\u00e1-me agora o que desejas, abra\u00e7ando-o, como eu o fa\u00e7o, seja o que for, e disposto, como eu estou, a acompanhar-Te com ele at\u00e9 a morte: <em>Saiamos do acampamento, levando o seu opr\u00f3brio<\/em>. - (Heb. xiii., 13).  E como, Senhor, \u00e9 poss\u00edvel que n\u00e3o amemos os sofrimentos e a vergonha por Teu amor, que tanto os amou para nossa salva\u00e7\u00e3o?<br \/>\u00a0 \u00a0 \u00a0Mas j\u00e1 que nos convida a segui-Lo, sim, \u00e9 nosso desejo segui-Lo e morrer com Ele: d\u00ea-nos apenas a for\u00e7a para realiz\u00e1-lo.  Essa for\u00e7a n\u00f3s Lhe pedimos e esperamos, por Seus m\u00e9ritos.  Eu Vos amo, \u00f3 meu amant\u00edssimo Jesus, eu Vos amo com toda a minha alma e nunca mais Vos abandonarei; j\u00e1 me bastou o tempo em que me afastei de V\u00f3s.  Prenda-me agora \u00e0 Tua cruz.  Se desprezei Teu amor, arrependo-me de todo o cora\u00e7\u00e3o; e agora o valorizo acima de qualquer outro bem.<\/p><p><strong>Medita\u00e7\u00e3o II:<\/strong>\u00a0\u00a0 \u00a0 \u00a0<\/p><\/div>\n\t\t\t\t<\/div>\n\t\t\t\t\t\t\t<div class=\"elementor-accordion-item\">\n\t\t\t\t\t<div id=\"elementor-tab-title-8763\" class=\"elementor-tab-title\" data-tab=\"3\" role=\"button\" aria-controls=\"elementor-tab-content-8763\" aria-expanded=\"false\">\n\t\t\t\t\t\t\t\t\t\t\t\t\t<span class=\"elementor-accordion-icon elementor-accordion-icon-left\" aria-hidden=\"true\">\n\t\t\t\t\t\t\t\t\t\t\t\t\t\t\t<span class=\"elementor-accordion-icon-closed\"><i class=\"fas fa-plus\"><\/i><\/span>\n\t\t\t\t\t\t\t\t<span class=\"elementor-accordion-icon-opened\"><i class=\"fas fa-minus\"><\/i><\/span>\n\t\t\t\t\t\t\t\t\t\t\t\t\t\t<\/span>\n\t\t\t\t\t\t\t\t\t\t\t\t<a class=\"elementor-accordion-title\" tabindex=\"0\">SEGUNDA-FEIRA DA QUARTA SEMANA DA QUARESMA<\/a>\n\t\t\t\t\t<\/div>\n\t\t\t\t\t<div id=\"elementor-tab-content-8763\" class=\"elementor-tab-content elementor-clearfix\" data-tab=\"3\" role=\"region\" aria-labelledby=\"elementor-tab-title-8763\"><p><b>Medita\u00e7\u00e3o matinal:\u00a0<em> DEUS AMEA\u00c7A OS PECADORES COM UMA MORTE INFELIZ<\/em><\/b><\/p><p>\u00a0 \u00a0 \u00a0\u00c9 um assunto terr\u00edvel para nossa considera\u00e7\u00e3o o fato de Deus n\u00e3o fazer nada al\u00e9m de amea\u00e7ar os pecadores com uma morte ruim.\u00a0 <em>Eu tamb\u00e9m rirei da sua destrui\u00e7\u00e3o e zombarei<\/em>.  \u00c9 verdade que, seja qual for a hora em que o pecador se converte, Deus prometeu perdo\u00e1-lo, mas Deus n\u00e3o disse que na morte o pecador se converter\u00e1.  Pelo contr\u00e1rio, Ele declarou muitas vezes que o pecador morrer\u00e1 em seus pecados.\u00a0 <em>Voc\u00ea morrer\u00e1 em seus pecados<\/em>.<\/p><p><b>Medita\u00e7\u00e3o I:<br \/><\/b>\u00a0 \u00a0 \u00c9 um assunto terr\u00edvel para nossa considera\u00e7\u00e3o o fato de Deus n\u00e3o fazer nada al\u00e9m de amea\u00e7ar os pecadores com uma morte ruim: <em>Ent\u00e3o eles me invocar\u00e3o, e eu n\u00e3o os ouvirei<\/em>. - (Prov. i., 28).\u00a0 <em>Deus ouvir\u00e1 seu clamor quando a afli\u00e7\u00e3o vier sobre ele?<\/em> - (J\u00f3 xxvii., 9).\u00a0 <em>Eu tamb\u00e9m rirei da sua destrui\u00e7\u00e3o e zombarei<\/em>. - (Prov\u00e9rbios 1:26).  Deus ri quando n\u00e3o demonstra miseric\u00f3rdia.\u00a0 <em>Minha \u00e9 a vingan\u00e7a, e eu lhes retribuirei no devido tempo, para que o seu p\u00e9 deslize; o dia da destrui\u00e7\u00e3o est\u00e1 pr\u00f3ximo<\/em>. - (Deut. xxxii., 35).  Em muitos outros lugares, Deus amea\u00e7a da mesma forma; e, ainda assim, os pecadores vivem em paz, t\u00e3o seguros como se Deus tivesse certamente lhes prometido o Para\u00edso.  \u00c9 verdade que, seja qual for a hora em que o pecador se converte, Deus prometeu perdo\u00e1-lo, mas Ele n\u00e3o disse que na morte o pecador se converter\u00e1; pelo contr\u00e1rio, Ele declarou muitas vezes que aquele que vive em pecado morrer\u00e1 em pecado:\u00a0 <em>Voc\u00ea morrer\u00e1 em seus pecados.<\/em> - (Jo\u00e3o viii., 21).  Ele disse que aquele que O buscar na hora da morte n\u00e3o O encontrar\u00e1: <em>Voc\u00eas me buscar\u00e3o e n\u00e3o me encontrar\u00e3o<\/em>. - (Jo\u00e3o vii., 34).  Devemos, portanto, buscar Deus quando Ele puder ser encontrado: <em>Buscai o Senhor enquanto ele pode ser encontrado<\/em>. - (Is. lv., 6).  Sim, porque vir\u00e1 um tempo em que Ele n\u00e3o ser\u00e1 encontrado.  Pobres pecadores!  Pobres cegos, que esperam ser convertidos at\u00e9 a hora da morte, quando n\u00e3o haver\u00e1 mais tempo para convers\u00e3o.  \"Os \u00edmpios\", diz Oleaster, \"n\u00e3o aprender\u00e3o a fazer o bem at\u00e9 que n\u00e3o haja mais tempo para faz\u00ea-lo\".  Deus deseja salvar a todos, mas Ele pune os obstinados.<br \/>\u00a0 \u00a0 \u00a0Se, por acaso, algum infeliz pecador fosse acometido de apoplexia e privado de seus sentidos, que compaix\u00e3o n\u00e3o despertaria em todos ao v\u00ea-lo morrer sem os sacramentos e sem um sinal de arrependimento?  E que alegria todos sentiriam se ele voltasse a si, pedisse a absolvi\u00e7\u00e3o e fizesse atos de contri\u00e7\u00e3o!  Mas n\u00e3o \u00e9 louco aquele que, tendo tempo para fazer isso, continua no pecado, ou volta a pecar, e corre o risco de ser surpreendido pela morte, quando talvez possa, ou talvez n\u00e3o, se arrepender?  \u00c9 terr\u00edvel ver um homem morrer repentinamente; e, no entanto, quantos incorrem voluntariamente no perigo de morrer assim, e de morrer em pecado!<br \/>\u00a0 \u00a0 \u00a0Ah, meu Deus, quem teria tido tanta paci\u00eancia comigo como Tu tens tido!  Se Tua bondade n\u00e3o fosse infinita, eu me desesperaria com o perd\u00e3o.  Mas tenho de lidar com um Deus que morreu para obter meu perd\u00e3o e minha salva\u00e7\u00e3o.  O Senhor me ordena a ter esperan\u00e7a, e eu terei esperan\u00e7a.  Se meus pecados me alarmam e me condenam, Teus m\u00e9ritos e Tuas promessas me d\u00e3o coragem.  Tu prometeste Tua gra\u00e7a a quem quer que se volte para Ti: <em>Retornai e vivei<\/em>. - (Ezech. xviii., 32).  Tu prometeste abra\u00e7ar quem quer que se volte para Ti: <em>Voltem-se para mim, e eu me voltarei para voc\u00eas<\/em>. - (Zacarias i., 3).  Tu disseste que <em>n\u00e3o pode desprezar um cora\u00e7\u00e3o humilde e contrito<\/em>. - (Sl. l.).  Eis-me aqui, Senhor, volto a Ti; volto-me para Ti; reconhe\u00e7o que mere\u00e7o mil infernos; e me arrependo de ter Te ofendido.  Prometo firmemente nunca mais ofend\u00ea-Lo e sempre am\u00e1-Lo.<\/p><p><strong>Medita\u00e7\u00e3o II:<br \/>\u00a0 \u00a0 \u00a0<\/strong><\/p><hr \/><p><strong>Leitura espiritual:\u00a0<em>HER\u00d3IS E HERO\u00cdNAS DA F\u00c9\u00a0<\/em><\/strong>- Santo: Adalberto, Bispo de Praga (23 de abril)<\/p><hr \/><p><strong>Medita\u00e7\u00e3o noturna:\u00a0 <em>REFLEX\u00d5ES E AFETOS SOBRE A PAIX\u00c3O DE JESUS CRISTO<\/em><\/strong><\/p><p><strong>Medita\u00e7\u00e3o I:\u00a0<br \/><\/strong>\u00a0 \u00a0 \u00a0Eis que estamos aqui na Crucifica\u00e7\u00e3o, naquela \u00faltima tortura que levou Jesus Cristo \u00e0 morte; estamos aqui no Calv\u00e1rio, convertido em um teatro para a demonstra\u00e7\u00e3o do amor divino, onde um Deus parte desta vida em um oceano de sofrimentos: <em>E quando chegaram ao lugar chamado Calv\u00e1rio, ali o crucificaram<\/em>. - (Lucas xxiii. 33).  Tendo o Senhor, com grande dificuldade, finalmente chegado vivo ao topo do Monte, eles violentamente, e pela terceira vez, arrancam-Lhe as vestes, grudando-as nas feridas de Sua Carne ferida, e O jogam na Cruz.  O Cordeiro Divino se estende sobre aquele leito de tormento; estende aos carrascos as m\u00e3os e os p\u00e9s para serem pregados; e, erguendo os olhos para o c\u00e9u, oferece ao Pai Eterno o grande sacrif\u00edcio de Sua vida pela salva\u00e7\u00e3o dos homens.  Ap\u00f3s a prega\u00e7\u00e3o de uma de Suas m\u00e3os, os nervos se contra\u00edram, de modo que foi necess\u00e1rio usar for\u00e7a e cordas, como foi revelado a Santa Br\u00edgida, para levar a outra m\u00e3o e os p\u00e9s at\u00e9 os locais onde seriam pregados; e isso ocasionou uma tens\u00e3o t\u00e3o grande nos nervos e veias que eles se romperam com uma convuls\u00e3o violenta: \"Puxaram as minhas m\u00e3os e os meus p\u00e9s com uma corda para os lugares dos pregos, de modo que os nervos e as veias se esticaram ao m\u00e1ximo e se romperam\"; de modo que todos os Seus ossos poderiam ter sido contados, como Davi j\u00e1 havia previsto: <em>Perfuraram minhas m\u00e3os e meus p\u00e9s, contaram todos os meus ossos<\/em>. - (Sl. xxi., 17, 18).  Ah, meu Jesus, com que poder foi que Tuas m\u00e3os e Teus p\u00e9s foram pregados neste madeiro, sen\u00e3o pelo amor que tiveste para com os homens!  V\u00f3s, com a dor de Vossas m\u00e3os perfuradas, quisestes pagar a pena devida a todos os pecados de toque que os homens cometeram; e com a dor de Vossos p\u00e9s, quisestes pagar por todos os passos que demos para ofender-Vos.  \u00d3 meu Amor crucificado, com essas m\u00e3os perfuradas, d\u00ea-me a Tua b\u00ean\u00e7\u00e3o!  Oh, enviai a Vossos p\u00e9s este meu cora\u00e7\u00e3o ingrato, para que eu n\u00e3o mais me afaste de V\u00f3s, e para que esta minha vontade, que tantas vezes se rebelou contra V\u00f3s, permane\u00e7a sempre firme em Vosso santo amor.  Conceda que nada al\u00e9m de Seu amor e o desejo de agrad\u00e1-Lo possam me mover.  Embora eu O veja suspenso nesta forca, acredito que seja o Senhor do mundo, o verdadeiro Filho de Deus e o Salvador da humanidade.  Por piedade, \u00f3 meu Jesus, nunca mais me abandone em qualquer per\u00edodo de minha vida; e mais especialmente na hora de minha morte, nas \u00faltimas agonias e lutas com o inferno, ajude-me e fortale\u00e7a-me para morrer em Seu amor.  Eu Te amo, meu Amor crucificado, eu Te amo com todo o meu cora\u00e7\u00e3o.<\/p><p><strong>Medita\u00e7\u00e3o II:<\/strong>\u00a0\u00a0 \u00a0 \u00a0<\/p><\/div>\n\t\t\t\t<\/div>\n\t\t\t\t\t\t\t<div class=\"elementor-accordion-item\">\n\t\t\t\t\t<div id=\"elementor-tab-title-8764\" class=\"elementor-tab-title\" data-tab=\"4\" role=\"button\" aria-controls=\"elementor-tab-content-8764\" aria-expanded=\"false\">\n\t\t\t\t\t\t\t\t\t\t\t\t\t<span class=\"elementor-accordion-icon elementor-accordion-icon-left\" aria-hidden=\"true\">\n\t\t\t\t\t\t\t\t\t\t\t\t\t\t\t<span class=\"elementor-accordion-icon-closed\"><i class=\"fas fa-plus\"><\/i><\/span>\n\t\t\t\t\t\t\t\t<span class=\"elementor-accordion-icon-opened\"><i class=\"fas fa-minus\"><\/i><\/span>\n\t\t\t\t\t\t\t\t\t\t\t\t\t\t<\/span>\n\t\t\t\t\t\t\t\t\t\t\t\t<a class=\"elementor-accordion-title\" tabindex=\"0\">TER\u00c7A-FEIRA DA QUARTA SEMANA DA QUARESMA<\/a>\n\t\t\t\t\t<\/div>\n\t\t\t\t\t<div id=\"elementor-tab-content-8764\" class=\"elementor-tab-content elementor-clearfix\" data-tab=\"4\" role=\"region\" aria-labelledby=\"elementor-tab-title-8764\"><p><b>Medita\u00e7\u00e3o matinal:<em>\u00a0 NO PONTO DA MORTE<\/em><\/b><\/p><p>\u00a0 \u00a0 \u00a0Oh, o quanto depende do \u00faltimo momento de nossa vida, de nosso \u00faltimo suspiro!  Uma eternidade de prazeres ou uma eternidade de tormentos!  Uma vida de felicidade ou uma vida para sempre miser\u00e1vel!  Que loucura, portanto, por causa de um prazer curto e miser\u00e1vel, correr o risco de ter uma morte ruim e entrar em uma vida de mis\u00e9ria que nunca ter\u00e1 fim.<\/p><p><b>Medita\u00e7\u00e3o I:<br \/><\/b>\u00a0 \u00a0 \u00a0Se voc\u00ea estivesse agora \u00e0 beira da morte, j\u00e1 em agonia e quase no \u00faltimo suspiro, e prestes a comparecer perante o Tribunal Divino, o que voc\u00ea n\u00e3o gostaria de ter feito por Deus?  E o que n\u00e3o daria por um pouco mais de tempo para tornar sua salva\u00e7\u00e3o mais segura?  Ai de mim, se eu n\u00e3o fizesse uso da luz que agora me \u00e9 dada e corrigisse minha vida!\u00a0 <em>Ele invocou contra mim o tempo<\/em>. - (Lam. i., 15).  O tempo que agora me \u00e9 concedido pela miseric\u00f3rdia de Deus ser\u00e1 um grande tormento e um motivo de amargo remorso para mim na hora da morte, quando o tempo para mim n\u00e3o existir\u00e1 mais.<br \/>\u00a0 \u00a0 \u00a0\u00d3 Jesus, o Senhor gastou toda a Sua vida para a minha salva\u00e7\u00e3o, e eu j\u00e1 estou h\u00e1 muitos anos no mundo, mas o que fiz at\u00e9 agora por Ti?  Infelizmente, tudo o que fiz s\u00f3 me causou dor e remorso de consci\u00eancia.<br \/>\u00a0 \u00a0 \u00a0Filho de Deus, o Senhor agora lhe d\u00e1 tempo; ent\u00e3o, tome uma decis\u00e3o.  De que forma voc\u00ea o utilizar\u00e1?  O que voc\u00ea espera?  Voc\u00ea espera para ver a \u00faltima vela que lhe mostrar\u00e1 sua neglig\u00eancia e o momento em que n\u00e3o haver\u00e1 mais rem\u00e9dio?  Voc\u00ea est\u00e1 esperando para ouvir aquele \"V\u00e1 em frente\" que deve ser obedecido sem hesita\u00e7\u00e3o?<br \/>\u00a0 \u00a0 \u00a0\u00d3 meu Deus, n\u00e3o abusarei mais da luz que Tu me proporcionas, mas da qual tanto abusei at\u00e9 agora.  Eu Te agrade\u00e7o por essa nova admoesta\u00e7\u00e3o, que pode ser a \u00faltima que Tu me dar\u00e1s.  Mas, uma vez que, no momento, Tu me iluminas assim, isso \u00e9 um sinal de que ainda n\u00e3o me abandonaste e que desejas mostrar-me miseric\u00f3rdia.  Meu amado Salvador, sinto muito, acima de todas as coisas, por ter tantas vezes desprezado Tuas gra\u00e7as e negligenciado Teus apelos e inspira\u00e7\u00f5es.  Prometo, com Tua ajuda, nunca mais ofend\u00ea-Lo.<\/p><p><strong>Medita\u00e7\u00e3o II:<br \/>\u00a0 \u00a0 \u00a0<\/strong><\/p><hr \/><p><strong>Leitura espiritual:\u00a0 <em>HER\u00d3IS E HERO\u00cdNAS DA F\u00c9\u00a0<\/em><\/strong>- Santos Epip\u00f3dio e Alexandre de Lyon<\/p><hr \/><p><strong>Medita\u00e7\u00e3o noturna:\u00a0\u00a0<em>REFLEX\u00d5ES E AFETOS SOBRE A PAIX\u00c3O DE JESUS CRISTO<\/em><\/strong><\/p><p><strong>Medita\u00e7\u00e3o I:<br \/><\/strong>\u00a0 \u00a0 \u00a0Contemplem o Rei dos C\u00e9us, que, pendurado naquela forca, est\u00e1 agora a ponto de entregar o fantasma.  Vamos tamb\u00e9m pedir a Ele, como o Profeta: <em>O que s\u00e3o essas feridas no meio de suas m\u00e3os?<\/em> - (Zacarias xiii., 6).  Diga-me, \u00f3 meu Jesus, que feridas s\u00e3o essas no meio de suas m\u00e3os?  O abade Rupert responde por Jesus: \"S\u00e3o os memoriais da caridade, o pre\u00e7o da Reden\u00e7\u00e3o.\"  S\u00e3o sinais, diz o Redentor, do grande amor que tenho por voc\u00ea; s\u00e3o o pagamento pelo qual eu o libertei das m\u00e3os de seus inimigos e da morte eterna.  Ent\u00e3o, \u00f3 alma fiel, ame seu Deus, que tem tido tanto amor por voc\u00ea; e se em algum momento voc\u00ea se sentir duvidoso de Seu amor, volte seus olhos, diz St. Tom\u00e1s de Vilanova, volte seus olhos para contemplar aquela cruz, aquelas dores e aquela morte amarga que Ele sofreu por voc\u00ea; pois tais provas certamente o far\u00e3o saber o quanto seu Redentor o ama: \"A cruz testifica, as dores testificam, a morte amarga que Ele suportou por voc\u00ea testifica isso\".  E S\u00e3o Bernardo acrescenta que a Cruz grita, cada ferida de Jesus grita, que Ele nos ama com um amor verdadeiro: \"A cruz proclama, as feridas proclamam, que Ele ama verdadeiramente.\"<br \/>\u00a0 \u00a0 \u00a0\u00d3 meu Jesus, como O vejo sobrecarregado de dor e tristeza!  Ah, tem raz\u00e3o demais para pensar que, embora sofra at\u00e9 mesmo para morrer de ang\u00fastia neste bosque, ainda h\u00e1 t\u00e3o poucas almas que t\u00eam o cora\u00e7\u00e3o para am\u00e1-Lo!  \u00d3 meu Deus, quantos cora\u00e7\u00f5es existem neste momento, mesmo entre aqueles que s\u00e3o consagrados a Ti, que n\u00e3o Te amam ou n\u00e3o Te amam o suficiente!  \u00d3 bela chama de amor, tu que consumiste a vida de um Deus na cruz, oh, consome-me tamb\u00e9m; consome todas as afei\u00e7\u00f5es desordenadas que vivem em meu cora\u00e7\u00e3o e faz com que eu viva ardendo e suspirando somente por aquele meu amado Senhor, que, por amor a mim, estava disposto a terminar Sua vida, consumido por tormentos, em uma forca de ignom\u00ednia!  \u00d3 meu amado Jesus, desejo sempre amar-Te, e somente a Ti, somente; meu \u00fanico desejo \u00e9 amar meu Amor, meu Deus, meu Tudo.<\/p><p><strong>Medita\u00e7\u00e3o II:<\/strong>\u00a0\u00a0 \u00a0 \u00a0<\/p><\/div>\n\t\t\t\t<\/div>\n\t\t\t\t\t\t\t<div class=\"elementor-accordion-item\">\n\t\t\t\t\t<div id=\"elementor-tab-title-8765\" class=\"elementor-tab-title\" data-tab=\"5\" role=\"button\" aria-controls=\"elementor-tab-content-8765\" aria-expanded=\"false\">\n\t\t\t\t\t\t\t\t\t\t\t\t\t<span class=\"elementor-accordion-icon elementor-accordion-icon-left\" aria-hidden=\"true\">\n\t\t\t\t\t\t\t\t\t\t\t\t\t\t\t<span class=\"elementor-accordion-icon-closed\"><i class=\"fas fa-plus\"><\/i><\/span>\n\t\t\t\t\t\t\t\t<span class=\"elementor-accordion-icon-opened\"><i class=\"fas fa-minus\"><\/i><\/span>\n\t\t\t\t\t\t\t\t\t\t\t\t\t\t<\/span>\n\t\t\t\t\t\t\t\t\t\t\t\t<a class=\"elementor-accordion-title\" tabindex=\"0\">QUARTA-FEIRA DA QUARTA SEMANA DA QUARESMA<\/a>\n\t\t\t\t\t<\/div>\n\t\t\t\t\t<div id=\"elementor-tab-content-8765\" class=\"elementor-tab-content elementor-clearfix\" data-tab=\"5\" role=\"region\" aria-labelledby=\"elementor-tab-title-8765\"><p><b><strong>Medita\u00e7\u00e3o matinal:<em>\u00a0 \"SE A \u00c1RVORE CAIR PARA O SUL OU PARA O NORTE . . . ALI ELA ESTAR\u00c1\"<\/em><\/strong><\/b><\/p><p>\u00a0 \u00a0 \u00a0De que adianta se atormentar, como fazem alguns, dizendo: Quem sabe se estarei entre os r\u00e9probos ou entre os salvos?  Quando a \u00e1rvore \u00e9 cortada, onde ela cai?  Ela cai do lado para o qual se inclina.  Para qual lado voc\u00ea se inclina?  Que vida voc\u00ea leva?  Preserve-se na gra\u00e7a de Deus e evite o pecado, e voc\u00ea ser\u00e1 salvo.<\/p><p><b>Medita\u00e7\u00e3o I:<br \/><\/b>\u00a0 \u00a0 \u00a0<em>Se a \u00e1rvore cair para o sul ou para o norte, em qualquer lugar em que cair, ali ser\u00e1<\/em>. - (Eccles. xi., 3).  Onde quer que a \u00e1rvore de sua alma caia, ali voc\u00ea ter\u00e1 de permanecer por toda a eternidade.  N\u00e3o h\u00e1 meio termo: ou rei para sempre no C\u00e9u, ou escravo para sempre no inferno.  Ou aben\u00e7oado para sempre no oceano de del\u00edcias, ou para sempre desesperado em um po\u00e7o de tormentos.  S\u00e3o Jo\u00e3o Cris\u00f3stomo, refletindo sobre o glut\u00e3o do Evangelho, que foi considerado feliz pelo mundo porque era rico, mas que depois foi enterrado no inferno; e sobre L\u00e1zaro, que, ao contr\u00e1rio, foi considerado miser\u00e1vel porque era pobre, mas que depois foi feliz no C\u00e9u, exclamou: \"<em>O infelix felicitas!<\/em>\u00a0 \u00d3 felicidade infeliz, que arrastou o homem rico para a mis\u00e9ria eterna!\u00a0 <em>O felix infelicitas!<\/em>\u00a0 \u00d3 feliz infelicidade, que conduziu o pobre homem \u00e0 alegria eterna!\"<br \/>\u00a0 \u00a0 \u00a0Ah, meu Deus, tenha piedade de mim!  Eu j\u00e1 sabia que, ao pecar, eu me condenava a uma eternidade de dor e, ainda assim, me contentei em me opor \u00e0 Tua vontade e incorrer nessa dor; e para qu\u00ea?  Por uma gratifica\u00e7\u00e3o miser\u00e1vel.  Ah, meu Senhor, perdoe-me, pois me arrependo de todo o cora\u00e7\u00e3o!  Nunca mais me oporei \u00e0 Tua santa vontade.  Infeliz de mim, se o Senhor tivesse me levado enquanto levava uma vida ruim, eu teria sido condenado a viver para sempre no inferno, a odiar a Sua vontade.  Mas agora eu a vivo e sempre a amarei.  Ensina-me e d\u00e1-me for\u00e7as para cumprir Tua santa vontade.  Nunca mais me oporei a Ti, \u00f3 Bondade Infinita, e s\u00f3 pe\u00e7o este favor, <em>Seja feita a Tua vontade, assim na terra como no c\u00e9u;<\/em> conceda-me fazer perfeitamente a Sua vontade, e nada mais pe\u00e7o.<\/p><p><strong>Medita\u00e7\u00e3o II:<br \/>\u00a0 \u00a0 \u00a0<\/strong><\/p><hr \/><p><strong>Leitura espiritual:\u00a0 <em>HER\u00d3IS E HERO\u00cdNAS DA F\u00c9\u00a0<\/em><\/strong>- Santo: Vitalis de Ravenna (28 de abril)<\/p><hr \/><p><strong>Medita\u00e7\u00e3o noturna:\u00a0\u00a0<em>REFLEX\u00d5ES E AFETOS SOBRE A PAIX\u00c3O DE JESUS CRISTO<\/em><\/strong><\/p><p><strong>Medita\u00e7\u00e3o I:<br \/><\/strong>\u00a0 \u00a0 \u00a0<em>E eu, se for levantado da terra, atrairei todas as coisas a mim mesmo.  Mas isto disse ele, significando a morte que havia de sofrer<\/em>. - (Jo\u00e3o xii., 32).  Jesus Cristo disse que, quando fosse levantado na cruz, atrairia para si, por seus m\u00e9ritos, por seu exemplo e pelo poder de seu amor, a afei\u00e7\u00e3o amorosa de todas as almas: \"Ele atraiu todas as na\u00e7\u00f5es do mundo para seu amor, pelo m\u00e9rito de seu sangue, por seu exemplo e por seu amor\".  Esse \u00e9 o coment\u00e1rio de Cornelius \u00e0 Lapide.  S\u00e3o Pedro Dami\u00e3o nos diz o mesmo: \"O Senhor, logo que foi suspenso da cruz, atraiu a si todos os homens por um desejo de amor\".  E quem, prossegue Cornelius \u00e0 Lapide, \"n\u00e3o retribuir\u00e1 o amor de Cristo, que morre por amor a n\u00f3s?\"  Contemplem, \u00f3 almas redimidas (como nos exorta a Santa Igreja), contemplem seu Redentor naquela Cruz onde toda a Sua forma respira amor e os convida a am\u00e1-Lo: Sua cabe\u00e7a inclinada para baixo para nos dar o beijo da paz, Seus bra\u00e7os estendidos para nos abra\u00e7ar, Seu Cora\u00e7\u00e3o aberto para nos amar: \"Toda a Sua figura\", como diz Santo Agostinho, \"respira amor e nos desafia a am\u00e1-Lo em troca: Sua cabe\u00e7a inclinada para baixo para nos beijar, Suas m\u00e3os estendidas para nos abra\u00e7ar, Seu peito aberto para nos amar\".<br \/>\u00a0 \u00a0 \u00a0Ah, meu amado Jesus, como minha alma poderia ter sido t\u00e3o querida aos Teus olhos, contemplando, como Tu o fizeste, os erros que Tu terias que receber de minhas m\u00e3os?  A fim de cativar minha afei\u00e7\u00e3o, Tu estavas disposto a me dar as mais extremas provas de amor.  Vinde, Flagelos, Espinhos, Pregos e Cruz, que torturastes a Carne Sagrada de meu Senhor, vinde e feri meu pobre cora\u00e7\u00e3o; lembrai-me sempre que todo o bem que recebi e tudo o que espero me vem pelos m\u00e9ritos de Sua Paix\u00e3o.  \u00d3 Mestre de amor, outros ensinam de boca em boca, mas V\u00f3s, neste leito de morte, ensinais pelo sofrimento; outros ensinam por motivos de interesse, V\u00f3s por afeto, sem pedir recompensa alguma, exceto a minha salva\u00e7\u00e3o.  Salva-me, \u00f3 meu Amor, e que minha salva\u00e7\u00e3o seja a concess\u00e3o da gra\u00e7a de sempre amar e agradar-Te; o amor por Ti \u00e9 minha salva\u00e7\u00e3o.<\/p><p><strong>Medita\u00e7\u00e3o II:<\/strong>\u00a0\u00a0 \u00a0 \u00a0<\/p><\/div>\n\t\t\t\t<\/div>\n\t\t\t\t\t\t\t<div class=\"elementor-accordion-item\">\n\t\t\t\t\t<div id=\"elementor-tab-title-8766\" class=\"elementor-tab-title\" data-tab=\"6\" role=\"button\" aria-controls=\"elementor-tab-content-8766\" aria-expanded=\"false\">\n\t\t\t\t\t\t\t\t\t\t\t\t\t<span class=\"elementor-accordion-icon elementor-accordion-icon-left\" aria-hidden=\"true\">\n\t\t\t\t\t\t\t\t\t\t\t\t\t\t\t<span class=\"elementor-accordion-icon-closed\"><i class=\"fas fa-plus\"><\/i><\/span>\n\t\t\t\t\t\t\t\t<span class=\"elementor-accordion-icon-opened\"><i class=\"fas fa-minus\"><\/i><\/span>\n\t\t\t\t\t\t\t\t\t\t\t\t\t\t<\/span>\n\t\t\t\t\t\t\t\t\t\t\t\t<a class=\"elementor-accordion-title\" tabindex=\"0\">QUINTA-FEIRA DA QUARTA SEMANA DA QUARESMA<\/a>\n\t\t\t\t\t<\/div>\n\t\t\t\t\t<div id=\"elementor-tab-content-8766\" class=\"elementor-tab-content elementor-clearfix\" data-tab=\"6\" role=\"region\" aria-labelledby=\"elementor-tab-title-8766\"><p><b>Medita\u00e7\u00e3o matinal:\u00a0<em> \"O HOMEM ENTRAR\u00c1 NA CASA DE SUA ETERNIDADE\"<\/em><\/b><\/p><p>\u00a0 \u00a0 \u00a0 O Profeta disse: <em>deve ir<\/em>para indicar que cada um entrar\u00e1 na casa que ele mesmo escolher.  Oh, quanto esfor\u00e7o os homens n\u00e3o fazem para construir para si mesmos uma habita\u00e7\u00e3o conveniente, arejada e saud\u00e1vel, pensando que ter\u00e3o de habit\u00e1-la durante toda a vida!  E por que, ent\u00e3o, os homens s\u00e3o t\u00e3o descuidados em rela\u00e7\u00e3o \u00e0 casa em que ter\u00e3o de morar por toda a eternidade?<\/p><p><b>Medita\u00e7\u00e3o I:<br \/><\/b>\u00a0 \u00a0 \u00a0<em>O homem entrar\u00e1 na casa de sua eternidade<\/em>. - (Eccles. xii., 5).  O Profeta diz <em>deve ir<\/em> para indicar que cada um ir\u00e1 para a casa que escolher; ele n\u00e3o ser\u00e1 levado para l\u00e1, mas ir\u00e1 por sua pr\u00f3pria vontade.  \u00c9 certo que Deus deseja que todos sejam salvos, mas Ele n\u00e3o nos for\u00e7ar\u00e1 a ser salvos.  Ele colocou diante de cada um de n\u00f3s a vida e a morte, e o que escolhermos nos ser\u00e1 dado: <em>Diante do homem est\u00e1 a vida e a morte, o bem e o mal; aquilo que ele escolher lhe ser\u00e1 dado<\/em>. - (Ecclus. xv., 18).  Jeremias tamb\u00e9m diz que o Senhor nos deu dois caminhos para andarmos - um caminho para o c\u00e9u e outro para o inferno: <em>Eis que ponho diante de voc\u00eas o caminho da vida e o caminho da morte<\/em>. - (Jer. xxi., 8).<br \/>\u00a0 \u00a0 \u00a0Cabe a n\u00f3s escolher.  Mas como aquele que escolhe andar no caminho do inferno pode chegar ao c\u00e9u?  Todos os pecadores desejam ser salvos e, enquanto isso, condenam-se ao inferno, dizendo: \"Eu espero me salvar\".  Mas quem, diz Santo Agostinho, \u00e9 t\u00e3o louco a ponto de tomar veneno com a esperan\u00e7a de ser curado?  \"Ningu\u00e9m deseja ficar doente com a esperan\u00e7a de ser curado.\"  E, no entanto, muitos crist\u00e3os, como loucos, matam suas almas pecando, dizendo: \"Depois pensarei em um rem\u00e9dio\".  \u00d3 ilus\u00e3o, que tem enviado tantos para o inferno!<br \/>\u00a0 \u00a0 \u00a0N\u00e3o sejamos loucos, como eles s\u00e3o; lembremo-nos de que a eternidade est\u00e1 em jogo.  Quanto esfor\u00e7o os homens fazem para construir para si mesmos uma habita\u00e7\u00e3o conveniente, arejada e saud\u00e1vel, pensando que ter\u00e3o de habit\u00e1-la durante toda a vida!  E por que, ent\u00e3o, eles s\u00e3o t\u00e3o descuidados com rela\u00e7\u00e3o \u00e0 habita\u00e7\u00e3o na qual ter\u00e3o que morar para sempre?<br \/>\u00a0 \u00a0 \u00a0Ent\u00e3o, \u00f3 meu Deus, n\u00e3o h\u00e1 meio termo: Devo ser eternamente feliz ou eternamente miser\u00e1vel; mergulhado em um oceano de prazeres ou de tormentos; junto a Ti no C\u00e9u ou eternamente distante e separado de Ti no inferno.  E esse inferno, eu sei com certeza que muitas vezes o mereci; mas tamb\u00e9m sei com certeza que Tu perdoas aquele que se arrepende e livras do inferno aquele que espera em Ti.  Tu me asseguras isso: <em>Ele clamar\u00e1 a mim... Eu o livrarei e o glorificarei<\/em>. - (Sl. xc., 15).  Apressai-vos, pois, Senhor, - apressai-vos e perdoai-me, e livrai-me do inferno.  Eu me entriste\u00e7o por ter Te ofendido, \u00f3 meu Soberano Bem, mais do que qualquer outro mal. Apressa-te em me restituir ao Teu favor e d\u00e1-me o Teu amor.  Apresse-se para me devolver a Seu favor e me d\u00ea Seu santo amor.  Se eu estivesse agora no inferno, n\u00e3o poderia mais am\u00e1-Lo; eu seria obrigado a odi\u00e1-Lo para sempre.  Ah, meu Deus, o que fizeste comigo para que eu Te odiasse?  O Senhor me amou at\u00e9 a morte; o Senhor \u00e9 digno de amor infinito.  \u00d3 Senhor, n\u00e3o permita que eu volte a me separar de Ti.<\/p><p><strong>Medita\u00e7\u00e3o II:<br \/>\u00a0 \u00a0 \u00a0<\/strong><\/p><hr \/><p><strong>Leitura espiritual:\u00a0 <em>HER\u00d3IS E HERO\u00cdNAS DA F\u00c9\u00a0<\/em><\/strong>- Santa Teodora, Virgem, e S\u00e3o D\u00eddimo (28 de abril)<\/p><hr \/><p><strong>Medita\u00e7\u00e3o noturna:\u00a0\u00a0<em>REFLEX\u00d5ES E AFETOS SOBRE A PAIX\u00c3O DE JESUS CRISTO<\/em><\/strong><\/p><p><strong>Medita\u00e7\u00e3o I:<br \/><\/strong>\u00a0 \u00a0 \u00a0<em>Lembre-se de mim<\/em>O Bom Ladr\u00e3o, \u00f3 meu Jesus, disse-Te; e teve a consola\u00e7\u00e3o de ouvir estas palavras de Ti: <em>Hoje voc\u00ea estar\u00e1 comigo no para\u00edso<\/em>. - (Lucas xxiii., 43).  Lembrai-Vos de mim, digo tamb\u00e9m a V\u00f3s; lembrai-Vos, Senhor, de que sou uma daquelas ovelhas pelas quais destes a vida.  D\u00e1-me, tamb\u00e9m, o consolo de sentir que Tu, querido Jesus, me perdoas, garantindo-me uma grande tristeza por meus pecados.  Tu, \u00f3 grande Sacerdote, que Te sacrificaste por amor \u00e0s Tuas criaturas, tem compaix\u00e3o de mim.  De hoje em diante, sacrifico a Ti minha vontade, meus sentidos, minhas satisfa\u00e7\u00f5es e todos os meus desejos.  Acredito que Tu, meu Deus, morreste, crucificado por mim.  Que Teu Sangue Divino, eu Te pe\u00e7o, flua tamb\u00e9m sobre mim; que ele me lave de meus pecados.  Que ele me inflame com santo amor e me torne todo Teu.  Eu Te amo, \u00f3 meu Jesus, e gostaria de poder morrer crucificado por Ti, que morreste crucificado por mim.<br \/>\u00a0 \u00a0 \u00a0\u00d3 Pai Eterno, eu Te ofendi; mas eis Teu Filho, que, pendurado nesta \u00e1rvore, Te satisfaz por mim com o sacrif\u00edcio que Ele Te oferece de Sua Vida Divina.  Eu Te ofere\u00e7o Seus m\u00e9ritos, que s\u00e3o todos meus, pois Ele os entregou a mim; e, por amor a esse Teu Filho, pe\u00e7o-Te que tenhas miseric\u00f3rdia de mim.  A maior miseric\u00f3rdia que Te pe\u00e7o \u00e9 que me concedas a Tua gra\u00e7a, que, miser\u00e1vel como sou, tantas vezes desprezei deliberadamente.  Arrependo-me de t\u00ea-Lo ultrajado, e eu O amo, eu O amo, meu Deus, meu Tudo; e para agrad\u00e1-Lo, estou pronto para suportar toda vergonha, toda dor, toda tristeza e todo tipo de morte.<\/p><p><strong>Medita\u00e7\u00e3o II:<\/strong>\u00a0\u00a0 \u00a0 \u00a0<\/p><\/div>\n\t\t\t\t<\/div>\n\t\t\t\t\t\t\t<div class=\"elementor-accordion-item\">\n\t\t\t\t\t<div id=\"elementor-tab-title-8767\" class=\"elementor-tab-title\" data-tab=\"7\" role=\"button\" aria-controls=\"elementor-tab-content-8767\" aria-expanded=\"false\">\n\t\t\t\t\t\t\t\t\t\t\t\t\t<span class=\"elementor-accordion-icon elementor-accordion-icon-left\" aria-hidden=\"true\">\n\t\t\t\t\t\t\t\t\t\t\t\t\t\t\t<span class=\"elementor-accordion-icon-closed\"><i class=\"fas fa-plus\"><\/i><\/span>\n\t\t\t\t\t\t\t\t<span class=\"elementor-accordion-icon-opened\"><i class=\"fas fa-minus\"><\/i><\/span>\n\t\t\t\t\t\t\t\t\t\t\t\t\t\t<\/span>\n\t\t\t\t\t\t\t\t\t\t\t\t<a class=\"elementor-accordion-title\" tabindex=\"0\">SEXTA-FEIRA DA QUARTA SEMANA DA QUARESMA<\/a>\n\t\t\t\t\t<\/div>\n\t\t\t\t\t<div id=\"elementor-tab-content-8767\" class=\"elementor-tab-content elementor-clearfix\" data-tab=\"7\" role=\"region\" aria-labelledby=\"elementor-tab-title-8767\"><p style=\"text-align: center;\"><em>(Festa de S\u00e3o Patr\u00edcio, 17 de mar\u00e7o)<\/em><\/p><p><b>Medita\u00e7\u00e3o matinal:<em>\u00a0 ZELO PELA SALVA\u00c7\u00c3O DAS ALMAS<\/em><\/b><\/p><p>\u00a0 \u00a0 \u00a0Santo Agostinho diz que o zelo pela salva\u00e7\u00e3o das almas e pelo crescimento da caridade divina nas almas dos homens brota do amor.  Aquele, ent\u00e3o, acrescenta o Santo, que n\u00e3o tem zelo mostra que n\u00e3o ama a Deus, e aquele que n\u00e3o ama a Deus est\u00e1 perdido.  \"Se voc\u00ea deseja honrar a Deus\", diz S\u00e3o Louren\u00e7o Justiniano, \"voc\u00ea n\u00e3o pode fazer melhor do que trabalhar pela salva\u00e7\u00e3o das almas\".  \"D\u00ea-me dez padres zelosos\", costumava dizer S\u00e3o Filipe Neri, \"e eu converterei o mundo\".  O que um S\u00e3o Francisco Xavier n\u00e3o fez sozinho no Oriente?  O que um S\u00e3o Patr\u00edcio, um S\u00e3o Vicente Ferrer n\u00e3o fez na Europa?  Deus deseja que os sacerdotes sejam os pr\u00f3prios salvadores do mundo.<strong>*<\/strong><\/p><h6><span style=\"color: #333333;\">* Patrick foi outro S\u00e3o Paulo no zelo apost\u00f3lico pelas almas.  Em seu famoso <em>Confiss\u00e3o<\/em>No livro de ora\u00e7\u00e3o de Jesus Cristo, que ele escreveu antes de sua morte, ele ora: \"Portanto, que nunca me aconte\u00e7a, da parte de meu Deus, perder o Seu povo, que Ele adquiriu nos confins da Terra. E se alguma vez realizei algo de bom por causa de meu Deus, a quem amo, pe\u00e7o a Ele que me conceda derramar meu sangue ... por causa de Seu Nome, mesmo que eu precise de um sepultamento, ou que meu cad\u00e1ver seja miseravelmente dividido, membro por membro, para os c\u00e3es e animais selvagens, ou que as aves do c\u00e9u o devorem\".<\/span><\/h6><p><b>Medita\u00e7\u00e3o I:<br \/><\/b>\u00a0 \u00a0 \u00a0Para entender como Deus deseja ardentemente a salva\u00e7\u00e3o das almas, basta considerar o que Ele fez para a reden\u00e7\u00e3o do homem.  Jesus Cristo expressou claramente esse desejo quando disse: <em>Eu tenho um batismo com o qual devo ser batizado, e como estou apertado at\u00e9 que ele seja realizado!<\/em> - (Lucas xii., 50).  Jesus sentiu como se estivesse desmaiando devido ao ardor com que desejava ver a obra da Reden\u00e7\u00e3o realizada, para que os homens pudessem ser salvos.  A partir disso, S\u00e3o Jo\u00e3o Cris\u00f3stomo infere com justi\u00e7a que n\u00e3o h\u00e1 nada mais aceit\u00e1vel para Deus do que a salva\u00e7\u00e3o das almas.  E, antes dele, S\u00e3o Justino havia dito que nada \u00e9 t\u00e3o agrad\u00e1vel a Deus quanto trabalhar para tornar os outros melhores.  Nosso Senhor disse certa vez a um santo sacerdote: \"Trabalhe para a salva\u00e7\u00e3o dos pecadores, pois isso \u00e9 muito agrad\u00e1vel para mim.\"  Esse trabalho \u00e9 t\u00e3o caro a Deus que, como diz Clemente de Alexandria, a salva\u00e7\u00e3o do homem \u00e9 a \u00fanica preocupa\u00e7\u00e3o de Deus.  Por isso, dirigindo-se a um padre, S\u00e3o Louren\u00e7o Justiniano diz: \"Se voc\u00ea deseja honrar a Deus, n\u00e3o pode fazer nada melhor do que trabalhar pela salva\u00e7\u00e3o das almas\".  De acordo com S\u00e3o Bernardo, uma alma \u00e9 mais valiosa aos olhos de Deus do que o mundo inteiro.  E, de acordo com S\u00e3o Jo\u00e3o Cris\u00f3stomo, voc\u00ea agrada mais a Deus convertendo uma \u00fanica alma do que doando todos os seus bens aos pobres.  Tertuliano afirma que a salva\u00e7\u00e3o de uma ovelha que se desgarrou \u00e9 t\u00e3o cara quanto a de todo o rebanho.  S\u00e3o Paulo escreveu: <em>Vivo na f\u00e9 do Filho de Deus, que me amou e se entregou por mim<\/em>. - (Gal. ii., 20).  Por essas palavras se entende, como diz S\u00e3o Jo\u00e3o Cris\u00f3stomo, que Jesus Cristo teria morrido t\u00e3o logo por uma \u00fanica alma quanto por todos os homens.  E isso Nosso Senhor nos d\u00e1 a entender pela Par\u00e1bola do Gr\u00e3o Perdido.  \"Ele convoca todos os anjos\", diz S\u00e3o Tom\u00e1s, \"n\u00e3o para que os homens, mas para que Ele mesmo possa ser felicitado, como se o homem fosse o Deus de Deus, e Sua pr\u00f3pria salva\u00e7\u00e3o divina dependesse do homem; e como se sem o homem Ele n\u00e3o pudesse ser feliz\".<br \/>\u00a0 \u00a0 \u00a0Ai de mim, meu Jesus, meu Redentor, qu\u00e3o poucos s\u00e3o os que t\u00eam a verdadeira f\u00e9!  \u00d3 Deus, a maior parte da humanidade est\u00e1 enterrada nas trevas da infidelidade e da heresia!  O Senhor se humilhou at\u00e9 a morte, at\u00e9 a morte de cruz, para a salva\u00e7\u00e3o dos homens, e esses mesmos homens se recusam ingratamente a conhec\u00ea-Lo.  Ah, eu Te pe\u00e7o, Deus Todo-Poderoso, Bem supremo e infinito, faze-Te conhecido, faze-Te amado por todos os homens.<\/p><p><strong>Medita\u00e7\u00e3o II:<br \/>\u00a0 \u00a0 \u00a0<\/strong><\/p><hr \/><p><strong>Leitura espiritual:<em>\u00a0 A PREGA\u00c7\u00c3O DA PALAVRA DE DEUS<\/em><\/strong><\/p><hr \/><p><strong>Medita\u00e7\u00e3o noturna:\u00a0\u00a0<em>REFLEX\u00d5ES E AFETOS SOBRE A PAIX\u00c3O DE JESUS CRISTO<\/em><\/strong><\/p><p><strong>Medita\u00e7\u00e3o I:<br \/><\/strong>\u00a0 \u00a0 \u00a0Jesus, pela boca do Profeta, lamentou o fato de que, ao morrer na cruz, procurou algu\u00e9m para consol\u00e1-Lo, mas n\u00e3o encontrou ningu\u00e9m: <em>Procurei algu\u00e9m para me consolar e n\u00e3o encontrei ningu\u00e9m<\/em>. - (Sl. lxviii., 21).  Os judeus e os romanos, mesmo enquanto Ele estava morrendo, proferiram contra Ele suas execra\u00e7\u00f5es e blasf\u00eamias.  A Sant\u00edssima Maria - sim, ela ficou sob a Cruz, a fim de proporcionar-Lhe algum al\u00edvio, se estivesse em seu poder faz\u00ea-lo; mas essa M\u00e3e aflita e amorosa, pela tristeza que sofreu por simpatizar com Suas dores, apenas aumentou a afli\u00e7\u00e3o de seu Filho, que a amava t\u00e3o profundamente.  S\u00e3o Bernardo diz que as dores de Maria foram todas no sentido de aumentar os tormentos do Cora\u00e7\u00e3o de Jesus: \"Estando a M\u00e3e cheia, o oceano de sua dor se derramou de volta sobre o Filho\".  De modo que o Redentor, ao ver Maria sofrendo assim, sentiu Sua alma penetrada mais pelas dores de Maria do que pelas Suas pr\u00f3prias; como foi revelado a Santa Br\u00edgida pela pr\u00f3pria Sant\u00edssima Virgem: \"Ele, ao me ver, se entristeceu mais por mim do que por si mesmo\".  Da\u00ed S\u00e3o Bernardo dizer: \"\u00d3 bom Jesus, por maiores que sejam os Teus sofrimentos corporais, muito mais sofres em Teu Cora\u00e7\u00e3o por compaix\u00e3o de Tua M\u00e3e\".<br \/>\u00a0 \u00a0 \u00a0Que dores, tamb\u00e9m, n\u00e3o devem ter sentido os cora\u00e7\u00f5es amorosos de Jesus e Maria quando chegou o momento em que o Filho, antes de dar Seu \u00faltimo suspiro, teve que se despedir de Sua M\u00e3e!  Veja quais foram as \u00faltimas palavras com as quais Jesus se despediu deste mundo de Maria: \"M\u00e3e, eis a\u00ed o teu filho\" - atribuindo a ela Jo\u00e3o, a quem, em Seu pr\u00f3prio lugar, Ele a deixou como filho.<br \/>\u00a0 \u00a0 \u00a0\u00d3 Rainha das Dores, as coisas dadas como lembran\u00e7a por um filho amado na hora de sua morte s\u00e3o muito queridas e nunca saem da mem\u00f3ria de uma m\u00e3e!  Oh, lembre-se de que seu Filho, que a amava tanto, na pessoa de Jo\u00e3o, deixou-me, um pecador, como filho para voc\u00ea.  Pelo amor que voc\u00ea teve por Jesus, tenha compaix\u00e3o de mim.  N\u00e3o te pe\u00e7o os bens da terra: vejo teu Filho morrendo com tantas dores por mim; vejo a ti, minha inocente M\u00e3e, suportando tamb\u00e9m por mim t\u00e3o grandes sofrimentos; e vejo que eu, um ser miser\u00e1vel, que merece o inferno por causa de meus pecados, n\u00e3o sofri nada por amor a ti - desejo sofrer algo por ti antes de morrer.  Esta \u00e9 a gra\u00e7a que te pe\u00e7o; e com S\u00e3o Boaventura, eu te digo que, se eu te ofendi, a justi\u00e7a exige que eu sofra como castigo; e se eu te servi, \u00e9 razo\u00e1vel que eu sofra como recompensa: \"\u00d3 Senhor<span style=\"color: #333333; font-style: normal; font-weight: 300;\">y<\/span><span style=\"font-weight: 300;\">Se eu te ofendi, fere meu cora\u00e7\u00e3o por causa da justi\u00e7a; se eu te servi, pe\u00e7o-te feridas como recompensa\".  Obtenha para mim, \u00f3 Maria, uma grande devo\u00e7\u00e3o e uma lembran\u00e7a cont\u00ednua da Paix\u00e3o de seu Filho; e, pela dor que sofreu ao v\u00ea-lo dar seu \u00faltimo suspiro na cruz, obtenha para mim uma boa morte.  Vinde em meu aux\u00edlio, \u00f3 minha Rainha, nesse \u00faltimo momento; fazei com que eu morra amando e pronunciando os sagrados nomes de Jesus e Maria.<\/span><\/p><p><strong>Medita\u00e7\u00e3o II:<\/strong>\u00a0\u00a0 \u00a0 \u00a0<\/p><\/div>\n\t\t\t\t<\/div>\n\t\t\t\t\t\t\t<div class=\"elementor-accordion-item\">\n\t\t\t\t\t<div id=\"elementor-tab-title-8768\" class=\"elementor-tab-title\" data-tab=\"8\" role=\"button\" aria-controls=\"elementor-tab-content-8768\" aria-expanded=\"false\">\n\t\t\t\t\t\t\t\t\t\t\t\t\t<span class=\"elementor-accordion-icon elementor-accordion-icon-left\" aria-hidden=\"true\">\n\t\t\t\t\t\t\t\t\t\t\t\t\t\t\t<span class=\"elementor-accordion-icon-closed\"><i class=\"fas fa-plus\"><\/i><\/span>\n\t\t\t\t\t\t\t\t<span class=\"elementor-accordion-icon-opened\"><i class=\"fas fa-minus\"><\/i><\/span>\n\t\t\t\t\t\t\t\t\t\t\t\t\t\t<\/span>\n\t\t\t\t\t\t\t\t\t\t\t\t<a class=\"elementor-accordion-title\" tabindex=\"0\">S\u00c1BADO DA QUARTA SEMANA DA QUARESMA<\/a>\n\t\t\t\t\t<\/div>\n\t\t\t\t\t<div id=\"elementor-tab-content-8768\" class=\"elementor-tab-content elementor-clearfix\" data-tab=\"8\" role=\"region\" aria-labelledby=\"elementor-tab-title-8768\"><p><b>Medita\u00e7\u00e3o matinal:\u00a0<em> MARIA SOFRE POR NOSSA SALVA\u00c7\u00c3O<\/em><\/b><\/p><p>\u00a0 \u00a0 \u00a0Por que, <span style=\"color: #333333; font-style: normal; font-weight: 300;\">\u00d3 Senhora, pergunta <\/span><span style=\"font-weight: 300;\">S\u00e3o Boaventura, voc\u00ea tamb\u00e9m foi se sacrificar no Calv\u00e1rio?  Um Deus crucificado n\u00e3o foi suficiente para nos redimir, para que voc\u00ea, Sua M\u00e3e, tamb\u00e9m fosse crucificada com Ele?  A morte de Jesus foi mais do que suficiente para redimir o mundo, mas Sua boa M\u00e3e, pelo amor que nos tinha, desejou ajudar na causa de nossa salva\u00e7\u00e3o.<\/span><\/p><p><b>Medita\u00e7\u00e3o I:<br \/><\/b>\u00a0 \u00a0 \u00a0S\u00e3o Boaventura, dirigindo-se a essa Sant\u00edssima Virgem, diz: \"E por que, \u00f3 Senhora, fostes tamb\u00e9m sacrificar-vos no Calv\u00e1rio?  Um Deus crucificado n\u00e3o foi suficiente para nos redimir, para que voc\u00ea, Sua M\u00e3e, tamb\u00e9m fosse crucificada com Ele?\"  De fato, a morte de Jesus foi mais do que suficiente para salvar o mundo e uma infinidade de mundos; mas essa boa M\u00e3e, pelo amor que nos tinha, quis tamb\u00e9m ajudar a causa de nossa salva\u00e7\u00e3o pelo m\u00e9rito de seus sofrimentos que ofereceu por n\u00f3s no Calv\u00e1rio.  Portanto, o bem-aventurado Alberto Magno diz que, assim como estamos sob grandes obriga\u00e7\u00f5es para com Jesus por sua paix\u00e3o suportada por nosso amor, tamb\u00e9m estamos sob grandes obriga\u00e7\u00f5es para com Maria pelo mart\u00edrio que ela voluntariamente sofreu por nossa salva\u00e7\u00e3o na morte de seu Filho.  Digo voluntariamente, pois, como Santa In\u00eas revelou a Santa Br\u00edgida, \"nossa compassiva e benigna M\u00e3e estava satisfeita em suportar qualquer tormento do que nossas almas n\u00e3o serem redimidas e serem deixadas em seu antigo estado de perdi\u00e7\u00e3o\".  E, de fato, podemos dizer que o \u00fanico al\u00edvio de Maria em meio \u00e0 sua grande tristeza pela Paix\u00e3o de seu Filho foi ver o mundo perdido redimido por Sua morte e os homens que eram Seus inimigos reconciliados com Deus.  \"Enquanto sofria, ela se alegrava\", diz Sim\u00e3o de C\u00e1ssia, \"porque um sacrif\u00edcio foi oferecido para a reden\u00e7\u00e3o de todos, pelo qual Aquele que estava irado foi apaziguado\".<\/p><p><strong>Medita\u00e7\u00e3o II:<br \/>\u00a0 \u00a0 \u00a0<\/strong><\/p><hr \/><p><strong>Leitura espiritual:<em>\u00a0 GRA\u00c7AS PROMETIDAS \u00c0QUELES QUE S\u00c3O DEVOTOS DOS DOLORES DA BEM-AVENTURADA VIRGEM<\/em><\/strong><\/p><hr \/><p><strong>Medita\u00e7\u00e3o noturna:\u00a0 <em>JESUS FAZ SUA ENTRADA TRIUNFAL EM JERUSAL\u00c9M<\/em><\/strong><\/p><p><strong>Medita\u00e7\u00e3o I:<br \/><\/strong>\u00a0 \u00a0 \u00a0Estando pr\u00f3ximo o tempo de Sua Paix\u00e3o, nosso Redentor partiu de Bet\u00e2nia para ir a Jerusal\u00e9m.  Ao aproximar-se daquela cidade ingrata, Ele a contemplou e chorou: <em>Ao ver a cidade, ele chorou sobre ela<\/em>. - (Lucas xix., 41).  Ele chorou porque previu sua ru\u00edna, que seria a consequ\u00eancia do estupendo crime de tirar a vida do Filho de Deus, do qual aquele povo seria culpado em breve.  Ah, meu Jesus e meu Deus, quando o Senhor chorava sobre aquela cidade, tamb\u00e9m chorava sobre minha alma, vendo a ru\u00edna que eu trouxe sobre mim mesmo por meus pecados, obrigando-O a me condenar ao inferno, mesmo depois de ter morrido para me salvar.  Oh, deixa que eu chore pelo grande mal de que fui culpado ao desprezar-Te, o maior Bem de todos, e tem miseric\u00f3rdia de mim.<br \/>\u00a0 \u00a0 \u00a0Jesus Cristo entra na cidade: o povo sai ao Seu encontro com aclama\u00e7\u00f5es e regozijo; e, para honr\u00e1-Lo, alguns deles espalham ramos de palmeiras ao longo da estrada, enquanto outros estendem suas vestes para que Ele passe por cima.  Oh, quem poderia dizer que aquele Senhor, agora reconhecido como o Messias e recebido com tantas demonstra\u00e7\u00f5es de respeito, na pr\u00f3xima vez que aparecesse pelos mesmos caminhos, estaria sob senten\u00e7a de morte e com uma cruz sobre os ombros?  Ah, meu amado Jesus, essas pessoas agora O recebem com aclama\u00e7\u00f5es, dizendo: <em>Hosana ao Filho de Davi!  Bendito seja aquele que vem em nome do Senhor!<\/em> - (Mateus xxi., 9).  Gl\u00f3ria ao Filho de Davi!  Bendito seja Aquele que vem em nome de Deus para nossa salva\u00e7\u00e3o!  E ent\u00e3o eles levantar\u00e3o suas vozes insultuosamente para que Pilatos O tire do mundo e O fa\u00e7a morrer em uma cruz: <em>Fora com ele!  Fora com ele!<\/em>\u00a0 Crucifiquem-no!  V\u00e1, minha alma, e tamb\u00e9m diga a Ele com amor: <em>Bendito seja aquele que vem em nome do Senhor!<\/em>\u00a0 Bendito seja para sempre Tu que vieste, \u00f3 Salvador do mundo, pois, de outra forma, estar\u00edamos todos perdidos.  \u00d3 meu Salvador, salve-me!<\/p><p><strong>Medita\u00e7\u00e3o II:<\/strong>\u00a0\u00a0 \u00a0 \u00a0<\/p><\/div>\n\t\t\t\t<\/div>\n\t\t\t\t\t\t\t\t<\/div>\n\t\t\t\t\t\t<\/div>\n\t\t\t\t<\/div>\n\t\t\t\t\t<\/div>\n\t\t\t\t<\/div>\n\t\t<div class=\"elementor-element elementor-element-e8d2a1b e-flex e-con-boxed e-con e-parent\" data-id=\"e8d2a1b\" data-element_type=\"container\" data-e-type=\"container\">\n\t\t\t\t\t<div class=\"e-con-inner\">\n\t\t\t\t<div class=\"elementor-element elementor-element-3e4737a elementor-widget elementor-widget-text-editor\" data-id=\"3e4737a\" data-element_type=\"widget\" data-e-type=\"widget\" data-widget_type=\"text-editor.default\">\n\t\t\t\t<div class=\"elementor-widget-container\">\n\t\t\t\t\t\t\t\t\t<p><a href=\"https:\/\/societyofthemostholyredeemer.org\/pt\/daily-meditations\/\">\u21d1 \u00a0<\/a><a href=\"https:\/\/societyofthemostholyredeemer.org\/pt\/daily-meditations\/\"><em>\u00cdNDICE<\/em><\/a><br \/><a href=\"https:\/\/societyofthemostholyredeemer.org\/pt\/daily-meditations-third-week-of-lent\/\">\u21d0 <em>THIRD WEEK OF LENT<\/em><\/a><em><br \/><\/em><a href=\"https:\/\/societyofthemostholyredeemer.org\/pt\/daily-meditations-passion-week\/\">\u21d2\u00a0<em>PASSION WEEK\u00a0<\/em><\/a><\/p>\t\t\t\t\t\t\t\t<\/div>\n\t\t\t\t<\/div>\n\t\t\t\t\t<\/div>\n\t\t\t\t<\/div>\n\t\t\t\t<\/div>","protected":false},"excerpt":{"rendered":"<p>VOLUME TWO &#8211; PART I, pp. 263-315 FOURTH SUNDAY OF LENT Morning Meditation:\u00a0 THE TENDER COMPASSION OF JESUS TOWARDS SINNERS \u00a0 \u00a0 \u00a0The Lord wrought the miracle of the multiplication of food recorded by St. John through compassion for the &hellip; <a class=\"continue_reading\" href=\"https:\/\/societyofthemostholyredeemer.org\/pt\/daily-meditations-fourth-week-of-lent\/\">Continuar lendo <span class=\"meta-nav\"><i class=\"fa fa-caret-right\" aria-hidden=\"true\"><\/i><\/span><\/a><\/p>","protected":false},"author":3,"featured_media":4884,"parent":0,"menu_order":73,"comment_status":"closed","ping_status":"closed","template":"","meta":{"_acf_changed":false,"footnotes":""},"class_list":["post-7236","page","type-page","status-publish","has-post-thumbnail","hentry"],"acf":[],"_links":{"self":[{"href":"https:\/\/societyofthemostholyredeemer.org\/pt\/wp-json\/wp\/v2\/pages\/7236","targetHints":{"allow":["GET"]}}],"collection":[{"href":"https:\/\/societyofthemostholyredeemer.org\/pt\/wp-json\/wp\/v2\/pages"}],"about":[{"href":"https:\/\/societyofthemostholyredeemer.org\/pt\/wp-json\/wp\/v2\/types\/page"}],"author":[{"embeddable":true,"href":"https:\/\/societyofthemostholyredeemer.org\/pt\/wp-json\/wp\/v2\/users\/3"}],"replies":[{"embeddable":true,"href":"https:\/\/societyofthemostholyredeemer.org\/pt\/wp-json\/wp\/v2\/comments?post=7236"}],"version-history":[{"count":80,"href":"https:\/\/societyofthemostholyredeemer.org\/pt\/wp-json\/wp\/v2\/pages\/7236\/revisions"}],"predecessor-version":[{"id":12477,"href":"https:\/\/societyofthemostholyredeemer.org\/pt\/wp-json\/wp\/v2\/pages\/7236\/revisions\/12477"}],"wp:featuredmedia":[{"embeddable":true,"href":"https:\/\/societyofthemostholyredeemer.org\/pt\/wp-json\/wp\/v2\/media\/4884"}],"wp:attachment":[{"href":"https:\/\/societyofthemostholyredeemer.org\/pt\/wp-json\/wp\/v2\/media?parent=7236"}],"curies":[{"name":"wp","href":"https:\/\/api.w.org\/{rel}","templated":true}]}}